{"id":9,"date":"2022-01-26T15:17:38","date_gmt":"2022-01-26T15:17:38","guid":{"rendered":"https:\/\/betriebsunterhalt.ch\/aargau-solothurn\/?page_id=9"},"modified":"2026-04-23T13:26:47","modified_gmt":"2026-04-23T11:26:47","slug":"organisation","status":"publish","type":"page","link":"https:\/\/betriebsunterhalt.ch\/aargau-solothurn\/organisation\/","title":{"rendered":"Organisation"},"content":{"rendered":"<h1>Infos f\u00fcr Mitglieder<\/h1>\n<div>\n<p>Als Mitglied der Sektion Aargau\/Solothurn haben Sie einen einzigen Ansprechpartner f\u00fcr alle Fragen: Unsere Gesch\u00e4ftsstelle in Brugg. Selbstverst\u00e4ndlich steht Ihnen auch der Vorstand bei Bedarf Red und Antwort. Die Kontakte finden Sie auf dieser Seite.<\/p>\n<\/div>\n<h2>Informationen f\u00fcr Berufsbildnerin \/ Berufsbildner<\/h2>\n<ul>\n<li>\n<h3>Lohnempfehlung EFZ<\/h3>\n<div>\n<div id=\"mail-message-body\" class=\"x-mail-message-body plaiTextEditor\">1. Lehrjahr: CHF 970.00 <br \/>2. Lehrjahr: CHF 1120.00 <br \/>3. Lehrjahr: CHF 1550.00 <\/p>\n<p>Verk\u00fcrzte\u00a0Lehre\u00a0EFZ\u00a0(Vorbildung\u00a0EFZ):<\/p><\/div>\n<div class=\"x-mail-message-body plaiTextEditor\">2. Lehrjahr: CHF 1550.00<\/div>\n<div class=\"x-mail-message-body plaiTextEditor\">3. Lehrjahr: CHF 1750.00<\/div>\n<div class=\"x-mail-message-body plaiTextEditor\">Verk\u00fcrzte\u00a0Lehre\u00a0EFZ\u00a0(Vorbildung\u00a0EBA):<\/div>\n<div class=\"x-mail-message-body plaiTextEditor\">2. Lehrjahr: CHF 1120.00<\/div>\n<div class=\"x-mail-message-body plaiTextEditor\">3. Lehrjahr: CHF 1550.00<\/div>\n<div class=\"x-mail-message-body plaiTextEditor\">EFZ\u00a0nach\u00a0EBA\u00a0in\u00a0drei\u00a0Jahren:<\/div>\n<div class=\"x-mail-message-body plaiTextEditor\">1. Lehrjahr: CHF 1120.00<\/div>\n<div class=\"x-mail-message-body plaiTextEditor\">2. Lehrjahr: CHF 1550.00<\/div>\n<div class=\"x-mail-message-body plaiTextEditor\">3. Lehrjahr CHF 1750.00 <\/p>\n<p>ausgelernt: CHF 4400.00 Brutto x 13<\/p>\n<p>Es\u00a0k\u00f6nnen\u00a0Anpassungen\u00a0an\u00a0individuelle<\/p><\/div>\n<div class=\"x-mail-message-body plaiTextEditor\">Gegebenheiten\u00a0und Situationen\u00a0(selbst\u00e4ndiger\u00a0<\/div>\n<div class=\"x-mail-message-body plaiTextEditor\">Haushalt,\u00a0verheiratet,\u00a0langj\u00e4hrige\u00a0Berufspraxis,\u00a0etc.)\u00a0<\/div>\n<div class=\"x-mail-message-body plaiTextEditor\">vorgenommen\u00a0werden.<\/div>\n<\/div>\n<\/li>\n<li>\n<h3>Lohnempfehlung EBA<\/h3>\n<div>\n<div class=\"x-mail-message-body plaiTextEditor\">1. Lehrjahr: CHF 970.00 <br \/>2. Lehrjahr: CHF 1120.00 <\/p>\n<p>ausgelernt: CHF 4150.00 Brutto x 13<\/p>\n<p>Es\u00a0k\u00f6nnen\u00a0Anpassungen\u00a0an\u00a0individuelle<\/p><\/div>\n<div class=\"x-mail-message-body plaiTextEditor\">Gegebenheiten\u00a0und\u00a0Situationen\u00a0(selbst\u00e4ndiger\u00a0<\/div>\n<div class=\"x-mail-message-body plaiTextEditor\">Haushalt,\u00a0verheiratet,\u00a0langj\u00e4hrige\u00a0Berufspraxis,\u00a0etc.)\u00a0<\/div>\n<div class=\"x-mail-message-body plaiTextEditor\">vorgenommen\u00a0werden.<\/div>\n<\/div>\n<\/li>\n<\/ul>\n<h2>Vorstand SFB Aargau\/Solothurn<\/h2>\n<ul>\n<li>\n<h3>Viktor Ott<\/h3>\n<p>T +41 56 418 86 39<\/p>\n<div>\n<p class=\"sppb-feature-box-title\">Pr\u00e4sident<\/p>\n<\/div>\n<p><a href=\"mailto:viktor.ott@spreitenbach.ch\">E-Mail<\/a><\/p>\n<\/li>\n<li>\n<h3>Fabian Schwitter<\/h3>\n<p>T +41 79 335 30 13<\/p>\n<div>\n<p>Vizepr\u00e4sident<\/p>\n<\/p>\n<div class=\"sppb-addon-text\">\n<\/div>\n<\/div>\n<p><a href=\"mailto:fabian.schwitter@bluemail.ch\">E-Mail<\/a><\/p>\n<\/li>\n<li>\n<h3>Benjamin Anliker<\/h3>\n<p>T +41 58 565 62 23<\/p>\n<div>\n<p>Vorstand<\/p>\n<p>Ansprechperson Konvink<\/p>\n<\/div>\n<p><a href=\"mailto:benjamin.anliker@mvn.ch\">E-Mail<\/a><\/p>\n<\/li>\n<li>\n<h3>Remo J\u00e4ggi<\/h3>\n<p>T +41 32 671 67 30<\/p>\n<div>\n<p style=\"text-align: center;\">Vorstand<\/p>\n<\/div>\n<p><a href=\"mailto:remo.jaeggi@quickline.ch\">E-Mail<\/a><\/p>\n<\/li>\n<li>\n<h3>Georg Schmid<\/h3>\n<p>T +41 62 865 28 68<\/p>\n<div>\n<p style=\"text-align: center;\">Vorstand<\/p>\n<\/div>\n<p><a href=\"mailto:Georg.Schmid@frick.ch\">E-Mail<\/a><\/p>\n<\/li>\n<li>\n<h3>Samuel V\u00f6geli<\/h3>\n<p>T +41 56 552 92 27<\/p>\n<div>\n<p style=\"text-align: center;\">Vorstand<\/p>\n<\/div>\n<p><a href=\"mailto:samuel.voegeli@spreitenbach.ch\">E-Mail<\/a><\/p>\n<\/li>\n<li>\n<h3>Stefan Ulmann<\/h3>\n<p>T +41 32 654 27 27<\/p>\n<div>\n<p>BBZ Solothurn-Grenchen<\/p>\n<\/div>\n<p><a href=\"mailto:Stefan.Ulmann@bbzsogr.ch\">E-Mail<\/a><\/p>\n<\/li>\n<li>\n<h3>Kurt Hintermann<\/h3>\n<p>T +41 62 835 22 06<\/p>\n<div>\n<p class=\"sppb-feature-box-title\"><span style=\"font-size: 16px;\">Berufsinspektor<\/span><\/p>\n<\/div>\n<p><a href=\"mailto:kurt.hintermann@ag.ch\">E-Mail<\/a><\/p>\n<\/li>\n<li>\n<h3>Ramona Kaufmann<\/h3>\n<p>M +41 79 732 59 06<\/p>\n<div>\n<p>Sekretariat<\/p>\n<\/div>\n<p><a href=\"mailto:ag-so@betriebsunterhalt.ch\">E-Mail<\/a><\/p>\n<\/li>\n<\/ul>\n<h2>Download<\/h2>\n<ul>\n<li>\n<p><a href=\"\/aargau-solothurn\/wp-content\/uploads\/sites\/6\/2024\/03\/Anmeldeformular-Mitgliedschaft.pdf\"><\/p>\n<p>Anmeldeformular Mitgliedschaft<\/p>\n<p><\/a><\/p>\n<\/li>\n<li>\n<p><a href=\"\/aargau-solothurn\/wp-content\/uploads\/sites\/6\/2025\/04\/Mitgliederbeitraege-2025-SFB-Sektion-Aargau-Solothurn.pdf\"><\/p>\n<p>Mitgliederbeitr\u00e4ge SFB Sektion AG\/SO<\/p>\n<p><\/a><\/p>\n<\/li>\n<li>\n<p><a href=\"https:\/\/betriebsunterhalt.ch\/aargau-solothurn\/wp-content\/uploads\/sites\/6\/2022\/02\/Statuten_SFB_AG-SO.pdf\">Statuten SFB Aargau\/Solothurn<\/a><\/p>\n<\/li>\n<li>\n<p><a href=\"\/aargau-solothurn\/wp-content\/uploads\/sites\/6\/2025\/04\/Protokoll-GV-2025.pdf\"><\/p>\n<p>Protokoll GV 2025<\/p>\n<p><\/a><\/p>\n<\/li>\n<li>\n<p><a href=\"\/aargau-solothurn\/wp-content\/uploads\/sites\/6\/2026\/04\/Protokoll_27.-GV_SFB-AG-SO_19.03.2026-1.pdf\"><\/p>\n<p>Protokoll GV 2026<\/p>\n<p><\/a><\/p>\n<\/li>\n<\/ul>\n<p><!--more--><br \/>\n<!-- {\"name\":\"Organisation\",\"type\":\"layout\",\"children\":[{\"name\":\"Header\",\"type\":\"section\",\"props\":{\"height\":\"page\",\"image\":\"wp-content\/uploads\/sites\/6\/2022\/02\/headerbilder_unterseiten_zentralschweiz_0007__RWE0613.jpg\",\"image_position\":\"center-center\",\"image_size\":\"cover\",\"image_width\":\"2560\",\"padding_bottom\":\"large\",\"padding_top\":\"large\",\"style\":\"default\",\"text_color\":\"light\",\"title_breakpoint\":\"xl\",\"title_position\":\"top-left\",\"title_rotation\":\"left\",\"vertical_align\":\"\",\"width\":\"\"},\"children\":[{\"type\":\"row\",\"children\":[{\"type\":\"column\",\"props\":{\"image_position\":\"center-center\",\"position_sticky_breakpoint\":\"m\",\"width_medium\":\"1-1\"}}]}]},{\"type\":\"section\",\"props\":{\"image_position\":\"center-center\",\"style\":\"default\",\"title_breakpoint\":\"xl\",\"title_position\":\"top-left\",\"title_rotation\":\"left\",\"vertical_align\":\"\",\"width\":\"default\"},\"children\":[{\"type\":\"row\",\"children\":[{\"type\":\"column\",\"props\":{\"image_position\":\"center-center\",\"position_sticky_breakpoint\":\"m\"},\"children\":[{\"type\":\"headline\",\"props\":{\"content\":\"Infos f\u00fcr Mitglieder\",\"image_align\":\"left\",\"image_margin\":\"xsmall\",\"text_align\":\"center\",\"title_decoration\":\"bullet\",\"title_element\":\"h1\"}},{\"type\":\"text\",\"props\":{\"column_breakpoint\":\"m\",\"content\":\"\n\n<p>Als Mitglied der Sektion Aargau\/Solothurn haben Sie einen einzigen Ansprechpartner f\u00fcr alle Fragen: Unsere Gesch\u00e4ftsstelle in Brugg. Selbstverst\u00e4ndlich steht Ihnen auch der Vorstand bei Bedarf Red und Antwort. Die Kontakte finden Sie auf dieser Seite.<\/p>\n\n\",\"margin_bottom\":\"medium\",\"margin_top\":\"medium\",\"text_align\":\"center\",\"text_style\":\"lead\"}}]}]}],\"name\":\"Infos f\u00fcr Mitglieder\"},{\"type\":\"section\",\"props\":{\"image_position\":\"center-center\",\"style\":\"default\",\"title_breakpoint\":\"xl\",\"title_position\":\"top-left\",\"title_rotation\":\"left\",\"vertical_align\":\"\",\"width\":\"default\"},\"children\":[{\"type\":\"row\",\"props\":{\"width\":\"small\"},\"children\":[{\"type\":\"column\",\"props\":{\"image_position\":\"center-center\",\"position_sticky_breakpoint\":\"m\"},\"children\":[{\"type\":\"headline\",\"props\":{\"content\":\"Informationen f\u00fcr Berufsbildnerin \/ Berufsbildner\",\"image_align\":\"left\",\"image_margin\":\"xsmall\",\"text_align\":\"center\",\"title_decoration\":\"bullet\",\"title_element\":\"h2\"}},{\"type\":\"accordion\",\"props\":{\"collapsible\":true,\"content_column_breakpoint\":\"m\",\"css\":\".uk-accordion-title {\\n    padding: 10px;\\n}\\n\\n.el-item {\\n    background:#e5e5e5;\\n    padding-top: 0px;\\n    border-left: 3px solid #6E6E6E;\\n}\\n\\n.uk-open {\\n\\tborder-left: none;\\n}\\n\\n.uk-open .uk-accordion-title {\\n    padding-left:26px;\\n    background:#ed7a2e;\\n}\\n\\n.el-title {\\n    color: #6E6E6E;\\n}\\n\\n.uk-open .el-title {\\n    color: white;\\n}\\n\\n.uk-accordion-content {\\n    background: #e5e5e5;\\n    padding: 26px;\\n    padding-top:0px\\n}\\n\",\"image_align\":\"top\",\"image_grid_breakpoint\":\"m\",\"image_grid_width\":\"1-2\",\"image_svg_color\":\"emphasis\",\"link_style\":\"secondary\",\"link_target\":true,\"link_text\":\"Stelleninserat\",\"show_image\":true,\"show_link\":true},\"children\":[{\"type\":\"accordion_item\",\"props\":{\"content\":\"\n\n<div id=\\\"mail-message-body\\\" class=\\\"x-mail-message-body plaiTextEditor\\\">1. Lehrjahr: CHF 970.00 <br \/>2. Lehrjahr: CHF 1120.00 <br \/>3. Lehrjahr: CHF 1550.00 \n\nVerk\u00fcrzte\u00a0Lehre\u00a0EFZ\u00a0(Vorbildung\u00a0EFZ):<\/div>\n\n\\n\n\n<div class=\\\"x-mail-message-body plaiTextEditor\\\">2. Lehrjahr: CHF 1550.00<\/div>\n\n\\n\n\n<div class=\\\"x-mail-message-body plaiTextEditor\\\">3. Lehrjahr: CHF 1750.00<\/div>\n\n\\n\n\n<div class=\\\"x-mail-message-body plaiTextEditor\\\">Verk\u00fcrzte\u00a0Lehre\u00a0EFZ\u00a0(Vorbildung\u00a0EBA):<\/div>\n\n\\n\n\n<div class=\\\"x-mail-message-body plaiTextEditor\\\">2. Lehrjahr: CHF 1120.00<\/div>\n\n\\n\n\n<div class=\\\"x-mail-message-body plaiTextEditor\\\">3. Lehrjahr: CHF 1550.00<\/div>\n\n\\n\n\n<div class=\\\"x-mail-message-body plaiTextEditor\\\">EFZ\u00a0nach\u00a0EBA\u00a0in\u00a0drei\u00a0Jahren:<\/div>\n\n\\n\n\n<div class=\\\"x-mail-message-body plaiTextEditor\\\">1. Lehrjahr: CHF 1120.00<\/div>\n\n\\n\n\n<div class=\\\"x-mail-message-body plaiTextEditor\\\">2. Lehrjahr: CHF 1550.00<\/div>\n\n\\n\n\n<div class=\\\"x-mail-message-body plaiTextEditor\\\">3. Lehrjahr CHF 1750.00 \n\nausgelernt: CHF 4400.00 Brutto x 13\n\nEs\u00a0k\u00f6nnen\u00a0Anpassungen\u00a0an\u00a0individuelle<\/div>\n\n\\n\n\n<div class=\\\"x-mail-message-body plaiTextEditor\\\">Gegebenheiten\u00a0und Situationen\u00a0(selbst\u00e4ndiger\u00a0<\/div>\n\n\\n\n\n<div class=\\\"x-mail-message-body plaiTextEditor\\\">Haushalt,\u00a0verheiratet,\u00a0langj\u00e4hrige\u00a0Berufspraxis,\u00a0etc.)\u00a0<\/div>\n\n\\n\n\n<div class=\\\"x-mail-message-body plaiTextEditor\\\">vorgenommen\u00a0werden.<\/div>\n\n\",\"title\":\"Lohnempfehlung EFZ\"}},{\"type\":\"accordion_item\",\"props\":{\"content\":\"\n\n<div class=\\\"x-mail-message-body plaiTextEditor\\\">1. Lehrjahr: CHF 970.00 <br \/>2. Lehrjahr: CHF 1120.00 \n\nausgelernt: CHF 4150.00 Brutto x 13\n\nEs\u00a0k\u00f6nnen\u00a0Anpassungen\u00a0an\u00a0individuelle<\/div>\n\n\\n\n\n<div class=\\\"x-mail-message-body plaiTextEditor\\\">Gegebenheiten\u00a0und\u00a0Situationen\u00a0(selbst\u00e4ndiger\u00a0<\/div>\n\n\\n\n\n<div class=\\\"x-mail-message-body plaiTextEditor\\\">Haushalt,\u00a0verheiratet,\u00a0langj\u00e4hrige\u00a0Berufspraxis,\u00a0etc.)\u00a0<\/div>\n\n\\n\n\n<div class=\\\"x-mail-message-body plaiTextEditor\\\">vorgenommen\u00a0werden.<\/div>\n\n\",\"title\":\"Lohnempfehlung EBA\"}}]}]}]}],\"name\":\"Informationen f\u00fcr Lehrmeister\/innen\"},{\"type\":\"section\",\"props\":{\"image_position\":\"center-center\",\"style\":\"default\",\"title_breakpoint\":\"xl\",\"title_position\":\"top-left\",\"title_rotation\":\"left\",\"vertical_align\":\"\",\"width\":\"default\"},\"children\":[{\"type\":\"row\",\"children\":[{\"type\":\"column\",\"props\":{\"image_position\":\"center-center\",\"position_sticky_breakpoint\":\"m\"},\"children\":[{\"type\":\"headline\",\"props\":{\"content\":\"Vorstand SFB Aargau\/Solothurn\",\"image_align\":\"left\",\"image_margin\":\"xsmall\",\"text_align\":\"center\",\"title_decoration\":\"bullet\",\"title_element\":\"h2\"}},{\"type\":\"grid\",\"props\":{\"content_column_breakpoint\":\"m\",\"content_margin\":\"remove\",\"content_style\":\"text-lead\",\"css\":\".el-item {border-top: 4px solid rgba(50, 145, 209, 1);}\\n.el-title {\\n    font-size: 20px;\\n    color: rgba(50, 145, 209, 1);}\",\"filter_align\":\"left\",\"filter_all\":true,\"filter_grid_breakpoint\":\"m\",\"filter_grid_width\":\"auto\",\"filter_position\":\"top\",\"filter_style\":\"tab\",\"grid_default\":\"1\",\"grid_medium\":\"4\",\"grid_small\":\"2\",\"image_align\":\"top\",\"image_grid_breakpoint\":\"m\",\"image_grid_width\":\"1-2\",\"image_svg_color\":\"emphasis\",\"image_width\":\"50\",\"item_animation\":true,\"lightbox_bg_close\":true,\"link_fullwidth\":false,\"link_style\":\"\",\"link_target\":true,\"link_text\":\"E-Mail\",\"margin_bottom\":\"large\",\"margin_top\":\"large\",\"meta_align\":\"below-content\",\"meta_element\":\"div\",\"meta_style\":\"\",\"panel_link\":false,\"panel_padding\":\"default\",\"panel_style\":\"card-primary\",\"parallax_easing\":\"1\",\"show_content\":true,\"show_hover_image\":true,\"show_hover_video\":true,\"show_image\":true,\"show_link\":true,\"show_meta\":true,\"show_title\":true,\"show_video\":true,\"text_align\":\"center\",\"title_align\":\"top\",\"title_element\":\"h3\",\"title_grid_breakpoint\":\"m\",\"title_grid_width\":\"1-2\",\"title_hover_style\":\"reset\",\"title_margin\":\"remove\"},\"children\":[{\"type\":\"grid_item\",\"props\":{\"content\":\"\n\n<p class=\\\"sppb-feature-box-title\\\">Pr\u00e4sident<\/p>\n\n\",\"link\":\"mailto:viktor.ott@spreitenbach.ch\",\"meta\":\"T +41 56 418 86 39\",\"title\":\"Viktor Ott\"}},{\"type\":\"grid_item\",\"props\":{\"content\":\"\n\n<p>Vizepr\u00e4sident<\/p>\n\n\\n\n\n\n\n\\n\n\n<div class=\\\"sppb-addon-text\\\">\\n\n\n\n\n\\n<\/div>\n\n\",\"link\":\"mailto:fabian.schwitter@bluemail.ch\",\"meta\":\"T +41 79 335 30 13\",\"title\":\"Fabian Schwitter\"}},{\"type\":\"grid_item\",\"props\":{\"content\":\"\n\n<p>Vorstand<\/p>\n\n\\n\n\n<p>Ansprechperson Konvink<\/p>\n\n\",\"link\":\"mailto:benjamin.anliker@mvn.ch\",\"meta\":\"T +41 58 565 62 23\",\"title\":\"Benjamin Anliker\"}},{\"type\":\"grid_item\",\"props\":{\"content\":\"\n\n<p style=\\\"text-align: center;\\\">Vorstand<\/p>\n\n\",\"link\":\"mailto:remo.jaeggi@quickline.ch\",\"meta\":\"T +41 32 671 67 30\",\"title\":\"Remo J\u00e4ggi\"}},{\"type\":\"grid_item\",\"props\":{\"content\":\"\n\n<p style=\\\"text-align: center;\\\">Vorstand<\/p>\n\n\",\"link\":\"mailto:Georg.Schmid@frick.ch\",\"meta\":\"T +41 62 865 28 68\",\"title\":\"Georg Schmid\"}},{\"type\":\"grid_item\",\"props\":{\"content\":\"\n\n<p style=\\\"text-align: center;\\\">Vorstand<\/p>\n\n\",\"link\":\"mailto:samuel.voegeli@spreitenbach.ch\",\"meta\":\"T +41 56 552 92 27\",\"title\":\"Samuel V\u00f6geli\"}},{\"type\":\"grid_item\",\"props\":{\"content\":\"\n\n<p>BBZ Solothurn-Grenchen<\/p>\n\n\",\"link\":\"mailto:Stefan.Ulmann@bbzsogr.ch\",\"meta\":\"T +41 32 654 27 27\",\"title\":\"Stefan Ulmann\"}},{\"type\":\"grid_item\",\"props\":{\"content\":\"\n\n<p class=\\\"sppb-feature-box-title\\\"><span style=\\\"font-size: 16px;\\\">Berufsinspektor<\/span><\/p>\n\n\",\"link\":\"mailto:kurt.hintermann@ag.ch\",\"meta\":\"T +41 62 835 22 06\",\"title\":\"Kurt Hintermann\"}},{\"type\":\"grid_item\",\"props\":{\"content\":\"\n\n<p>Sekretariat<\/p>\n\n\",\"link\":\"mailto:ag-so@betriebsunterhalt.ch\",\"meta\":\"M +41 79 732 59 06\",\"title\":\"Ramona Kaufmann\"}}]}]}]}],\"name\":\"Vorstand SFB Aargau\/Solothurn\"},{\"type\":\"section\",\"props\":{\"image_position\":\"center-center\",\"style\":\"default\",\"title_breakpoint\":\"xl\",\"title_position\":\"top-left\",\"title_rotation\":\"left\",\"vertical_align\":\"\",\"width\":\"default\"},\"children\":[{\"type\":\"row\",\"children\":[{\"type\":\"column\",\"props\":{\"image_position\":\"center-center\",\"position_sticky_breakpoint\":\"m\"},\"children\":[{\"type\":\"headline\",\"props\":{\"content\":\"Download\",\"image_align\":\"left\",\"image_margin\":\"xsmall\",\"text_align\":\"left\",\"title_element\":\"h2\",\"title_style\":\"h3\"}},{\"type\":\"list\",\"props\":{\"column_breakpoint\":\"m\",\"image_align\":\"left\",\"image_svg_color\":\"emphasis\",\"image_vertical_align\":true,\"list_element\":\"ul\",\"list_horizontal_separator\":\", \",\"list_marker\":\"disc\",\"list_type\":\"vertical\",\"show_image\":true,\"show_link\":true},\"children\":[{\"type\":\"list_item\",\"props\":{\"content\":\"\n\n<p>Anmeldeformular Mitgliedschaft<\/p>\n\n\",\"icon\":\"file-pdf\",\"link\":\"wp-content\/uploads\/sites\/6\/2024\/03\/Anmeldeformular-Mitgliedschaft.pdf\",\"link_target\":true}},{\"type\":\"list_item\",\"props\":{\"content\":\"\n\n<p>Mitgliederbeitr\u00e4ge SFB Sektion AG\/SO<\/p>\n\n\",\"icon\":\"file-pdf\",\"link\":\"wp-content\/uploads\/sites\/6\/2025\/04\/Mitgliederbeitraege-2025-SFB-Sektion-Aargau-Solothurn.pdf\",\"link_target\":true}},{\"type\":\"list_item\",\"props\":{\"content\":\"Statuten SFB Aargau\/Solothurn\",\"icon\":\"file-pdf\",\"link\":\"https:\/\/betriebsunterhalt.ch\/aargau-solothurn\/wp-content\/uploads\/sites\/6\/2022\/02\/Statuten_SFB_AG-SO.pdf\",\"link_target\":true}},{\"type\":\"list_item\",\"props\":{\"content\":\"\n\n<p>Protokoll GV 2025<\/p>\n\n\",\"icon\":\"file-pdf\",\"link\":\"wp-content\/uploads\/sites\/6\/2025\/04\/Protokoll-GV-2025.pdf\",\"link_target\":true}},{\"type\":\"list_item\",\"props\":{\"content\":\"\n\n<p>Protokoll GV 2026<\/p>\n\n\",\"icon\":\"file-pdf\",\"link\":\"wp-content\/uploads\/sites\/6\/2026\/04\/Protokoll_27.-GV_SFB-AG-SO_19.03.2026-1.pdf\",\"link_target\":true}}]}]}]}],\"name\":\"Download\"}],\"version\":\"5.0.28\",\"yooessentialsVersion\":\"3.0.4\"} --><\/p>\n","protected":false},"excerpt":{"rendered":"<p>Infos f\u00fcr Mitglieder Als Mitglied der Sektion Aargau\/Solothurn haben Sie einen einzigen Ansprechpartner f\u00fcr alle Fragen: Unsere Gesch\u00e4ftsstelle in Brugg. Selbstverst\u00e4ndlich steht Ihnen auch der Vorstand bei Bedarf Red und Antwort. Die Kontakte finden Sie auf dieser Seite. Informationen f\u00fcr Berufsbildnerin \/ Berufsbildner Lohnempfehlung EFZ 1. Lehrjahr: CHF 970.00 2. Lehrjahr: CHF 1120.00 3. Lehrjahr: [&hellip;]<\/p>\n","protected":false},"author":2,"featured_media":0,"parent":0,"menu_order":0,"comment_status":"closed","ping_status":"closed","template":"","meta":{"_acf_changed":false,"footnotes":""},"class_list":["post-9","page","type-page","status-publish","hentry"],"acf":[],"_links":{"self":[{"href":"https:\/\/betriebsunterhalt.ch\/aargau-solothurn\/wp-json\/wp\/v2\/pages\/9","targetHints":{"allow":["GET"]}}],"collection":[{"href":"https:\/\/betriebsunterhalt.ch\/aargau-solothurn\/wp-json\/wp\/v2\/pages"}],"about":[{"href":"https:\/\/betriebsunterhalt.ch\/aargau-solothurn\/wp-json\/wp\/v2\/types\/page"}],"author":[{"embeddable":true,"href":"https:\/\/betriebsunterhalt.ch\/aargau-solothurn\/wp-json\/wp\/v2\/users\/2"}],"replies":[{"embeddable":true,"href":"https:\/\/betriebsunterhalt.ch\/aargau-solothurn\/wp-json\/wp\/v2\/comments?post=9"}],"version-history":[{"count":9,"href":"https:\/\/betriebsunterhalt.ch\/aargau-solothurn\/wp-json\/wp\/v2\/pages\/9\/revisions"}],"predecessor-version":[{"id":1077,"href":"https:\/\/betriebsunterhalt.ch\/aargau-solothurn\/wp-json\/wp\/v2\/pages\/9\/revisions\/1077"}],"wp:attachment":[{"href":"https:\/\/betriebsunterhalt.ch\/aargau-solothurn\/wp-json\/wp\/v2\/media?parent=9"}],"curies":[{"name":"wp","href":"https:\/\/api.w.org\/{rel}","templated":true}]}}