{"id":13,"date":"2021-11-30T13:24:04","date_gmt":"2021-11-30T13:24:04","guid":{"rendered":"https:\/\/betriebsunterhalt.ch\/bern\/?page_id=13"},"modified":"2026-04-27T16:29:53","modified_gmt":"2026-04-27T14:29:53","slug":"lehrstellen-jobs","status":"publish","type":"page","link":"https:\/\/betriebsunterhalt.ch\/bern\/lehrstellen-jobs\/","title":{"rendered":"Lehrstellen \/ Jobs"},"content":{"rendered":"<h1>Zusammen halten wir die Zukunft in Betrieb<\/h1>\n<div>\n<p>Die Verantwortlichen in unserer Sektion haben viele gute Kontakte innerhalb der Branche. Das hilft auch, wenn es um die Jobsuche geht. Wenn uns offene Arbeitspl\u00e4tze oder verf\u00fcgbare Lehrstellen im Kanton Bern gemeldet werden, pr\u00e4sentieren wir sie auf dieser Seite.<\/p>\n<p>Zudem verweisen wir auf interessante Seiten zum Thema Lehrstellen, von Partnern oder Sektionsmitgliedern.<\/p>\n<\/div>\n<p><p>\n        <a href=\"https:\/\/www.thun.ch\/jobkarriere\/53324\">zu Jobkarriere Stadt Thun<\/a>\n    <\/p>\n<\/p>\n<p><p>\n        <a href=\"https:\/\/www.berufsberatung.ch\/dyn\/show\/1900?id=3047\">zur Berufsberatung.ch<\/a>\n    <\/p>\n<\/p>\n<p><p>\n        <a href=\"https:\/\/www.sfb-jobs.ch\">zur SFB CH Jobb\u00f6rse<\/a>\n    <\/p>\n<\/p>\n<h2>Offene Lehrstellen<\/h2>\n<div>\n<p>Beim <a href=\"https:\/\/www.berufsberatung.ch\/dyn\/show\/2930\" target=\"_blank\" rel=\"noopener\">offiziellen Schweizer Lehrstellennachweis LENA<\/a> findest du weitere Lehrstellen von Betrieben innerhalb der Sektion Bern und der ganzen Schweiz.\u00a0<\/p>\n<\/div>\n<ul>\n<li>\n<h3>Einwohnergemeinde Pieterlen<\/h3>\n<div>\n<div class=\"page\" title=\"Page 1\">\n<div class=\"layoutArea\">\n<div class=\"column\">\n<div class=\"page\" title=\"Page 1\">\n<div class=\"layoutArea\">\n<div class=\"column\">\n<div class=\"page\" title=\"Page 1\">\n<div class=\"section\">\n<div class=\"layoutArea\">\n<div class=\"column\">\n<div class=\"page\" title=\"Page 1\">\n<div class=\"layoutArea\">\n<div class=\"column\">\n<div class=\"page\" title=\"Page 1\">\n<div class=\"layoutArea\">\n<div class=\"column\">\n<div class=\"page\" title=\"Page 1\">\n<div class=\"layoutArea\">\n<div class=\"column\">\n<div class=\"page\" title=\"Page 1\">\n<div class=\"layoutArea\">\n<div class=\"column\">\n<div class=\"page\" title=\"Page 1\">\n<div class=\"layoutArea\">\n<div class=\"column\">\n<div class=\"page\" title=\"Page 1\">\n<div class=\"section\">\n<div class=\"layoutArea\">\n<div class=\"column\">\n<div class=\"page\" title=\"Page 1\">\n<div class=\"layoutArea\">\n<div class=\"column\">\n<div class=\"page\" title=\"Page 1\">\n<div class=\"section\">\n<div class=\"layoutArea\">\n<div class=\"page\" title=\"Page 1\">\n<div class=\"section\">\n<div class=\"layoutArea\">\n<div class=\"column\">\n<div class=\"page\" title=\"Page 1\">\n<div class=\"layoutArea\">\n<div class=\"column\">\n<div class=\"page\" title=\"Page 1\">\n<div class=\"section\">\n<div class=\"layoutArea\">\n<div class=\"column\">\n<div class=\"page\" title=\"Page 1\">\n<div class=\"section\">\n<div class=\"layoutArea\">\n<div class=\"column\">Die Einwohnergemeinde Pieterlen liegt mit ihren rund 5\u2018300 Einwohnern am Juras\u00fcdfuss zwischen Biel und Grenchen. Die Abteilung Bau und Energie befasst sich mit allen Aufgaben rund um das Bauen und die Energieversorgung in Pieterlen.\u00a0<\/div>\n<div class=\"column\">Wir vergeben ab 1. August 2026 eine <\/p>\n<p><strong>Lehrstelle als Fachmann\/-frau Betriebsunterhalt (Hausdienst) EFZ<\/strong><\/div>\n<\/div>\n<\/div>\n<\/div>\n<\/div>\n<\/div>\n<\/div>\n<\/div>\n<\/div>\n<\/div>\n<\/div>\n<\/div>\n<\/div>\n<\/div>\n<\/div>\n<\/div>\n<\/div>\n<\/div>\n<\/div>\n<\/div>\n<\/div>\n<\/div>\n<\/div>\n<\/div>\n<\/div>\n<\/div>\n<\/div>\n<\/div>\n<\/div>\n<\/div>\n<\/div>\n<\/div>\n<\/div>\n<\/div>\n<\/div>\n<\/div>\n<\/div>\n<\/div>\n<\/div>\n<\/div>\n<\/div>\n<\/div>\n<\/div>\n<\/div>\n<\/div>\n<\/div>\n<\/div>\n<\/div>\n<\/div>\n<\/div>\n<p>Mehr erf\u00e4hrst du unter untenstehendem Link.<\/p>\n<\/div>\n<p><a href=\"\/bern\/wp-content\/uploads\/sites\/2\/2025\/11\/Inserat-Lehrstelle-Einwohnergemeinde-Pieterlen.pdf\">Stelleninserat<\/a><\/p>\n<\/li>\n<li>\n<h3>fribap &#8211; Gemeinde Schmitten<\/h3>\n<div>\n<div class=\"page\" title=\"Page 1\">\n<div class=\"layoutArea\">\n<div class=\"column\">\n<div class=\"page\" title=\"Page 1\">\n<div class=\"layoutArea\">\n<div class=\"column\">\n<div class=\"page\" title=\"Page 1\">\n<div class=\"section\">\n<div class=\"layoutArea\">\n<div class=\"column\">\n<div class=\"page\" title=\"Page 1\">\n<div class=\"layoutArea\">\n<div class=\"column\">\n<div class=\"page\" title=\"Page 1\">\n<div class=\"layoutArea\">\n<div class=\"column\">\n<div class=\"page\" title=\"Page 1\">\n<div class=\"layoutArea\">\n<div class=\"column\">\n<div class=\"page\" title=\"Page 1\">\n<div class=\"layoutArea\">\n<div class=\"column\">\n<div class=\"page\" title=\"Page 1\">\n<div class=\"layoutArea\">\n<div class=\"column\">\n<div class=\"page\" title=\"Page 1\">\n<div class=\"section\">\n<div class=\"layoutArea\">\n<div class=\"column\">\n<div class=\"page\" title=\"Page 1\">\n<div class=\"layoutArea\">\n<div class=\"column\">\n<div class=\"page\" title=\"Page 1\">\n<div class=\"section\">\n<div class=\"layoutArea\">\n<div class=\"page\" title=\"Page 1\">\n<div class=\"section\">\n<div class=\"layoutArea\">\n<div class=\"column\">\n<div class=\"page\" title=\"Page 1\">\n<div class=\"layoutArea\">\n<div class=\"column\">\n<div class=\"page\" title=\"Page 1\">\n<div class=\"section\">\n<div class=\"layoutArea\">\n<div class=\"column\">\n<div class=\"page\" title=\"Page 1\">\n<div class=\"section\">\n<div class=\"layoutArea\">\n<div>\n<p class=\"advertisementResponsibilitiesTitle\"><strong>Lehrstelle als Fachperson Betriebsunterhalt (Hausdienst) EFZ<\/strong><\/p>\n<div class=\"advertisementResponsibilitiesText\">\n<p>Fachleute Betriebsunterhalt warten, kontrollieren und reinigen Geb\u00e4ude und deren Umgebung. Sie \u00fcberwachen die Haustechnik, f\u00fchren Reparaturen aus, halten Maschinen instand, entsorgen Abf\u00e4lle und \u00fcbernehmen Verwaltungsaufgaben. Zudem pflegen und unterhalten sie Gr\u00fcnfl\u00e4chen und Sportanlagen und k\u00fcmmern sich um Verkehrswege und weitere Infrastruktur.<\/p>\n<\/div>\n<\/div>\n<\/div>\n<\/div>\n<\/div>\n<\/div>\n<\/div>\n<\/div>\n<\/div>\n<\/div>\n<\/div>\n<\/div>\n<\/div>\n<\/div>\n<\/div>\n<\/div>\n<\/div>\n<\/div>\n<\/div>\n<\/div>\n<\/div>\n<\/div>\n<\/div>\n<\/div>\n<\/div>\n<\/div>\n<\/div>\n<\/div>\n<\/div>\n<\/div>\n<\/div>\n<\/div>\n<\/div>\n<\/div>\n<\/div>\n<\/div>\n<\/div>\n<\/div>\n<\/div>\n<\/div>\n<\/div>\n<\/div>\n<\/div>\n<\/div>\n<\/div>\n<\/div>\n<\/div>\n<\/div>\n<\/div>\n<\/div>\n<\/div>\n<p>Mehr erf\u00e4hrst du unter untenstehendem Link.<\/p>\n<\/div>\n<p><a href=\"https:\/\/www.fribap.ch\/de\/freie-lehrstellen\">fribap &#8211; Gemeinde Schmitten<\/a><\/p>\n<\/li>\n<li>\n<h3>fribap &#8211; Gemeinde W\u00fcnnewil-Flamatt<\/h3>\n<div>\n<div class=\"page\" title=\"Page 1\">\n<div class=\"layoutArea\">\n<div class=\"column\">\n<div class=\"page\" title=\"Page 1\">\n<div class=\"layoutArea\">\n<div class=\"column\">\n<div class=\"page\" title=\"Page 1\">\n<div class=\"section\">\n<div class=\"layoutArea\">\n<div class=\"column\">\n<div class=\"page\" title=\"Page 1\">\n<div class=\"layoutArea\">\n<div class=\"column\">\n<div class=\"page\" title=\"Page 1\">\n<div class=\"layoutArea\">\n<div class=\"column\">\n<div class=\"page\" title=\"Page 1\">\n<div class=\"layoutArea\">\n<div class=\"column\">\n<div class=\"page\" title=\"Page 1\">\n<div class=\"layoutArea\">\n<div class=\"column\">\n<div class=\"page\" title=\"Page 1\">\n<div class=\"layoutArea\">\n<div class=\"column\">\n<div class=\"page\" title=\"Page 1\">\n<div class=\"section\">\n<div class=\"layoutArea\">\n<div class=\"column\">\n<div class=\"page\" title=\"Page 1\">\n<div class=\"layoutArea\">\n<div class=\"column\">\n<div class=\"page\" title=\"Page 1\">\n<div class=\"section\">\n<div class=\"layoutArea\">\n<div class=\"page\" title=\"Page 1\">\n<div class=\"section\">\n<div class=\"layoutArea\">\n<div class=\"column\">\n<div class=\"page\" title=\"Page 1\">\n<div class=\"layoutArea\">\n<div class=\"column\">\n<div class=\"page\" title=\"Page 1\">\n<div class=\"section\">\n<div class=\"layoutArea\">\n<div class=\"column\">\n<div class=\"page\" title=\"Page 1\">\n<div class=\"section\">\n<div class=\"layoutArea\">\n<p class=\"advertisementResponsibilitiesTitle\"><strong>Lehrstelle als Fachperson Betriebsunterhalt (Werkdienst) EFZ<\/strong><\/p>\n<div class=\"advertisementResponsibilitiesText\">\n<p><span>Fachleute Betriebsunterhalt warten, kontrollieren und reinigen Geb\u00e4ude und deren Umgebung. Sie \u00fcberwachen die Haustechnik, f\u00fchren Reparaturen aus, halten Maschinen instand, entsorgen Abf\u00e4lle und \u00fcbernehmen Verwaltungsaufgaben. Zudem pflegen und unterhalten sie Gr\u00fcnfl\u00e4chen und Sportanlagen und k\u00fcmmern sich um Verkehrswege und weitere Infrastruktur. Sie beheben zum Beispiel\u00a0Sch\u00e4den an Leiteinrichtungen oder Fahrbahnen, reparieren Belagssch\u00e4den an Strassen und Wegen, pflegen Gew\u00e4sser sowie Park- und Gr\u00fcnanlagen und r\u00e4umen im Winter Schnee, damit Wege und Zug\u00e4nge zu Geb\u00e4uden begehbar oder befahrbar sind.<\/span><\/p>\n<\/div>\n<\/div>\n<\/div>\n<\/div>\n<\/div>\n<\/div>\n<\/div>\n<\/div>\n<\/div>\n<\/div>\n<\/div>\n<\/div>\n<\/div>\n<\/div>\n<\/div>\n<\/div>\n<\/div>\n<\/div>\n<\/div>\n<\/div>\n<\/div>\n<\/div>\n<\/div>\n<\/div>\n<\/div>\n<\/div>\n<\/div>\n<\/div>\n<\/div>\n<\/div>\n<\/div>\n<\/div>\n<\/div>\n<\/div>\n<\/div>\n<\/div>\n<\/div>\n<\/div>\n<\/div>\n<\/div>\n<\/div>\n<\/div>\n<\/div>\n<\/div>\n<\/div>\n<\/div>\n<\/div>\n<\/div>\n<\/div>\n<\/div>\n<p>Mehr erf\u00e4hrst du unter untenstehendem Link.<\/p>\n<\/div>\n<p><a href=\"https:\/\/www.fribap.ch\/de\/freie-lehrstellen\">fribap &#8211; Gemeinde W\u00fcnnewil-Flamatt<\/a><\/p>\n<\/li>\n<li>\n<h3>Gemeinde K\u00f6niz<\/h3>\n<div>\n<div class=\"page\" title=\"Page 1\">\n<div class=\"layoutArea\">\n<div class=\"column\">\n<div class=\"page\" title=\"Page 1\">\n<div class=\"layoutArea\">\n<div class=\"column\">\n<div class=\"page\" title=\"Page 1\">\n<div class=\"section\">\n<div class=\"layoutArea\">\n<div class=\"column\">\n<div class=\"page\" title=\"Page 1\">\n<div class=\"layoutArea\">\n<div class=\"column\">\n<div class=\"page\" title=\"Page 1\">\n<div class=\"layoutArea\">\n<div class=\"column\">\n<div class=\"page\" title=\"Page 1\">\n<div class=\"layoutArea\">\n<div class=\"column\">\n<div class=\"page\" title=\"Page 1\">\n<div class=\"layoutArea\">\n<div class=\"column\">\n<div class=\"page\" title=\"Page 1\">\n<div class=\"layoutArea\">\n<div class=\"column\">\n<div class=\"page\" title=\"Page 1\">\n<div class=\"section\">\n<div class=\"layoutArea\">\n<div class=\"column\">\n<div class=\"page\" title=\"Page 1\">\n<div class=\"layoutArea\">\n<div class=\"column\">\n<div class=\"page\" title=\"Page 1\">\n<div class=\"section\">\n<div class=\"layoutArea\">\n<div class=\"page\" title=\"Page 1\">\n<div class=\"section\">\n<div class=\"layoutArea\">\n<div class=\"column\">\n<div class=\"page\" title=\"Page 1\">\n<div class=\"layoutArea\">\n<div class=\"column\">\n<div class=\"page\" title=\"Page 1\">\n<div class=\"section\">\n<div class=\"layoutArea\">\n<div class=\"column\">\n<div class=\"page\" title=\"Page 1\">\n<div class=\"section\">\n<div class=\"layoutArea\">\n<div class=\"column\">\n<header class=\"flex-col header_container\">\n<div class=\"header_content\">\n<div class=\"company_profile_wrapper\">\n<p class=\"company__profile\">Du willst dich f\u00fcr das Wohl von 44 000 Menschen einsetzen? Du hast Lust, bei der viertgr\u00f6ssten Gemeinde des Kantons Bern sinnstiftende Aufgaben eigenverantwortlich wahrzunehmen? Dann bist du bei uns richtig. Willkommen bei der Gemeinde K\u00f6niz. Die Gemeinde K\u00f6niz zeichnet sich durch ihre Vielfalt aus und ist die Br\u00fccke zwischen Stadt und Land. Sie besch\u00e4ftigt \u00fcber 750 Mitarbeitende in 100 Berufen und bildet rund 25 Lernende in 7 verschiedenen Lehrberufen aus.<\/p>\n<p>Per 1. August 2026 suchen wir im Werkhof der Gemeinde K\u00f6niz motivierte Jugendliche f\u00fcr die<\/p>\n<\/div>\n<\/div>\n<\/header>\n<\/div>\n<div class=\"column\"><strong>Lehre als Fachmann\/-frau Betriebsunterhalt (Werkdienst) EFZ<\/strong><\/div>\n<\/div>\n<\/div>\n<\/div>\n<\/div>\n<\/div>\n<\/div>\n<\/div>\n<\/div>\n<\/div>\n<\/div>\n<\/div>\n<\/div>\n<\/div>\n<\/div>\n<\/div>\n<\/div>\n<\/div>\n<\/div>\n<\/div>\n<\/div>\n<\/div>\n<\/div>\n<\/div>\n<\/div>\n<\/div>\n<\/div>\n<\/div>\n<\/div>\n<\/div>\n<\/div>\n<\/div>\n<\/div>\n<\/div>\n<\/div>\n<\/div>\n<\/div>\n<\/div>\n<\/div>\n<\/div>\n<\/div>\n<\/div>\n<\/div>\n<\/div>\n<\/div>\n<\/div>\n<\/div>\n<\/div>\n<\/div>\n<\/div>\n<p>Mehr erf\u00e4hrst du unter untenstehendem Link.<\/p>\n<\/div>\n<p><a href=\"https:\/\/recruitingapp-2804.umantis.com\/Vacancies\/1123\/Description\/1\">Stelleninserat<\/a><\/p>\n<\/li>\n<li>\n<h3>Gemiende Utzenstorf<\/h3>\n<div>\n<div class=\"page\" title=\"Page 1\">\n<div class=\"layoutArea\">\n<div class=\"column\">\n<div class=\"page\" title=\"Page 1\">\n<div class=\"layoutArea\">\n<div class=\"column\">\n<div class=\"page\" title=\"Page 1\">\n<div class=\"section\">\n<div class=\"layoutArea\">\n<div class=\"column\">\n<div class=\"page\" title=\"Page 1\">\n<div class=\"layoutArea\">\n<div class=\"column\">\n<div class=\"page\" title=\"Page 1\">\n<div class=\"layoutArea\">\n<div class=\"column\">\n<div class=\"page\" title=\"Page 1\">\n<div class=\"layoutArea\">\n<div class=\"column\">\n<div class=\"page\" title=\"Page 1\">\n<div class=\"layoutArea\">\n<div class=\"column\">\n<div class=\"page\" title=\"Page 1\">\n<div class=\"layoutArea\">\n<div class=\"column\">\n<div class=\"page\" title=\"Page 1\">\n<div class=\"section\">\n<div class=\"layoutArea\">\n<div class=\"column\">\n<div class=\"page\" title=\"Page 1\">\n<div class=\"layoutArea\">\n<div class=\"column\">\n<div class=\"page\" title=\"Page 1\">\n<div class=\"section\">\n<div class=\"layoutArea\">\n<div class=\"page\" title=\"Page 1\">\n<div class=\"section\">\n<div class=\"layoutArea\">\n<div class=\"column\">\n<div class=\"page\" title=\"Page 1\">\n<div class=\"layoutArea\">\n<div class=\"column\">\n<div class=\"page\" title=\"Page 1\">\n<div class=\"section\">\n<div class=\"layoutArea\">\n<div class=\"column\">\n<div class=\"page\" title=\"Page 1\">\n<div class=\"section\">\n<div class=\"layoutArea\">\n<div class=\"column\">Du interessierst dich f\u00fcr Berufe wie Strassenbauer, G\u00e4rtner, Forstarbeiter, Elektriker, Mechaniker, Sanit\u00e4rinstallateur, Schreiner oder Lagerverwalter \u2013 kannst dich aber nicht auf einen bestimmten Bereich festlegen?<\/div>\n<div class=\"column\">Dann bist du bei uns genau richtig!<\/div>\n<div><\/div>\n<div class=\"column\">Lehrstelle Fachfrau\/Fachmann Betriebsunterhalt &#8211; Fachrichtung Hausdienst EFZ<\/div>\n<div><\/div>\n<div class=\"column\">Mehr erf\u00e4hrst du unter untenstehendem Link.<\/div>\n<\/div>\n<\/div>\n<\/div>\n<\/div>\n<\/div>\n<\/div>\n<\/div>\n<\/div>\n<\/div>\n<\/div>\n<\/div>\n<\/div>\n<\/div>\n<\/div>\n<\/div>\n<\/div>\n<\/div>\n<\/div>\n<\/div>\n<\/div>\n<\/div>\n<\/div>\n<\/div>\n<\/div>\n<\/div>\n<\/div>\n<\/div>\n<\/div>\n<\/div>\n<\/div>\n<\/div>\n<\/div>\n<\/div>\n<\/div>\n<\/div>\n<\/div>\n<\/div>\n<\/div>\n<\/div>\n<\/div>\n<\/div>\n<\/div>\n<\/div>\n<\/div>\n<\/div>\n<\/div>\n<\/div>\n<\/div>\n<\/div>\n<\/div>\n<p><a href=\"\/bern\/wp-content\/uploads\/sites\/2\/2025\/11\/Lehrstelle-Fachfrau_Fachmann-Betriebsunterhalt-Fachrichtung-Hausdienst-EFZ-in-Utzenstorf-_-Bernergemeinden.pdf\">Stelleninserat<\/a><\/p>\n<\/li>\n<li>\n<h3> INFORAMA Zolikofen<\/h3>\n<div>\n<div class=\"page\" title=\"Page 1\">\n<div class=\"layoutArea\">\n<div class=\"column\">\n<div class=\"page\" title=\"Page 1\">\n<div class=\"layoutArea\">\n<div class=\"column\">\n<div class=\"page\" title=\"Page 1\">\n<div class=\"section\">\n<div class=\"layoutArea\">\n<div class=\"column\">\n<div class=\"page\" title=\"Page 1\">\n<div class=\"layoutArea\">\n<div class=\"column\">\n<div class=\"page\" title=\"Page 1\">\n<div class=\"layoutArea\">\n<div class=\"column\">\n<div class=\"page\" title=\"Page 1\">\n<div class=\"layoutArea\">\n<div class=\"column\">\n<div class=\"page\" title=\"Page 1\">\n<div class=\"layoutArea\">\n<div class=\"column\">\n<div class=\"page\" title=\"Page 1\">\n<div class=\"layoutArea\">\n<div class=\"column\">\n<div class=\"page\" title=\"Page 1\">\n<div class=\"section\">\n<div class=\"layoutArea\">\n<div class=\"column\">\n<div class=\"page\" title=\"Page 1\">\n<div class=\"layoutArea\">\n<div class=\"column\">\n<div class=\"page\" title=\"Page 1\">\n<div class=\"section\">\n<div class=\"layoutArea\">\n<div class=\"page\" title=\"Page 1\">\n<div class=\"section\">\n<div class=\"layoutArea\">\n<div class=\"column\">\n<div class=\"page\" title=\"Page 1\">\n<div class=\"layoutArea\">\n<div class=\"column\">\n<div class=\"page\" title=\"Page 1\">\n<div class=\"section\">\n<div class=\"layoutArea\">\n<div class=\"column\">\n<div class=\"page\" title=\"Page 1\">\n<div class=\"section\">\n<div class=\"layoutArea\">\n<div class=\"column\">\u00a0Du willst eine Ausbildung, die Abwechslung bietet\u2013 drinnen und draussen, mit Werkzeug in<br \/>der Hand und Technik zum T\u00fcfteln? Dann ist diese Lehrstelle genau dein Ding! Bei uns h\u00e4ltst<br \/>du alles in Schuss, sorgst f\u00fcr gepflegte Anlagen und packst \u00fcberall mit an.<\/div>\n<div class=\"column\">Wir bieten ab 1. August 2026 eine abwechslungsreiche und interessante\u00a0<\/div>\n<\/div>\n<\/div>\n<\/div>\n<\/div>\n<\/div>\n<\/div>\n<\/div>\n<\/div>\n<\/div>\n<\/div>\n<\/div>\n<\/div>\n<\/div>\n<\/div>\n<\/div>\n<\/div>\n<\/div>\n<\/div>\n<\/div>\n<\/div>\n<\/div>\n<\/div>\n<\/div>\n<\/div>\n<\/div>\n<\/div>\n<\/div>\n<\/div>\n<\/div>\n<\/div>\n<\/div>\n<\/div>\n<\/div>\n<\/div>\n<\/div>\n<\/div>\n<\/div>\n<\/div>\n<\/div>\n<\/div>\n<\/div>\n<\/div>\n<\/div>\n<\/div>\n<\/div>\n<\/div>\n<\/div>\n<\/div>\n<\/div>\n<h4>Lehrstelle als Fachmann\/-frau Betriebsunterhalt EFZ\/EBA\u00a0<br \/><strong>(Schwerpunkt Hausdienst)<\/strong><\/h4>\n<\/p>\n<p>Mehr erf\u00e4hrst du unter untenstehendem Link.<\/p>\n<\/div>\n<p><a href=\"\/bern\/wp-content\/uploads\/sites\/2\/2025\/08\/Inserat_Betriebsunterhalt-EFZ_Schwerpunkt-Hausdienst.pdf\">Stelleninserat<\/a><\/p>\n<\/li>\n<li>\n<h3>Seelandheim AG, 3252 Worben<\/h3>\n<div>\n<div class=\"page\" title=\"Page 1\">\n<div class=\"layoutArea\">\n<div class=\"column\">\n<div class=\"page\" title=\"Page 1\">\n<div class=\"layoutArea\">\n<div class=\"column\">\n<div class=\"page\" title=\"Page 1\">\n<div class=\"section\">\n<div class=\"layoutArea\">\n<div class=\"column\">\n<div class=\"page\" title=\"Page 1\">\n<div class=\"layoutArea\">\n<div class=\"column\">\n<div class=\"page\" title=\"Page 1\">\n<div class=\"layoutArea\">\n<div class=\"column\">\n<div class=\"page\" title=\"Page 1\">\n<div class=\"layoutArea\">\n<div class=\"column\">\n<div class=\"page\" title=\"Page 1\">\n<div class=\"layoutArea\">\n<div class=\"column\">\n<div class=\"page\" title=\"Page 1\">\n<div class=\"layoutArea\">\n<div class=\"column\">\n<div class=\"page\" title=\"Page 1\">\n<div class=\"section\">\n<div class=\"layoutArea\">\n<div class=\"column\">\n<div class=\"page\" title=\"Page 1\">\n<div class=\"layoutArea\">\n<div class=\"column\">\n<div class=\"page\" title=\"Page 1\">\n<div class=\"section\">\n<div class=\"layoutArea\">\n<div class=\"page\" title=\"Page 1\">\n<div class=\"section\">\n<div class=\"layoutArea\">\n<div class=\"column\">\n<div class=\"page\" title=\"Page 1\">\n<div class=\"layoutArea\">\n<div class=\"column\">\n<div class=\"page\" title=\"Page 1\">\n<div class=\"section\">\n<div class=\"layoutArea\">\n<div class=\"column\">\n<div class=\"page\" title=\"Page 1\">\n<div class=\"section\">\n<div class=\"layoutArea\">\n<div class=\"column\">Die Seeland AG ist ein erfolgreiches und modernes Unternehmen mit rund 420 Mitarbeitenden, das sich immer wieder neue Massst\u00e4be setzt. Wir bieten dir eine spannende und lehrreiche Ausbildung in unserem Betrieb. Unser Ziel ist es, dich zu einer verantwortungsbewussten und selbst\u00e4ndigen Fachkraft mit hoher Fachkompetenz auszubilden, damit du deinen Beruf mit viel Freude und Begeisterung aus\u00fcben kannst.<\/div>\n<\/div>\n<\/div>\n<\/div>\n<\/div>\n<\/div>\n<\/div>\n<\/div>\n<\/div>\n<\/div>\n<\/div>\n<\/div>\n<\/div>\n<\/div>\n<\/div>\n<\/div>\n<\/div>\n<\/div>\n<\/div>\n<\/div>\n<\/div>\n<\/div>\n<\/div>\n<\/div>\n<\/div>\n<\/div>\n<\/div>\n<\/div>\n<\/div>\n<\/div>\n<\/div>\n<\/div>\n<\/div>\n<\/div>\n<\/div>\n<\/div>\n<\/div>\n<\/div>\n<\/div>\n<\/div>\n<\/div>\n<\/div>\n<\/div>\n<\/div>\n<\/div>\n<\/div>\n<\/div>\n<\/div>\n<\/div>\n<\/div>\n<p>Wir bieten ab 1. August 2026 eine<\/p>\n<h4>Lehrstelle als Fachmann\/-frau Betriebsunterhalt EFZ\/EBA\u00a0<br \/><strong>(Schwerpunkt Hausdienst)<\/strong><\/h4>\n<p>Mehr erf\u00e4hrst du unter untenstehendem Link.<\/p>\n<\/div>\n<p><a href=\"\/bern\/wp-content\/uploads\/sites\/2\/2025\/05\/Lehrstelleninserat_Betriebsunterhalt.pdf\">Stelleninserat<\/a><\/p>\n<\/li>\n<\/ul>\n<h2>Jobs Sektion Bern<\/h2>\n<div>\n<p>Ob nach der Lehre oder mit Berufserfahrung: Auf Stellenportalen wie <a href=\"https:\/\/www.jobs.ch\/de\/\" target=\"_blank\" rel=\"noopener\">Jobs.ch<\/a> oder <a href=\"https:\/\/www.jobscout24.ch\/de\/\" target=\"_blank\" rel=\"noopener\">Jobscout24.ch<\/a> findest du offene Stellen.<\/p>\n<\/div>\n<ul>\n<li>\n<h3>AM Suisse Bildungszentrum, Aarberg<\/h3>\n<div>\n<p>AM Suisse ist der Dachverband f\u00fcr die Fachverb\u00e4nde Agrotec Suisse und Metaltec Suisse und vertritt an den Standorten Aarberg und Z\u00fcrich die Arbeitgeber- und Bildungsinteressen von \u00fcber 1900 Betrieben der Branchen Metallbau, Landtechnik und Hufschmiede.<\/p>\n<p>F\u00fcr unsere Infrastruktur in Aarberg suchen wir per 1. September 2026 oder nach Vereinbarung eine engagierte Pers\u00f6nlichkeit als<\/p>\n<h2>Hauswart 90\u2013100 %<\/h2>\n<p><span>Mehr erf\u00e4hrst du unter untenstehendem Link.<\/span><\/p>\n<\/div>\n<p><a href=\"\/bern\/wp-content\/uploads\/sites\/2\/2026\/02\/931140_AM_Suisse_Stelleninserat_Hauswart_2026_113x237_d_NP.pdf\">Stelleninserat<\/a><\/p>\n<\/li>\n<li>\n<h3>Gemeinde M\u00fcnsingen<\/h3>\n<div>\n<p>Lust auf was Neues? Die Gemeinde M\u00fcnsingen mit ihren rund 13\u2018000 Einwohnenden bietet mit vielf\u00e4ltigen kommunalen und regionalen Aufgaben die M\u00f6glichkeit dazu.<br \/>F\u00fcr das Schulzentrum Schlossmatt und den Gemeindesaal Schlossgut suchen wir eine\/n<\/p>\n<h2>Mitarbeiter\/in Hauswartschaft 100 %<\/h2>\n<p>Stellenantritt<br \/>01.08.2026 oder nach Vereinbarung<\/p>\n<p><span>Mehr erf\u00e4hrst du unter untenstehendem Link.<\/span><\/p>\n<\/div>\n<p><a href=\"\/bern\/wp-content\/uploads\/sites\/2\/2026\/02\/Stelleninserat-Mitarbeiterin-Hauswartschaft-100-.pdf\">Stelleninserat<\/a><\/p>\n<\/li>\n<li>\n<h3>Gemeinde Wichtrach<\/h3>\n<div>\n<p>Was du bei uns machst:<\/p>\n<ul>\n<li>Technik, Reparaturen, Ordnung \u2013 du h\u00e4ltst alles am Laufen<\/li>\n<li>Du sorgst f\u00fcr Sauberkeit \u2013 innen wie aussen<\/li>\n<li>Du bist pr\u00e4sent \u2013 f\u00fcr Lehrpersonen, Sch\u00fcler:innen und Vereine<\/li>\n<li>Rasen, Wege Anlagen &#8211; du h\u00e4ltst die Umgebung in Schuss<\/li>\n<li>Anl\u00e4sse? Du hilfst mit bei Auf- und Abbau <br \/>Gelegentliche Abend- oder Wochenendeins\u00e4tze? Kein Problem f\u00fcr dich<\/li>\n<\/ul>\n<p>Dann geh\u00f6rst du in unser Team! Wir suchen per sofort eine\/n<\/p>\n<h2><strong>Fachmann\/-frau Betriebsunterhalt Hausdienst (100 %)<\/strong><\/h2>\n<\/p>\n<p>Mehr erf\u00e4hrst du unter untenstehendem Link.<\/p>\n<\/div>\n<p><a href=\"\/bern\/wp-content\/uploads\/sites\/2\/2025\/05\/Stellenausschreibung-Fachmann-Betriebsunterhalt.pdf\">Stelleninserat<\/a><\/p>\n<\/li>\n<li>\n<h3>Gemeindeverwaltung Moosseedorf<\/h3>\n<div>\n<p>Im Norden der Stadt Bern hat sich die Gemeinde Moosseedorf in den letzten Jahren erfolgreich entwickelt. Bestehender und neuer Wohnraum bieten \u00fcber 4&#8217;100 Menschen ein Zuhause. Stadt und Land zugleich, still und laut, Jung und Alt, mit aufgeschlossenen Menschen, einer aktiven Gemeindepolitik und intakter Umwelt. Moosseedorf \u2013 einzigartig, vielf\u00e4ltig, lebenswert!<br \/>Infolge Stellenausbau im Werkhof suchen wir per 1. August 2026 eine\/n<\/p>\n<h2>Mitarbeiter\/in Werkhof 100 %<\/h2>\n<p><span>Mehr erf\u00e4hrst du unter untenstehendem Link.<\/span><\/p>\n<\/div>\n<p><a href=\"\/bern\/wp-content\/uploads\/sites\/2\/2026\/03\/Stelleninserat-Mitarbeiter-Werkhof-100.pdf\">Stelleninserat<\/a><\/p>\n<\/li>\n<li>\n<h3>SFB Sektion Bern<\/h3>\n<div>\n<div class=\"page\" title=\"Page 1\">\n<div class=\"layoutArea\">\n<div class=\"column\">\n<div class=\"page\" title=\"Page 1\">\n<div class=\"layoutArea\">\n<div class=\"column\">\n<div class=\"page\" title=\"Page 1\">\n<div class=\"section\">\n<div class=\"layoutArea\">\n<div class=\"column\">\n<div class=\"page\" title=\"Page 1\">\n<div class=\"layoutArea\">\n<div class=\"column\">\n<div class=\"page\" title=\"Page 1\">\n<div class=\"layoutArea\">\n<div class=\"column\">\n<div class=\"page\" title=\"Page 1\">\n<div class=\"layoutArea\">\n<div class=\"column\">\n<div class=\"page\" title=\"Page 1\">\n<div class=\"layoutArea\">\n<div class=\"column\">\n<div class=\"page\" title=\"Page 1\">\n<div class=\"layoutArea\">\n<div class=\"column\">\n<div class=\"page\" title=\"Page 1\">\n<div class=\"section\">\n<div class=\"layoutArea\">\n<div class=\"column\">\n<div class=\"page\" title=\"Page 1\">\n<div class=\"layoutArea\">\n<div class=\"column\">\n<div class=\"page\" title=\"Page 1\">\n<div class=\"section\">\n<div class=\"layoutArea\">\n<div class=\"page\" title=\"Page 1\">\n<div class=\"section\">\n<div class=\"layoutArea\">\n<div class=\"column\">\n<div class=\"page\" title=\"Page 1\">\n<div class=\"layoutArea\">\n<div class=\"column\">\n<div class=\"page\" title=\"Page 1\">\n<div class=\"section\">\n<div class=\"layoutArea\">\n<div class=\"column\">\n<div class=\"page\" title=\"Page 1\">\n<div class=\"section\">\n<div class=\"layoutArea\">\n<div class=\"column\">Der Schweizerischer Fachverband Betriebsunterhalt, Sektion Bern f\u00fchrt seit \u00fcber 20 Jahren<br \/>die \u00fcberbetrieblichen Kurse (\u00fcK) und die Qualifikationsverfahren (QV) f\u00fcr die Lernenden<br \/>Fachleute Betriebsunterhalt EFZ und seit 10 Jahren jene der Unterhaltspraktiker:Innen EBA<br \/>durch.<br \/>Damit wir in unserem eigenen Ausbildungszentrum in Aefligen weiterhin handwerklich begabte<br \/>Jugendliche mit technischem Verst\u00e4ndnis ausbilden k\u00f6nnen, suchen wir eine engagierte Pers\u00f6nlichkeit<br \/>als:<\/div>\n<\/div>\n<div><\/div>\n<div class=\"layoutArea\">\n<div class=\"column\"><strong>Leiter\/in Berufsbildung &amp; \u00dcK <\/strong><\/div>\n<div>mit einem Arbeitspensum von 80% &#8211; 100% in einem festen Anstellungsverh\u00e4ltnis<\/div>\n<\/div>\n<\/div>\n<\/div>\n<\/div>\n<\/div>\n<\/div>\n<\/div>\n<\/div>\n<\/div>\n<\/div>\n<\/div>\n<\/div>\n<\/div>\n<\/div>\n<\/div>\n<\/div>\n<\/div>\n<\/div>\n<\/div>\n<\/div>\n<\/div>\n<\/div>\n<\/div>\n<\/div>\n<\/div>\n<\/div>\n<\/div>\n<\/div>\n<\/div>\n<\/div>\n<\/div>\n<\/div>\n<\/div>\n<\/div>\n<\/div>\n<\/div>\n<\/div>\n<\/div>\n<\/div>\n<\/div>\n<\/div>\n<\/div>\n<\/div>\n<\/div>\n<\/div>\n<\/div>\n<\/div>\n<\/div>\n<\/div>\n<p>Mehr erf\u00e4hrst du unter untenstehendem Link.<\/p>\n<\/div>\n<p><a href=\"\/bern\/wp-content\/uploads\/sites\/2\/2026\/03\/Stellenausschreibung_2026_Leiter-Uek.pdf\">Stelleninserat<\/a><\/p>\n<\/li>\n<\/ul>\n<h2>F\u00fcr Betriebe: Stelleninserate<\/h2>\n<div>\n<p>Offene Stellen ver\u00f6ffentlichen wir gerne. Senden Sie uns den Stellenbeschrieb als PDF.<\/p>\n<\/div>\n<p><!--more--><br \/>\n<!-- {\"name\":\"Unterseite\",\"type\":\"layout\",\"children\":[{\"name\":\"Header\",\"type\":\"section\",\"props\":{\"height\":\"page\",\"image\":\"wp-content\/uploads\/sites\/2\/2022\/01\/header_unterseite_0029_170262_0478.jpeg\",\"image_position\":\"center-center\",\"image_size\":\"cover\",\"image_width\":\"2560\",\"padding_bottom\":\"large\",\"padding_top\":\"large\",\"style\":\"default\",\"text_color\":\"light\",\"title_breakpoint\":\"xl\",\"title_position\":\"top-left\",\"title_rotation\":\"left\",\"vertical_align\":\"\",\"width\":\"\"},\"children\":[{\"type\":\"row\",\"children\":[{\"type\":\"column\",\"props\":{\"image_position\":\"center-center\",\"position_sticky_breakpoint\":\"m\",\"width_medium\":\"1-1\"}}]}]},{\"type\":\"section\",\"props\":{\"image_position\":\"center-center\",\"style\":\"default\",\"title_breakpoint\":\"xl\",\"title_position\":\"top-left\",\"title_rotation\":\"left\",\"vertical_align\":\"\",\"width\":\"default\"},\"children\":[{\"type\":\"row\",\"children\":[{\"type\":\"column\",\"props\":{\"image_position\":\"center-center\",\"position_sticky_breakpoint\":\"m\"},\"children\":[{\"type\":\"headline\",\"props\":{\"content\":\"Zusammen halten wir die Zukunft in Betrieb\",\"image_align\":\"left\",\"image_margin\":\"xsmall\",\"text_align\":\"center\",\"title_decoration\":\"bullet\",\"title_element\":\"h1\"}},{\"type\":\"text\",\"props\":{\"column_breakpoint\":\"m\",\"content\":\"\n\n<p>Die Verantwortlichen in unserer Sektion haben viele gute Kontakte innerhalb der Branche. Das hilft auch, wenn es um die Jobsuche geht. Wenn uns offene Arbeitspl\u00e4tze oder verf\u00fcgbare Lehrstellen im Kanton Bern gemeldet werden, pr\u00e4sentieren wir sie auf dieser Seite.<\/p>\n\n\\n\n\n<p>Zudem verweisen wir auf interessante Seiten zum Thema Lehrstellen, von Partnern oder Sektionsmitgliedern.<\/p>\n\n\",\"margin_bottom\":\"medium\",\"margin_top\":\"medium\",\"text_align\":\"center\",\"text_style\":\"lead\"}}]}]},{\"type\":\"row\",\"children\":[{\"type\":\"column\",\"props\":{\"image_position\":\"center-center\",\"position_sticky_breakpoint\":\"m\"},\"children\":[{\"type\":\"button\",\"props\":{\"grid_column_gap\":\"small\",\"grid_row_gap\":\"small\",\"margin_bottom\":\"default\",\"margin_top\":\"default\",\"text_align\":\"center\"},\"children\":[{\"type\":\"button_item\",\"props\":{\"button_style\":\"secondary\",\"content\":\"zu Jobkarriere Stadt Thun\",\"dialog_layout\":\"modal\",\"dialog_offcanvas_flip\":true,\"icon\":\"sign-out\",\"icon_align\":\"right\",\"link\":\"https:\/\/www.thun.ch\/jobkarriere\/53324\",\"link_target\":true}}]},{\"type\":\"button\",\"props\":{\"grid_column_gap\":\"small\",\"grid_row_gap\":\"small\",\"margin_bottom\":\"default\",\"margin_top\":\"default\",\"text_align\":\"center\"},\"children\":[{\"type\":\"button_item\",\"props\":{\"button_style\":\"secondary\",\"content\":\"zur Berufsberatung.ch\",\"dialog_layout\":\"modal\",\"dialog_offcanvas_flip\":true,\"icon\":\"sign-out\",\"icon_align\":\"right\",\"link\":\"https:\/\/www.berufsberatung.ch\/dyn\/show\/1900?id=3047\",\"link_target\":true}}]},{\"type\":\"button\",\"props\":{\"grid_column_gap\":\"small\",\"grid_row_gap\":\"small\",\"margin_bottom\":\"default\",\"margin_top\":\"default\",\"text_align\":\"center\"},\"children\":[{\"type\":\"button_item\",\"props\":{\"button_style\":\"secondary\",\"content\":\"zur SFB CH Jobb\u00f6rse\",\"dialog_layout\":\"modal\",\"dialog_offcanvas_flip\":true,\"icon\":\"sign-out\",\"icon_align\":\"right\",\"link\":\"https:\/\/www.sfb-jobs.ch\",\"link_target\":true}}]}]}]}],\"name\":\"Arbeitspl\u00e4tze\"},{\"type\":\"section\",\"props\":{\"image_position\":\"center-center\",\"style\":\"default\",\"title_breakpoint\":\"xl\",\"title_position\":\"top-left\",\"title_rotation\":\"left\",\"vertical_align\":\"\",\"width\":\"default\"},\"children\":[{\"type\":\"row\",\"props\":{\"layout\":\"1-2,1-2\"},\"children\":[{\"type\":\"column\",\"props\":{\"image_position\":\"center-center\",\"position_sticky_breakpoint\":\"m\",\"width_medium\":\"1-2\"},\"children\":[{\"type\":\"headline\",\"props\":{\"content\":\"Offene Lehrstellen\",\"image_align\":\"left\",\"image_margin\":\"xsmall\",\"text_align\":\"center\",\"title_decoration\":\"bullet\",\"title_element\":\"h2\"}},{\"type\":\"text\",\"props\":{\"column_breakpoint\":\"m\",\"content\":\"\n\n<p>Beim <a href=\\\"https:\/\/www.berufsberatung.ch\/dyn\/show\/2930\\\" target=\\\"_blank\\\" rel=\\\"noopener\\\">offiziellen Schweizer Lehrstellennachweis LENA<\/a> findest du weitere Lehrstellen von Betrieben innerhalb der Sektion Bern und der ganzen Schweiz.\u00a0<\/p>\n\n\",\"margin_bottom\":\"default\",\"margin_top\":\"default\",\"text_align\":\"center\"}},{\"type\":\"accordion\",\"props\":{\"collapsible\":true,\"content_column_breakpoint\":\"m\",\"css\":\".uk-accordion-title {\\n    padding: 10px;\\n}\\n\\n.el-item {\\n    background:#e5e5e5;\\n    padding-top: 0px;\\n    border-left: 3px solid #6E6E6E;\\n}\\n\\n.uk-open {\\n\\tborder-left: none;\\n}\\n\\n.uk-open .uk-accordion-title {\\n    padding-left:26px;\\n    background:#ed7a2e;\\n}\\n\\n.el-title {\\n    color: #6E6E6E;\\n}\\n\\n.uk-open .el-title {\\n    color: white;\\n}\\n\\n.uk-accordion-content {\\n    background: #e5e5e5;\\n    padding: 26px;\\n    padding-top:0px\\n}\\n\",\"image_align\":\"top\",\"image_grid_breakpoint\":\"m\",\"image_grid_width\":\"1-2\",\"image_svg_color\":\"emphasis\",\"link_style\":\"secondary\",\"link_target\":true,\"link_text\":\"Stelleninserat\",\"show_image\":true,\"show_link\":true},\"children\":[{\"type\":\"accordion_item\",\"props\":{\"content\":\"\n\n<div class=\\\"page\\\" title=\\\"Page 1\\\">\\n\n\n<div class=\\\"layoutArea\\\">\\n\n\n<div class=\\\"column\\\">\\n\n\n<div class=\\\"page\\\" title=\\\"Page 1\\\">\\n\n\n<div class=\\\"layoutArea\\\">\\n\n\n<div class=\\\"column\\\">\\n\n\n<div class=\\\"page\\\" title=\\\"Page 1\\\">\\n\n\n<div class=\\\"section\\\">\\n\n\n<div class=\\\"layoutArea\\\">\\n\n\n<div class=\\\"column\\\">\\n\n\n<div class=\\\"page\\\" title=\\\"Page 1\\\">\\n\n\n<div class=\\\"layoutArea\\\">\\n\n\n<div class=\\\"column\\\">\\n\n\n<div class=\\\"page\\\" title=\\\"Page 1\\\">\\n\n\n<div class=\\\"layoutArea\\\">\\n\n\n<div class=\\\"column\\\">\\n\n\n<div class=\\\"page\\\" title=\\\"Page 1\\\">\\n\n\n<div class=\\\"layoutArea\\\">\\n\n\n<div class=\\\"column\\\">\\n\n\n<div class=\\\"page\\\" title=\\\"Page 1\\\">\\n\n\n<div class=\\\"layoutArea\\\">\\n\n\n<div class=\\\"column\\\">\\n\n\n<div class=\\\"page\\\" title=\\\"Page 1\\\">\\n\n\n<div class=\\\"layoutArea\\\">\\n\n\n<div class=\\\"column\\\">\\n\n\n<div class=\\\"page\\\" title=\\\"Page 1\\\">\\n\n\n<div class=\\\"section\\\">\\n\n\n<div class=\\\"layoutArea\\\">\\n\n\n<div class=\\\"column\\\">\\n\n\n<div class=\\\"page\\\" title=\\\"Page 1\\\">\\n\n\n<div class=\\\"layoutArea\\\">\\n\n\n<div class=\\\"column\\\">\\n\n\n<div class=\\\"page\\\" title=\\\"Page 1\\\">\\n\n\n<div class=\\\"section\\\">\\n\n\n<div class=\\\"layoutArea\\\">\\n\n\n<div class=\\\"page\\\" title=\\\"Page 1\\\">\\n\n\n<div class=\\\"section\\\">\\n\n\n<div class=\\\"layoutArea\\\">\\n\n\n<div class=\\\"column\\\">\\n\n\n<div class=\\\"page\\\" title=\\\"Page 1\\\">\\n\n\n<div class=\\\"layoutArea\\\">\\n\n\n<div class=\\\"column\\\">\\n\n\n<div class=\\\"page\\\" title=\\\"Page 1\\\">\\n\n\n<div class=\\\"section\\\">\\n\n\n<div class=\\\"layoutArea\\\">\\n\n\n<div class=\\\"column\\\">\\n\n\n<div class=\\\"page\\\" title=\\\"Page 1\\\">\\n\n\n<div class=\\\"section\\\">\\n\n\n<div class=\\\"layoutArea\\\">\\n\n\n<div class=\\\"column\\\">Die Einwohnergemeinde Pieterlen liegt mit ihren rund 5\u2018300 Einwohnern am Juras\u00fcdfuss zwischen Biel und Grenchen. Die Abteilung Bau und Energie befasst sich mit allen Aufgaben rund um das Bauen und die Energieversorgung in Pieterlen.\u00a0<\/div>\n\n\\n\n\n<div class=\\\"column\\\">Wir vergeben ab 1. August 2026 eine \n\n<strong>Lehrstelle als Fachmann\/-frau Betriebsunterhalt (Hausdienst) EFZ<\/strong><\/div>\n\n\\n<\/div>\n\n\\n<\/div>\n\n\\n<\/div>\n\n\\n<\/div>\n\n\\n<\/div>\n\n\\n<\/div>\n\n\\n<\/div>\n\n\\n<\/div>\n\n\\n<\/div>\n\n\\n<\/div>\n\n\\n<\/div>\n\n\\n<\/div>\n\n\\n<\/div>\n\n\\n<\/div>\n\n\\n<\/div>\n\n\\n<\/div>\n\n\\n<\/div>\n\n\\n<\/div>\n\n\\n<\/div>\n\n\\n<\/div>\n\n\\n<\/div>\n\n\\n<\/div>\n\n\\n<\/div>\n\n\\n<\/div>\n\n\\n<\/div>\n\n\\n<\/div>\n\n\\n<\/div>\n\n\\n<\/div>\n\n\\n<\/div>\n\n\\n<\/div>\n\n\\n<\/div>\n\n\\n<\/div>\n\n\\n<\/div>\n\n\\n<\/div>\n\n\\n<\/div>\n\n\\n<\/div>\n\n\\n<\/div>\n\n\\n<\/div>\n\n\\n<\/div>\n\n\\n<\/div>\n\n\\n<\/div>\n\n\\n<\/div>\n\n\\n<\/div>\n\n\\n<\/div>\n\n\\n<\/div>\n\n\\n<\/div>\n\n\\n<\/div>\n\n\\n<\/div>\n\n\\n<\/div>\n\n\\n\n\n<p>Mehr erf\u00e4hrst du unter untenstehendem Link.<\/p>\n\n\",\"image\":\"\",\"link\":\"wp-content\/uploads\/sites\/2\/2025\/11\/Inserat-Lehrstelle-Einwohnergemeinde-Pieterlen.pdf\",\"title\":\"Einwohnergemeinde Pieterlen\"}},{\"type\":\"accordion_item\",\"props\":{\"content\":\"\n\n<div class=\\\"page\\\" title=\\\"Page 1\\\">\\n\n\n<div class=\\\"layoutArea\\\">\\n\n\n<div class=\\\"column\\\">\\n\n\n<div class=\\\"page\\\" title=\\\"Page 1\\\">\\n\n\n<div class=\\\"layoutArea\\\">\\n\n\n<div class=\\\"column\\\">\\n\n\n<div class=\\\"page\\\" title=\\\"Page 1\\\">\\n\n\n<div class=\\\"section\\\">\\n\n\n<div class=\\\"layoutArea\\\">\\n\n\n<div class=\\\"column\\\">\\n\n\n<div class=\\\"page\\\" title=\\\"Page 1\\\">\\n\n\n<div class=\\\"layoutArea\\\">\\n\n\n<div class=\\\"column\\\">\\n\n\n<div class=\\\"page\\\" title=\\\"Page 1\\\">\\n\n\n<div class=\\\"layoutArea\\\">\\n\n\n<div class=\\\"column\\\">\\n\n\n<div class=\\\"page\\\" title=\\\"Page 1\\\">\\n\n\n<div class=\\\"layoutArea\\\">\\n\n\n<div class=\\\"column\\\">\\n\n\n<div class=\\\"page\\\" title=\\\"Page 1\\\">\\n\n\n<div class=\\\"layoutArea\\\">\\n\n\n<div class=\\\"column\\\">\\n\n\n<div class=\\\"page\\\" title=\\\"Page 1\\\">\\n\n\n<div class=\\\"layoutArea\\\">\\n\n\n<div class=\\\"column\\\">\\n\n\n<div class=\\\"page\\\" title=\\\"Page 1\\\">\\n\n\n<div class=\\\"section\\\">\\n\n\n<div class=\\\"layoutArea\\\">\\n\n\n<div class=\\\"column\\\">\\n\n\n<div class=\\\"page\\\" title=\\\"Page 1\\\">\\n\n\n<div class=\\\"layoutArea\\\">\\n\n\n<div class=\\\"column\\\">\\n\n\n<div class=\\\"page\\\" title=\\\"Page 1\\\">\\n\n\n<div class=\\\"section\\\">\\n\n\n<div class=\\\"layoutArea\\\">\\n\n\n<div class=\\\"page\\\" title=\\\"Page 1\\\">\\n\n\n<div class=\\\"section\\\">\\n\n\n<div class=\\\"layoutArea\\\">\\n\n\n<div class=\\\"column\\\">\\n\n\n<div class=\\\"page\\\" title=\\\"Page 1\\\">\\n\n\n<div class=\\\"layoutArea\\\">\\n\n\n<div class=\\\"column\\\">\\n\n\n<div class=\\\"page\\\" title=\\\"Page 1\\\">\\n\n\n<div class=\\\"section\\\">\\n\n\n<div class=\\\"layoutArea\\\">\\n\n\n<div class=\\\"column\\\">\\n\n\n<div class=\\\"page\\\" title=\\\"Page 1\\\">\\n\n\n<div class=\\\"section\\\">\\n\n\n<div class=\\\"layoutArea\\\">\\n\n\n<div>\\n\n\n<p class=\\\"advertisementResponsibilitiesTitle\\\"><strong>Lehrstelle als Fachperson Betriebsunterhalt (Hausdienst) EFZ<\/strong><\/p>\n\n\\n\n\n<div class=\\\"advertisementResponsibilitiesText\\\">\\n\n\n<p>Fachleute Betriebsunterhalt warten, kontrollieren und reinigen Geb\u00e4ude und deren Umgebung. Sie \u00fcberwachen die Haustechnik, f\u00fchren Reparaturen aus, halten Maschinen instand, entsorgen Abf\u00e4lle und \u00fcbernehmen Verwaltungsaufgaben. Zudem pflegen und unterhalten sie Gr\u00fcnfl\u00e4chen und Sportanlagen und k\u00fcmmern sich um Verkehrswege und weitere Infrastruktur.<\/p>\n\n\\n<\/div>\n\n\\n<\/div>\n\n\\n<\/div>\n\n\\n<\/div>\n\n\\n<\/div>\n\n\\n<\/div>\n\n\\n<\/div>\n\n\\n<\/div>\n\n\\n<\/div>\n\n\\n<\/div>\n\n\\n<\/div>\n\n\\n<\/div>\n\n\\n<\/div>\n\n\\n<\/div>\n\n\\n<\/div>\n\n\\n<\/div>\n\n\\n<\/div>\n\n\\n<\/div>\n\n\\n<\/div>\n\n\\n<\/div>\n\n\\n<\/div>\n\n\\n<\/div>\n\n\\n<\/div>\n\n\\n<\/div>\n\n\\n<\/div>\n\n\\n<\/div>\n\n\\n<\/div>\n\n\\n<\/div>\n\n\\n<\/div>\n\n\\n<\/div>\n\n\\n<\/div>\n\n\\n<\/div>\n\n\\n<\/div>\n\n\\n<\/div>\n\n\\n<\/div>\n\n\\n<\/div>\n\n\\n<\/div>\n\n\\n<\/div>\n\n\\n<\/div>\n\n\\n<\/div>\n\n\\n<\/div>\n\n\\n<\/div>\n\n\\n<\/div>\n\n\\n<\/div>\n\n\\n<\/div>\n\n\\n<\/div>\n\n\\n<\/div>\n\n\\n<\/div>\n\n\\n<\/div>\n\n\\n<\/div>\n\n\\n<\/div>\n\n\\n\n\n<p>Mehr erf\u00e4hrst du unter untenstehendem Link.<\/p>\n\n\",\"image\":\"\",\"link\":\"https:\/\/www.fribap.ch\/de\/freie-lehrstellen\",\"link_text\":\"fribap - Gemeinde Schmitten\",\"title\":\"fribap - Gemeinde Schmitten\"}},{\"type\":\"accordion_item\",\"props\":{\"content\":\"\n\n<div class=\\\"page\\\" title=\\\"Page 1\\\">\\n\n\n<div class=\\\"layoutArea\\\">\\n\n\n<div class=\\\"column\\\">\\n\n\n<div class=\\\"page\\\" title=\\\"Page 1\\\">\\n\n\n<div class=\\\"layoutArea\\\">\\n\n\n<div class=\\\"column\\\">\\n\n\n<div class=\\\"page\\\" title=\\\"Page 1\\\">\\n\n\n<div class=\\\"section\\\">\\n\n\n<div class=\\\"layoutArea\\\">\\n\n\n<div class=\\\"column\\\">\\n\n\n<div class=\\\"page\\\" title=\\\"Page 1\\\">\\n\n\n<div class=\\\"layoutArea\\\">\\n\n\n<div class=\\\"column\\\">\\n\n\n<div class=\\\"page\\\" title=\\\"Page 1\\\">\\n\n\n<div class=\\\"layoutArea\\\">\\n\n\n<div class=\\\"column\\\">\\n\n\n<div class=\\\"page\\\" title=\\\"Page 1\\\">\\n\n\n<div class=\\\"layoutArea\\\">\\n\n\n<div class=\\\"column\\\">\\n\n\n<div class=\\\"page\\\" title=\\\"Page 1\\\">\\n\n\n<div class=\\\"layoutArea\\\">\\n\n\n<div class=\\\"column\\\">\\n\n\n<div class=\\\"page\\\" title=\\\"Page 1\\\">\\n\n\n<div class=\\\"layoutArea\\\">\\n\n\n<div class=\\\"column\\\">\\n\n\n<div class=\\\"page\\\" title=\\\"Page 1\\\">\\n\n\n<div class=\\\"section\\\">\\n\n\n<div class=\\\"layoutArea\\\">\\n\n\n<div class=\\\"column\\\">\\n\n\n<div class=\\\"page\\\" title=\\\"Page 1\\\">\\n\n\n<div class=\\\"layoutArea\\\">\\n\n\n<div class=\\\"column\\\">\\n\n\n<div class=\\\"page\\\" title=\\\"Page 1\\\">\\n\n\n<div class=\\\"section\\\">\\n\n\n<div class=\\\"layoutArea\\\">\\n\n\n<div class=\\\"page\\\" title=\\\"Page 1\\\">\\n\n\n<div class=\\\"section\\\">\\n\n\n<div class=\\\"layoutArea\\\">\\n\n\n<div class=\\\"column\\\">\\n\n\n<div class=\\\"page\\\" title=\\\"Page 1\\\">\\n\n\n<div class=\\\"layoutArea\\\">\\n\n\n<div class=\\\"column\\\">\\n\n\n<div class=\\\"page\\\" title=\\\"Page 1\\\">\\n\n\n<div class=\\\"section\\\">\\n\n\n<div class=\\\"layoutArea\\\">\\n\n\n<div class=\\\"column\\\">\\n\n\n<div class=\\\"page\\\" title=\\\"Page 1\\\">\\n\n\n<div class=\\\"section\\\">\\n\n\n<div class=\\\"layoutArea\\\">\\n\n\n<p class=\\\"advertisementResponsibilitiesTitle\\\"><strong>Lehrstelle als Fachperson Betriebsunterhalt (Werkdienst) EFZ<\/strong><\/p>\n\n\\n\n\n<div class=\\\"advertisementResponsibilitiesText\\\">\\n\n\n<p><span>Fachleute Betriebsunterhalt warten, kontrollieren und reinigen Geb\u00e4ude und deren Umgebung. Sie \u00fcberwachen die Haustechnik, f\u00fchren Reparaturen aus, halten Maschinen instand, entsorgen Abf\u00e4lle und \u00fcbernehmen Verwaltungsaufgaben. Zudem pflegen und unterhalten sie Gr\u00fcnfl\u00e4chen und Sportanlagen und k\u00fcmmern sich um Verkehrswege und weitere Infrastruktur. Sie beheben zum Beispiel\u00a0Sch\u00e4den an Leiteinrichtungen oder Fahrbahnen, reparieren Belagssch\u00e4den an Strassen und Wegen, pflegen Gew\u00e4sser sowie Park- und Gr\u00fcnanlagen und r\u00e4umen im Winter Schnee, damit Wege und Zug\u00e4nge zu Geb\u00e4uden begehbar oder befahrbar sind.<\/span><\/p>\n\n\\n<\/div>\n\n\\n<\/div>\n\n\\n<\/div>\n\n\\n<\/div>\n\n\\n<\/div>\n\n\\n<\/div>\n\n\\n<\/div>\n\n\\n<\/div>\n\n\\n<\/div>\n\n\\n<\/div>\n\n\\n<\/div>\n\n\\n<\/div>\n\n\\n<\/div>\n\n\\n<\/div>\n\n\\n<\/div>\n\n\\n<\/div>\n\n\\n<\/div>\n\n\\n<\/div>\n\n\\n<\/div>\n\n\\n<\/div>\n\n\\n<\/div>\n\n\\n<\/div>\n\n\\n<\/div>\n\n\\n<\/div>\n\n\\n<\/div>\n\n\\n<\/div>\n\n\\n<\/div>\n\n\\n<\/div>\n\n\\n<\/div>\n\n\\n<\/div>\n\n\\n<\/div>\n\n\\n<\/div>\n\n\\n<\/div>\n\n\\n<\/div>\n\n\\n<\/div>\n\n\\n<\/div>\n\n\\n<\/div>\n\n\\n<\/div>\n\n\\n<\/div>\n\n\\n<\/div>\n\n\\n<\/div>\n\n\\n<\/div>\n\n\\n<\/div>\n\n\\n<\/div>\n\n\\n<\/div>\n\n\\n<\/div>\n\n\\n<\/div>\n\n\\n<\/div>\n\n\\n<\/div>\n\n\\n<\/div>\n\n\\n\n\n<p>Mehr erf\u00e4hrst du unter untenstehendem Link.<\/p>\n\n\",\"image\":\"\",\"link\":\"https:\/\/www.fribap.ch\/de\/freie-lehrstellen\",\"link_text\":\"fribap - Gemeinde W\u00fcnnewil-Flamatt\",\"title\":\"fribap - Gemeinde W\u00fcnnewil-Flamatt\"}},{\"type\":\"accordion_item\",\"props\":{\"content\":\"\n\n<div class=\\\"page\\\" title=\\\"Page 1\\\">\\n\n\n<div class=\\\"layoutArea\\\">\\n\n\n<div class=\\\"column\\\">\\n\n\n<div class=\\\"page\\\" title=\\\"Page 1\\\">\\n\n\n<div class=\\\"layoutArea\\\">\\n\n\n<div class=\\\"column\\\">\\n\n\n<div class=\\\"page\\\" title=\\\"Page 1\\\">\\n\n\n<div class=\\\"section\\\">\\n\n\n<div class=\\\"layoutArea\\\">\\n\n\n<div class=\\\"column\\\">\\n\n\n<div class=\\\"page\\\" title=\\\"Page 1\\\">\\n\n\n<div class=\\\"layoutArea\\\">\\n\n\n<div class=\\\"column\\\">\\n\n\n<div class=\\\"page\\\" title=\\\"Page 1\\\">\\n\n\n<div class=\\\"layoutArea\\\">\\n\n\n<div class=\\\"column\\\">\\n\n\n<div class=\\\"page\\\" title=\\\"Page 1\\\">\\n\n\n<div class=\\\"layoutArea\\\">\\n\n\n<div class=\\\"column\\\">\\n\n\n<div class=\\\"page\\\" title=\\\"Page 1\\\">\\n\n\n<div class=\\\"layoutArea\\\">\\n\n\n<div class=\\\"column\\\">\\n\n\n<div class=\\\"page\\\" title=\\\"Page 1\\\">\\n\n\n<div class=\\\"layoutArea\\\">\\n\n\n<div class=\\\"column\\\">\\n\n\n<div class=\\\"page\\\" title=\\\"Page 1\\\">\\n\n\n<div class=\\\"section\\\">\\n\n\n<div class=\\\"layoutArea\\\">\\n\n\n<div class=\\\"column\\\">\\n\n\n<div class=\\\"page\\\" title=\\\"Page 1\\\">\\n\n\n<div class=\\\"layoutArea\\\">\\n\n\n<div class=\\\"column\\\">\\n\n\n<div class=\\\"page\\\" title=\\\"Page 1\\\">\\n\n\n<div class=\\\"section\\\">\\n\n\n<div class=\\\"layoutArea\\\">\\n\n\n<div class=\\\"page\\\" title=\\\"Page 1\\\">\\n\n\n<div class=\\\"section\\\">\\n\n\n<div class=\\\"layoutArea\\\">\\n\n\n<div class=\\\"column\\\">\\n\n\n<div class=\\\"page\\\" title=\\\"Page 1\\\">\\n\n\n<div class=\\\"layoutArea\\\">\\n\n\n<div class=\\\"column\\\">\\n\n\n<div class=\\\"page\\\" title=\\\"Page 1\\\">\\n\n\n<div class=\\\"section\\\">\\n\n\n<div class=\\\"layoutArea\\\">\\n\n\n<div class=\\\"column\\\">\\n\n\n<div class=\\\"page\\\" title=\\\"Page 1\\\">\\n\n\n<div class=\\\"section\\\">\\n\n\n<div class=\\\"layoutArea\\\">\\n\n\n<div class=\\\"column\\\">\n\n<header class=\\\"flex-col header_container\\\">\\n\n\n<div class=\\\"header_content\\\">\\n\n\n<div class=\\\"company_profile_wrapper\\\">\\n\n\n<p class=\\\"company__profile\\\">Du willst dich f\u00fcr das Wohl von 44 000 Menschen einsetzen? Du hast Lust, bei der viertgr\u00f6ssten Gemeinde des Kantons Bern sinnstiftende Aufgaben eigenverantwortlich wahrzunehmen? Dann bist du bei uns richtig. Willkommen bei der Gemeinde K\u00f6niz. Die Gemeinde K\u00f6niz zeichnet sich durch ihre Vielfalt aus und ist die Br\u00fccke zwischen Stadt und Land. Sie besch\u00e4ftigt \u00fcber 750 Mitarbeitende in 100 Berufen und bildet rund 25 Lernende in 7 verschiedenen Lehrberufen aus.\n\nPer 1. August 2026 suchen wir im Werkhof der Gemeinde K\u00f6niz motivierte Jugendliche f\u00fcr die<\/p>\n\n\\n<\/div>\n\n\\n<\/div>\n\n\\n<\/header>\n\n<\/div>\n\n\\n\n\n<div class=\\\"column\\\"><strong>Lehre als Fachmann\/-frau Betriebsunterhalt (Werkdienst) EFZ<\/strong><\/div>\n\n\\n<\/div>\n\n\\n<\/div>\n\n\\n<\/div>\n\n\\n<\/div>\n\n\\n<\/div>\n\n\\n<\/div>\n\n\\n<\/div>\n\n\\n<\/div>\n\n\\n<\/div>\n\n\\n<\/div>\n\n\\n<\/div>\n\n\\n<\/div>\n\n\\n<\/div>\n\n\\n<\/div>\n\n\\n<\/div>\n\n\\n<\/div>\n\n\\n<\/div>\n\n\\n<\/div>\n\n\\n<\/div>\n\n\\n<\/div>\n\n\\n<\/div>\n\n\\n<\/div>\n\n\\n<\/div>\n\n\\n<\/div>\n\n\\n<\/div>\n\n\\n<\/div>\n\n\\n<\/div>\n\n\\n<\/div>\n\n\\n<\/div>\n\n\\n<\/div>\n\n\\n<\/div>\n\n\\n<\/div>\n\n\\n<\/div>\n\n\\n<\/div>\n\n\\n<\/div>\n\n\\n<\/div>\n\n\\n<\/div>\n\n\\n<\/div>\n\n\\n<\/div>\n\n\\n<\/div>\n\n\\n<\/div>\n\n\\n<\/div>\n\n\\n<\/div>\n\n\\n<\/div>\n\n\\n<\/div>\n\n\\n<\/div>\n\n\\n<\/div>\n\n\\n<\/div>\n\n\\n<\/div>\n\n\\n\n\n<p>Mehr erf\u00e4hrst du unter untenstehendem Link.<\/p>\n\n\",\"image\":\"\",\"link\":\"https:\/\/recruitingapp-2804.umantis.com\/Vacancies\/1123\/Description\/1\",\"title\":\"Gemeinde K\u00f6niz\"}},{\"type\":\"accordion_item\",\"props\":{\"content\":\"\n\n<div class=\\\"page\\\" title=\\\"Page 1\\\">\\n\n\n<div class=\\\"layoutArea\\\">\\n\n\n<div class=\\\"column\\\">\\n\n\n<div class=\\\"page\\\" title=\\\"Page 1\\\">\\n\n\n<div class=\\\"layoutArea\\\">\\n\n\n<div class=\\\"column\\\">\\n\n\n<div class=\\\"page\\\" title=\\\"Page 1\\\">\\n\n\n<div class=\\\"section\\\">\\n\n\n<div class=\\\"layoutArea\\\">\\n\n\n<div class=\\\"column\\\">\\n\n\n<div class=\\\"page\\\" title=\\\"Page 1\\\">\\n\n\n<div class=\\\"layoutArea\\\">\\n\n\n<div class=\\\"column\\\">\\n\n\n<div class=\\\"page\\\" title=\\\"Page 1\\\">\\n\n\n<div class=\\\"layoutArea\\\">\\n\n\n<div class=\\\"column\\\">\\n\n\n<div class=\\\"page\\\" title=\\\"Page 1\\\">\\n\n\n<div class=\\\"layoutArea\\\">\\n\n\n<div class=\\\"column\\\">\\n\n\n<div class=\\\"page\\\" title=\\\"Page 1\\\">\\n\n\n<div class=\\\"layoutArea\\\">\\n\n\n<div class=\\\"column\\\">\\n\n\n<div class=\\\"page\\\" title=\\\"Page 1\\\">\\n\n\n<div class=\\\"layoutArea\\\">\\n\n\n<div class=\\\"column\\\">\\n\n\n<div class=\\\"page\\\" title=\\\"Page 1\\\">\\n\n\n<div class=\\\"section\\\">\\n\n\n<div class=\\\"layoutArea\\\">\\n\n\n<div class=\\\"column\\\">\\n\n\n<div class=\\\"page\\\" title=\\\"Page 1\\\">\\n\n\n<div class=\\\"layoutArea\\\">\\n\n\n<div class=\\\"column\\\">\\n\n\n<div class=\\\"page\\\" title=\\\"Page 1\\\">\\n\n\n<div class=\\\"section\\\">\\n\n\n<div class=\\\"layoutArea\\\">\\n\n\n<div class=\\\"page\\\" title=\\\"Page 1\\\">\\n\n\n<div class=\\\"section\\\">\\n\n\n<div class=\\\"layoutArea\\\">\\n\n\n<div class=\\\"column\\\">\\n\n\n<div class=\\\"page\\\" title=\\\"Page 1\\\">\\n\n\n<div class=\\\"layoutArea\\\">\\n\n\n<div class=\\\"column\\\">\\n\n\n<div class=\\\"page\\\" title=\\\"Page 1\\\">\\n\n\n<div class=\\\"section\\\">\\n\n\n<div class=\\\"layoutArea\\\">\\n\n\n<div class=\\\"column\\\">\\n\n\n<div class=\\\"page\\\" title=\\\"Page 1\\\">\\n\n\n<div class=\\\"section\\\">\\n\n\n<div class=\\\"layoutArea\\\">\\n\n\n<div class=\\\"column\\\">Du interessierst dich f\u00fcr Berufe wie Strassenbauer, G\u00e4rtner, Forstarbeiter, Elektriker, Mechaniker, Sanit\u00e4rinstallateur, Schreiner oder Lagerverwalter \u2013 kannst dich aber nicht auf einen bestimmten Bereich festlegen?<\/div>\n\n\\n\n\n<div class=\\\"column\\\">Dann bist du bei uns genau richtig!<\/div>\n\n\\n\n\n<div><\/div>\n\n\\n\n\n<div class=\\\"column\\\">Lehrstelle Fachfrau\/Fachmann Betriebsunterhalt - Fachrichtung Hausdienst EFZ<\/div>\n\n\\n\n\n<div><\/div>\n\n\\n\n\n<div class=\\\"column\\\">Mehr erf\u00e4hrst du unter untenstehendem Link.<\/div>\n\n\\n<\/div>\n\n\\n<\/div>\n\n\\n<\/div>\n\n\\n<\/div>\n\n\\n<\/div>\n\n\\n<\/div>\n\n\\n<\/div>\n\n\\n<\/div>\n\n\\n<\/div>\n\n\\n<\/div>\n\n\\n<\/div>\n\n\\n<\/div>\n\n\\n<\/div>\n\n\\n<\/div>\n\n\\n<\/div>\n\n\\n<\/div>\n\n\\n<\/div>\n\n\\n<\/div>\n\n\\n<\/div>\n\n\\n<\/div>\n\n\\n<\/div>\n\n\\n<\/div>\n\n\\n<\/div>\n\n\\n<\/div>\n\n\\n<\/div>\n\n\\n<\/div>\n\n\\n<\/div>\n\n\\n<\/div>\n\n\\n<\/div>\n\n\\n<\/div>\n\n\\n<\/div>\n\n\\n<\/div>\n\n\\n<\/div>\n\n\\n<\/div>\n\n\\n<\/div>\n\n\\n<\/div>\n\n\\n<\/div>\n\n\\n<\/div>\n\n\\n<\/div>\n\n\\n<\/div>\n\n\\n<\/div>\n\n\\n<\/div>\n\n\\n<\/div>\n\n\\n<\/div>\n\n\\n<\/div>\n\n\\n<\/div>\n\n\\n<\/div>\n\n\\n<\/div>\n\n\\n<\/div>\n\n\",\"image\":\"\",\"link\":\"wp-content\/uploads\/sites\/2\/2025\/11\/Lehrstelle-Fachfrau_Fachmann-Betriebsunterhalt-Fachrichtung-Hausdienst-EFZ-in-Utzenstorf-_-Bernergemeinden.pdf\",\"title\":\"Gemiende Utzenstorf\"}},{\"type\":\"accordion_item\",\"props\":{\"content\":\"\n\n<div class=\\\"page\\\" title=\\\"Page 1\\\">\\n\n\n<div class=\\\"layoutArea\\\">\\n\n\n<div class=\\\"column\\\">\\n\n\n<div class=\\\"page\\\" title=\\\"Page 1\\\">\\n\n\n<div class=\\\"layoutArea\\\">\\n\n\n<div class=\\\"column\\\">\\n\n\n<div class=\\\"page\\\" title=\\\"Page 1\\\">\\n\n\n<div class=\\\"section\\\">\\n\n\n<div class=\\\"layoutArea\\\">\\n\n\n<div class=\\\"column\\\">\\n\n\n<div class=\\\"page\\\" title=\\\"Page 1\\\">\\n\n\n<div class=\\\"layoutArea\\\">\\n\n\n<div class=\\\"column\\\">\\n\n\n<div class=\\\"page\\\" title=\\\"Page 1\\\">\\n\n\n<div class=\\\"layoutArea\\\">\\n\n\n<div class=\\\"column\\\">\\n\n\n<div class=\\\"page\\\" title=\\\"Page 1\\\">\\n\n\n<div class=\\\"layoutArea\\\">\\n\n\n<div class=\\\"column\\\">\\n\n\n<div class=\\\"page\\\" title=\\\"Page 1\\\">\\n\n\n<div class=\\\"layoutArea\\\">\\n\n\n<div class=\\\"column\\\">\\n\n\n<div class=\\\"page\\\" title=\\\"Page 1\\\">\\n\n\n<div class=\\\"layoutArea\\\">\\n\n\n<div class=\\\"column\\\">\\n\n\n<div class=\\\"page\\\" title=\\\"Page 1\\\">\\n\n\n<div class=\\\"section\\\">\\n\n\n<div class=\\\"layoutArea\\\">\\n\n\n<div class=\\\"column\\\">\\n\n\n<div class=\\\"page\\\" title=\\\"Page 1\\\">\\n\n\n<div class=\\\"layoutArea\\\">\\n\n\n<div class=\\\"column\\\">\\n\n\n<div class=\\\"page\\\" title=\\\"Page 1\\\">\\n\n\n<div class=\\\"section\\\">\\n\n\n<div class=\\\"layoutArea\\\">\\n\n\n<div class=\\\"page\\\" title=\\\"Page 1\\\">\\n\n\n<div class=\\\"section\\\">\\n\n\n<div class=\\\"layoutArea\\\">\\n\n\n<div class=\\\"column\\\">\\n\n\n<div class=\\\"page\\\" title=\\\"Page 1\\\">\\n\n\n<div class=\\\"layoutArea\\\">\\n\n\n<div class=\\\"column\\\">\\n\n\n<div class=\\\"page\\\" title=\\\"Page 1\\\">\\n\n\n<div class=\\\"section\\\">\\n\n\n<div class=\\\"layoutArea\\\">\\n\n\n<div class=\\\"column\\\">\\n\n\n<div class=\\\"page\\\" title=\\\"Page 1\\\">\\n\n\n<div class=\\\"section\\\">\\n\n\n<div class=\\\"layoutArea\\\">\\n\n\n<div class=\\\"column\\\">\u00a0Du willst eine Ausbildung, die Abwechslung bietet\u2013 drinnen und draussen, mit Werkzeug in<br \/>der Hand und Technik zum T\u00fcfteln? Dann ist diese Lehrstelle genau dein Ding! Bei uns h\u00e4ltst<br \/>du alles in Schuss, sorgst f\u00fcr gepflegte Anlagen und packst \u00fcberall mit an.<\/div>\n\n\\n\n\n<div class=\\\"column\\\">Wir bieten ab 1. August 2026 eine abwechslungsreiche und interessante\u00a0<\/div>\n\n\\n<\/div>\n\n\\n<\/div>\n\n\\n<\/div>\n\n\\n<\/div>\n\n\\n<\/div>\n\n\\n<\/div>\n\n\\n<\/div>\n\n\\n<\/div>\n\n\\n<\/div>\n\n\\n<\/div>\n\n\\n<\/div>\n\n\\n<\/div>\n\n\\n<\/div>\n\n\\n<\/div>\n\n\\n<\/div>\n\n\\n<\/div>\n\n\\n<\/div>\n\n\\n<\/div>\n\n\\n<\/div>\n\n\\n<\/div>\n\n\\n<\/div>\n\n\\n<\/div>\n\n\\n<\/div>\n\n\\n<\/div>\n\n\\n<\/div>\n\n\\n<\/div>\n\n\\n<\/div>\n\n\\n<\/div>\n\n\\n<\/div>\n\n\\n<\/div>\n\n\\n<\/div>\n\n\\n<\/div>\n\n\\n<\/div>\n\n\\n<\/div>\n\n\\n<\/div>\n\n\\n<\/div>\n\n\\n<\/div>\n\n\\n<\/div>\n\n\\n<\/div>\n\n\\n<\/div>\n\n\\n<\/div>\n\n\\n<\/div>\n\n\\n<\/div>\n\n\\n<\/div>\n\n\\n<\/div>\n\n\\n<\/div>\n\n\\n<\/div>\n\n\\n<\/div>\n\n\\n<\/div>\n\n\\n\n\n<h4>Lehrstelle als Fachmann\/-frau Betriebsunterhalt EFZ\/EBA\u00a0<br \/><strong>(Schwerpunkt Hausdienst)<\/strong><\/h4>\n\n\\n\n\n\n\n\\n\n\n<p>Mehr erf\u00e4hrst du unter untenstehendem Link.<\/p>\n\n\",\"image\":\"\",\"link\":\"wp-content\/uploads\/sites\/2\/2025\/08\/Inserat_Betriebsunterhalt-EFZ_Schwerpunkt-Hausdienst.pdf\",\"title\":\" INFORAMA Zolikofen\"}},{\"type\":\"accordion_item\",\"props\":{\"content\":\"\n\n<div class=\\\"page\\\" title=\\\"Page 1\\\">\\n\n\n<div class=\\\"layoutArea\\\">\\n\n\n<div class=\\\"column\\\">\\n\n\n<div class=\\\"page\\\" title=\\\"Page 1\\\">\\n\n\n<div class=\\\"layoutArea\\\">\\n\n\n<div class=\\\"column\\\">\\n\n\n<div class=\\\"page\\\" title=\\\"Page 1\\\">\\n\n\n<div class=\\\"section\\\">\\n\n\n<div class=\\\"layoutArea\\\">\\n\n\n<div class=\\\"column\\\">\\n\n\n<div class=\\\"page\\\" title=\\\"Page 1\\\">\\n\n\n<div class=\\\"layoutArea\\\">\\n\n\n<div class=\\\"column\\\">\\n\n\n<div class=\\\"page\\\" title=\\\"Page 1\\\">\\n\n\n<div class=\\\"layoutArea\\\">\\n\n\n<div class=\\\"column\\\">\\n\n\n<div class=\\\"page\\\" title=\\\"Page 1\\\">\\n\n\n<div class=\\\"layoutArea\\\">\\n\n\n<div class=\\\"column\\\">\\n\n\n<div class=\\\"page\\\" title=\\\"Page 1\\\">\\n\n\n<div class=\\\"layoutArea\\\">\\n\n\n<div class=\\\"column\\\">\\n\n\n<div class=\\\"page\\\" title=\\\"Page 1\\\">\\n\n\n<div class=\\\"layoutArea\\\">\\n\n\n<div class=\\\"column\\\">\\n\n\n<div class=\\\"page\\\" title=\\\"Page 1\\\">\\n\n\n<div class=\\\"section\\\">\\n\n\n<div class=\\\"layoutArea\\\">\\n\n\n<div class=\\\"column\\\">\\n\n\n<div class=\\\"page\\\" title=\\\"Page 1\\\">\\n\n\n<div class=\\\"layoutArea\\\">\\n\n\n<div class=\\\"column\\\">\\n\n\n<div class=\\\"page\\\" title=\\\"Page 1\\\">\\n\n\n<div class=\\\"section\\\">\\n\n\n<div class=\\\"layoutArea\\\">\\n\n\n<div class=\\\"page\\\" title=\\\"Page 1\\\">\\n\n\n<div class=\\\"section\\\">\\n\n\n<div class=\\\"layoutArea\\\">\\n\n\n<div class=\\\"column\\\">\\n\n\n<div class=\\\"page\\\" title=\\\"Page 1\\\">\\n\n\n<div class=\\\"layoutArea\\\">\\n\n\n<div class=\\\"column\\\">\\n\n\n<div class=\\\"page\\\" title=\\\"Page 1\\\">\\n\n\n<div class=\\\"section\\\">\\n\n\n<div class=\\\"layoutArea\\\">\\n\n\n<div class=\\\"column\\\">\\n\n\n<div class=\\\"page\\\" title=\\\"Page 1\\\">\\n\n\n<div class=\\\"section\\\">\\n\n\n<div class=\\\"layoutArea\\\">\\n\n\n<div class=\\\"column\\\">Die Seeland AG ist ein erfolgreiches und modernes Unternehmen mit rund 420 Mitarbeitenden, das sich immer wieder neue Massst\u00e4be setzt. Wir bieten dir eine spannende und lehrreiche Ausbildung in unserem Betrieb. Unser Ziel ist es, dich zu einer verantwortungsbewussten und selbst\u00e4ndigen Fachkraft mit hoher Fachkompetenz auszubilden, damit du deinen Beruf mit viel Freude und Begeisterung aus\u00fcben kannst.<\/div>\n\n\\n<\/div>\n\n\\n<\/div>\n\n\\n<\/div>\n\n\\n<\/div>\n\n\\n<\/div>\n\n\\n<\/div>\n\n\\n<\/div>\n\n\\n<\/div>\n\n\\n<\/div>\n\n\\n<\/div>\n\n\\n<\/div>\n\n\\n<\/div>\n\n\\n<\/div>\n\n\\n<\/div>\n\n\\n<\/div>\n\n\\n<\/div>\n\n\\n<\/div>\n\n\\n<\/div>\n\n\\n<\/div>\n\n\\n<\/div>\n\n\\n<\/div>\n\n\\n<\/div>\n\n\\n<\/div>\n\n\\n<\/div>\n\n\\n<\/div>\n\n\\n<\/div>\n\n\\n<\/div>\n\n\\n<\/div>\n\n\\n<\/div>\n\n\\n<\/div>\n\n\\n<\/div>\n\n\\n<\/div>\n\n\\n<\/div>\n\n\\n<\/div>\n\n\\n<\/div>\n\n\\n<\/div>\n\n\\n<\/div>\n\n\\n<\/div>\n\n\\n<\/div>\n\n\\n<\/div>\n\n\\n<\/div>\n\n\\n<\/div>\n\n\\n<\/div>\n\n\\n<\/div>\n\n\\n<\/div>\n\n\\n<\/div>\n\n\\n<\/div>\n\n\\n<\/div>\n\n\\n<\/div>\n\n\\n\n\n<p>Wir bieten ab 1. August 2026 eine<\/p>\n\n\\n\n\n<h4>Lehrstelle als Fachmann\/-frau Betriebsunterhalt EFZ\/EBA\u00a0<br \/><strong>(Schwerpunkt Hausdienst)<\/strong><\/h4>\n\n\\n\n\n<p>Mehr erf\u00e4hrst du unter untenstehendem Link.<\/p>\n\n\",\"image\":\"\",\"link\":\"wp-content\/uploads\/sites\/2\/2025\/05\/Lehrstelleninserat_Betriebsunterhalt.pdf\",\"title\":\"Seelandheim AG, 3252 Worben\"}}]},{\"type\":\"accordion\",\"props\":{\"collapsible\":true,\"content_column_breakpoint\":\"m\",\"css\":\".uk-accordion-title {\\n    padding: 10px;\\n}\\n\\n.el-item {\\n    background:#e5e5e5;\\n    padding-top: 0px;\\n    border-left: 3px solid #6E6E6E;\\n}\\n\\n.uk-open {\\n\\tborder-left: none;\\n}\\n\\n.uk-open .uk-accordion-title {\\n    padding-left:26px;\\n    background:#ed7a2e;\\n}\\n\\n.el-title {\\n    color: #6E6E6E;\\n}\\n\\n.uk-open .el-title {\\n    color: white;\\n}\\n\\n.uk-accordion-content {\\n    background: #e5e5e5;\\n    padding: 26px;\\n    padding-top:0px\\n}\\n\",\"image_align\":\"top\",\"image_grid_breakpoint\":\"m\",\"image_grid_width\":\"1-2\",\"image_svg_color\":\"emphasis\",\"link_style\":\"secondary\",\"link_target\":true,\"link_text\":\"Stelleninserat\",\"show_image\":true,\"show_link\":true,\"status\":\"disabled\"},\"children\":[{\"type\":\"accordion_item\",\"props\":{\"content\":\"\n\n<div class=\\\"page\\\" title=\\\"Page 1\\\">\\n\n\n<div class=\\\"layoutArea\\\">\\n\n\n<div class=\\\"column\\\">\\n\n\n<div class=\\\"page\\\" title=\\\"Page 1\\\">\\n\n\n<div class=\\\"layoutArea\\\">\\n\n\n<div class=\\\"column\\\">\\n\n\n<div class=\\\"page\\\" title=\\\"Page 1\\\">\\n\n\n<div class=\\\"section\\\">\\n\n\n<div class=\\\"layoutArea\\\">\\n\n\n<div class=\\\"column\\\">\\n\n\n<div class=\\\"page\\\" title=\\\"Page 1\\\">\\n\n\n<div class=\\\"layoutArea\\\">\\n\n\n<div class=\\\"column\\\">\\n\n\n<div class=\\\"page\\\" title=\\\"Page 1\\\">\\n\n\n<div class=\\\"layoutArea\\\">\\n\n\n<div class=\\\"column\\\">\\n\n\n<div class=\\\"page\\\" title=\\\"Page 1\\\">\\n\n\n<div class=\\\"layoutArea\\\">\\n\n\n<div class=\\\"column\\\">\\n\n\n<div class=\\\"page\\\" title=\\\"Page 1\\\">\\n\n\n<div class=\\\"layoutArea\\\">\\n\n\n<div class=\\\"column\\\">\\n\n\n<div class=\\\"page\\\" title=\\\"Page 1\\\">\\n\n\n<div class=\\\"layoutArea\\\">\\n\n\n<div class=\\\"column\\\">\\n\n\n<div class=\\\"page\\\" title=\\\"Page 1\\\">\\n\n\n<div class=\\\"section\\\">\\n\n\n<div class=\\\"layoutArea\\\">\\n\n\n<div class=\\\"column\\\">\\n\n\n<div class=\\\"page\\\" title=\\\"Page 1\\\">\\n\n\n<div class=\\\"layoutArea\\\">\\n\n\n<div class=\\\"column\\\">\\n\n\n<div class=\\\"page\\\" title=\\\"Page 1\\\">\\n\n\n<div class=\\\"section\\\">\\n\n\n<div class=\\\"layoutArea\\\">\\n\n\n<div class=\\\"page\\\" title=\\\"Page 1\\\">\\n\n\n<div class=\\\"section\\\">\\n\n\n<div class=\\\"layoutArea\\\">\\n\n\n<div class=\\\"column\\\">\\n\n\n<div class=\\\"page\\\" title=\\\"Page 1\\\">\\n\n\n<div class=\\\"layoutArea\\\">\\n\n\n<div class=\\\"column\\\">\\n\n\n<div class=\\\"page\\\" title=\\\"Page 1\\\">\\n\n\n<div class=\\\"section\\\">\\n\n\n<div class=\\\"layoutArea\\\">\\n\n\n<div class=\\\"column\\\">\\n\n\n<div class=\\\"page\\\" title=\\\"Page 1\\\">\\n\n\n<div class=\\\"section\\\">\\n\n\n<div class=\\\"layoutArea\\\">\\n\n\n<div class=\\\"column\\\">Die Einwohnergemeinde Jegenstorf umfasst die Ortsteile Ballmoos, Jegenstorf, M\u00fcnchringen und Scheunen und ist Wohngemeinde f\u00fcr rund 5\u2018900 Einwohnerinnen und Einwohner.<\/div>\n\n\\n<\/div>\n\n\\n<\/div>\n\n\\n<\/div>\n\n\\n<\/div>\n\n\\n<\/div>\n\n\\n<\/div>\n\n\\n<\/div>\n\n\\n<\/div>\n\n\\n<\/div>\n\n\\n<\/div>\n\n\\n<\/div>\n\n\\n<\/div>\n\n\\n<\/div>\n\n\\n<\/div>\n\n\\n<\/div>\n\n\\n<\/div>\n\n\\n<\/div>\n\n\\n<\/div>\n\n\\n<\/div>\n\n\\n<\/div>\n\n\\n<\/div>\n\n\\n<\/div>\n\n\\n<\/div>\n\n\\n<\/div>\n\n\\n<\/div>\n\n\\n<\/div>\n\n\\n<\/div>\n\n\\n<\/div>\n\n\\n<\/div>\n\n\\n<\/div>\n\n\\n<\/div>\n\n\\n<\/div>\n\n\\n<\/div>\n\n\\n<\/div>\n\n\\n<\/div>\n\n\\n<\/div>\n\n\\n<\/div>\n\n\\n<\/div>\n\n\\n<\/div>\n\n\\n<\/div>\n\n\\n<\/div>\n\n\\n<\/div>\n\n\\n<\/div>\n\n\\n<\/div>\n\n\\n<\/div>\n\n\\n<\/div>\n\n\\n<\/div>\n\n\\n<\/div>\n\n\\n<\/div>\n\n\\n\n\n<p>Wir bieten ab 1. August 2026 eine<\/p>\n\n\\n\n\n<h4>Lehrstelle als Fachmann\/-frau Betriebsunterhalt EFZ\/EBA\u00a0<br \/><strong>(Schwerpunkt Hausdienst)<\/strong><\/h4>\n\n\\n\n\n\n\n\\n\n\n<p>Mehr erf\u00e4hrst du unter untenstehendem Link.<\/p>\n\n\",\"image\":\"\",\"link\":\"wp-content\/uploads\/sites\/2\/2025\/06\/Lehrstelleninserat-2026-Betriebsunterhalt.pdf\",\"title\":\"Gemeindeverwaltung Jegenstorf\"}},{\"type\":\"accordion_item\",\"props\":{\"content\":\"\n\n<div class=\\\"page\\\" title=\\\"Page 1\\\">\\n\n\n<div class=\\\"layoutArea\\\">\\n\n\n<div class=\\\"column\\\">\\n\n\n<div class=\\\"page\\\" title=\\\"Page 1\\\">\\n\n\n<div class=\\\"layoutArea\\\">\\n\n\n<div class=\\\"column\\\">\\n\n\n<div class=\\\"page\\\" title=\\\"Page 1\\\">\\n\n\n<div class=\\\"section\\\">\\n\n\n<div class=\\\"layoutArea\\\">\\n\n\n<div class=\\\"column\\\">\\n\n\n<div class=\\\"page\\\" title=\\\"Page 1\\\">\\n\n\n<div class=\\\"layoutArea\\\">\\n\n\n<div class=\\\"column\\\">\\n\n\n<div class=\\\"page\\\" title=\\\"Page 1\\\">\\n\n\n<div class=\\\"layoutArea\\\">\\n\n\n<div class=\\\"column\\\">\\n\n\n<div class=\\\"page\\\" title=\\\"Page 1\\\">\\n\n\n<div class=\\\"layoutArea\\\">\\n\n\n<div class=\\\"column\\\">\\n\n\n<div class=\\\"page\\\" title=\\\"Page 1\\\">\\n\n\n<div class=\\\"layoutArea\\\">\\n\n\n<div class=\\\"column\\\">\\n\n\n<div class=\\\"page\\\" title=\\\"Page 1\\\">\\n\n\n<div class=\\\"layoutArea\\\">\\n\n\n<div class=\\\"column\\\">\\n\n\n<div class=\\\"page\\\" title=\\\"Page 1\\\">\\n\n\n<div class=\\\"section\\\">\\n\n\n<div class=\\\"layoutArea\\\">\\n\n\n<div class=\\\"column\\\">\\n\n\n<div class=\\\"page\\\" title=\\\"Page 1\\\">\\n\n\n<div class=\\\"layoutArea\\\">\\n\n\n<div class=\\\"column\\\">\\n\n\n<div class=\\\"page\\\" title=\\\"Page 1\\\">\\n\n\n<div class=\\\"section\\\">\\n\n\n<div class=\\\"layoutArea\\\">\\n\n\n<div class=\\\"page\\\" title=\\\"Page 1\\\">\\n\n\n<div class=\\\"section\\\">\\n\n\n<div class=\\\"layoutArea\\\">\\n\n\n<div class=\\\"column\\\">\\n\n\n<div class=\\\"page\\\" title=\\\"Page 1\\\">\\n\n\n<div class=\\\"layoutArea\\\">\\n\n\n<div class=\\\"column\\\">\\n\n\n<div class=\\\"page\\\" title=\\\"Page 1\\\">\\n\n\n<div class=\\\"section\\\">\\n\n\n<div class=\\\"layoutArea\\\">\\n\n\n<div class=\\\"column\\\">\\n\n\n<div class=\\\"page\\\" title=\\\"Page 1\\\">\\n\n\n<div class=\\\"section\\\">\\n\n\n<div class=\\\"layoutArea\\\">\\n\n\n<div class=\\\"column\\\">Du wartest haustechnische Anlagen, pflegst Gr\u00fcnfl\u00e4chen und betreust Sporteinrichtungen im Schulzentrum Schlossmatt.<\/div>\n\n\\n<\/div>\n\n\\n<\/div>\n\n\\n<\/div>\n\n\\n<\/div>\n\n\\n<\/div>\n\n\\n<\/div>\n\n\\n<\/div>\n\n\\n<\/div>\n\n\\n<\/div>\n\n\\n<\/div>\n\n\\n<\/div>\n\n\\n<\/div>\n\n\\n<\/div>\n\n\\n<\/div>\n\n\\n<\/div>\n\n\\n<\/div>\n\n\\n<\/div>\n\n\\n<\/div>\n\n\\n<\/div>\n\n\\n<\/div>\n\n\\n<\/div>\n\n\\n<\/div>\n\n\\n<\/div>\n\n\\n<\/div>\n\n\\n<\/div>\n\n\\n<\/div>\n\n\\n<\/div>\n\n\\n<\/div>\n\n\\n<\/div>\n\n\\n<\/div>\n\n\\n<\/div>\n\n\\n<\/div>\n\n\\n<\/div>\n\n\\n<\/div>\n\n\\n<\/div>\n\n\\n<\/div>\n\n\\n<\/div>\n\n\\n<\/div>\n\n\\n<\/div>\n\n\\n<\/div>\n\n\\n<\/div>\n\n\\n<\/div>\n\n\\n<\/div>\n\n\\n<\/div>\n\n\\n<\/div>\n\n\\n<\/div>\n\n\\n<\/div>\n\n\\n<\/div>\n\n\\n<\/div>\n\n\\n\n\n<p>Wir bieten ab 1. August 2026 eine<\/p>\n\n\\n\n\n<h4>Lehrstelle als Fachmann\/-frau Betriebsunterhalt EFZ\/EBA\u00a0<br \/><strong>(Schwerpunkt Hausdienst)<\/strong><\/h4>\n\n\\n\n\n<p>Mehr erf\u00e4hrst du unter untenstehendem Link.<\/p>\n\n\",\"image\":\"\",\"link\":\"wp-content\/uploads\/sites\/2\/2025\/05\/Lehrstelleninserat-Hausdienst-2026.pdf\",\"title\":\"Gemeinde M\u00fcnsingen\"}},{\"type\":\"accordion_item\",\"props\":{\"content\":\"\n\n<div class=\\\"page\\\" title=\\\"Page 1\\\">\\n\n\n<div class=\\\"layoutArea\\\">\\n\n\n<div class=\\\"column\\\">\\n\n\n<div class=\\\"page\\\" title=\\\"Page 1\\\">\\n\n\n<div class=\\\"layoutArea\\\">\\n\n\n<div class=\\\"column\\\">\\n\n\n<div class=\\\"page\\\" title=\\\"Page 1\\\">\\n\n\n<div class=\\\"section\\\">\\n\n\n<div class=\\\"layoutArea\\\">\\n\n\n<div class=\\\"column\\\">\\n\n\n<div class=\\\"page\\\" title=\\\"Page 1\\\">\\n\n\n<div class=\\\"layoutArea\\\">\\n\n\n<div class=\\\"column\\\">\\n\n\n<div class=\\\"page\\\" title=\\\"Page 1\\\">\\n\n\n<div class=\\\"layoutArea\\\">\\n\n\n<div class=\\\"column\\\">\\n\n\n<div class=\\\"page\\\" title=\\\"Page 1\\\">\\n\n\n<div class=\\\"layoutArea\\\">\\n\n\n<div class=\\\"column\\\">\\n\n\n<div class=\\\"page\\\" title=\\\"Page 1\\\">\\n\n\n<div class=\\\"layoutArea\\\">\\n\n\n<div class=\\\"column\\\">\\n\n\n<div class=\\\"page\\\" title=\\\"Page 1\\\">\\n\n\n<div class=\\\"layoutArea\\\">\\n\n\n<div class=\\\"column\\\">\\n\n\n<div class=\\\"page\\\" title=\\\"Page 1\\\">\\n\n\n<div class=\\\"section\\\">\\n\n\n<div class=\\\"layoutArea\\\">\\n\n\n<div class=\\\"column\\\">\\n\n\n<div class=\\\"page\\\" title=\\\"Page 1\\\">\\n\n\n<div class=\\\"layoutArea\\\">\\n\n\n<div class=\\\"column\\\">\\n\n\n<div class=\\\"page\\\" title=\\\"Page 1\\\">\\n\n\n<div class=\\\"section\\\">\\n\n\n<div class=\\\"layoutArea\\\">\\n\n\n<div class=\\\"page\\\" title=\\\"Page 1\\\">\\n\n\n<div class=\\\"section\\\">\\n\n\n<div class=\\\"layoutArea\\\">\\n\n\n<div class=\\\"column\\\">\\n\n\n<div class=\\\"page\\\" title=\\\"Page 1\\\">\\n\n\n<div class=\\\"layoutArea\\\">\\n\n\n<div class=\\\"column\\\">\\n\n\n<div class=\\\"page\\\" title=\\\"Page 1\\\">\\n\n\n<div class=\\\"section\\\">\\n\n\n<div class=\\\"layoutArea\\\">\\n\n\n<div class=\\\"column\\\">\\n\n\n<div class=\\\"page\\\" title=\\\"Page 1\\\">\\n\n\n<div class=\\\"section\\\">\\n\n\n<div class=\\\"layoutArea\\\">\\n\n\n<div class=\\\"column\\\">Die Seeland AG ist ein erfolgreiches und modernes Unternehmen mit rund 420 Mitarbeitenden, das sich immer wieder neue Massst\u00e4be setzt. Wir bieten dir eine spannende und lehrreiche Ausbildung in unserem Betrieb. Unser Ziel ist es, dich zu einer verantwortungsbewussten und selbst\u00e4ndigen Fachkraft mit hoher Fachkompetenz auszubilden, damit du deinen Beruf mit viel Freude und Begeisterung aus\u00fcben kannst.<\/div>\n\n\\n<\/div>\n\n\\n<\/div>\n\n\\n<\/div>\n\n\\n<\/div>\n\n\\n<\/div>\n\n\\n<\/div>\n\n\\n<\/div>\n\n\\n<\/div>\n\n\\n<\/div>\n\n\\n<\/div>\n\n\\n<\/div>\n\n\\n<\/div>\n\n\\n<\/div>\n\n\\n<\/div>\n\n\\n<\/div>\n\n\\n<\/div>\n\n\\n<\/div>\n\n\\n<\/div>\n\n\\n<\/div>\n\n\\n<\/div>\n\n\\n<\/div>\n\n\\n<\/div>\n\n\\n<\/div>\n\n\\n<\/div>\n\n\\n<\/div>\n\n\\n<\/div>\n\n\\n<\/div>\n\n\\n<\/div>\n\n\\n<\/div>\n\n\\n<\/div>\n\n\\n<\/div>\n\n\\n<\/div>\n\n\\n<\/div>\n\n\\n<\/div>\n\n\\n<\/div>\n\n\\n<\/div>\n\n\\n<\/div>\n\n\\n<\/div>\n\n\\n<\/div>\n\n\\n<\/div>\n\n\\n<\/div>\n\n\\n<\/div>\n\n\\n<\/div>\n\n\\n<\/div>\n\n\\n<\/div>\n\n\\n<\/div>\n\n\\n<\/div>\n\n\\n<\/div>\n\n\\n<\/div>\n\n\\n\n\n<p>Wir bieten ab 1. August 2026 eine<\/p>\n\n\\n\n\n<h4>Lehrstelle als Fachmann\/-frau Betriebsunterhalt EFZ\/EBA\u00a0<br \/><strong>(Schwerpunkt Hausdienst)<\/strong><\/h4>\n\n\\n\n\n<p>Mehr erf\u00e4hrst du unter untenstehendem Link.<\/p>\n\n\",\"image\":\"\",\"link\":\"wp-content\/uploads\/sites\/2\/2025\/05\/Lehrstelleninserat_Betriebsunterhalt.pdf\",\"title\":\"Seelandheim AG, 3252 Worben\"}}]}]},{\"type\":\"column\",\"props\":{\"image_position\":\"center-center\",\"position_sticky_breakpoint\":\"m\",\"width_medium\":\"1-2\"},\"children\":[{\"type\":\"headline\",\"props\":{\"content\":\"Jobs Sektion Bern\",\"image_align\":\"left\",\"image_margin\":\"xsmall\",\"text_align\":\"center\",\"title_decoration\":\"bullet\",\"title_element\":\"h2\"}},{\"type\":\"text\",\"props\":{\"column_breakpoint\":\"m\",\"content\":\"\n\n<p>Ob nach der Lehre oder mit Berufserfahrung: Auf Stellenportalen wie <a href=\\\"https:\/\/www.jobs.ch\/de\/\\\" target=\\\"_blank\\\" rel=\\\"noopener\\\">Jobs.ch<\/a> oder <a href=\\\"https:\/\/www.jobscout24.ch\/de\/\\\" target=\\\"_blank\\\" rel=\\\"noopener\\\">Jobscout24.ch<\/a> findest du offene Stellen.<\/p>\n\n\",\"margin_bottom\":\"default\",\"margin_top\":\"default\",\"text_align\":\"center\"}},{\"type\":\"accordion\",\"props\":{\"collapsible\":true,\"content_column_breakpoint\":\"l\",\"css\":\".uk-accordion-title {\\n    padding: 10px;\\n}\\n\\n.el-item {\\n    background:#e5e5e5;\\n    padding-top: 0px;\\n    border-left: 3px solid #6E6E6E;\\n}\\n\\n.uk-open {\\n\\tborder-left: none;\\n}\\n\\n.uk-open .uk-accordion-title {\\n    padding-left:26px;\\n    background:#ed7a2e;\\n}\\n\\n.el-title {\\n    color: #6E6E6E;\\n}\\n\\n.uk-open .el-title {\\n    color: white;\\n}\\n\\n.uk-accordion-content {\\n    background: #e5e5e5;\\n    padding: 26px;\\n    padding-top:0px\\n}\\n\",\"image_align\":\"top\",\"image_grid_breakpoint\":\"m\",\"image_grid_width\":\"1-2\",\"image_svg_color\":\"emphasis\",\"link_style\":\"secondary\",\"link_target\":true,\"link_text\":\"Stelleninserat\",\"show_image\":true,\"show_link\":true},\"children\":[{\"type\":\"accordion_item\",\"props\":{\"content\":\"\n\n<p>AM Suisse ist der Dachverband f\u00fcr die Fachverb\u00e4nde Agrotec Suisse und Metaltec Suisse und vertritt an den Standorten Aarberg und Z\u00fcrich die Arbeitgeber- und Bildungsinteressen von \u00fcber 1900 Betrieben der Branchen Metallbau, Landtechnik und Hufschmiede.<\/p>\n\n\\n\n\n<p>F\u00fcr unsere Infrastruktur in Aarberg suchen wir per 1. September 2026 oder nach Vereinbarung eine engagierte Pers\u00f6nlichkeit als<\/p>\n\n\\n\n\n<h2>Hauswart 90\u2013100 %<\/h2>\n\n\\n\n\n<p><span>Mehr erf\u00e4hrst du unter untenstehendem Link.<\/span><\/p>\n\n\",\"link\":\"wp-content\/uploads\/sites\/2\/2026\/02\/931140_AM_Suisse_Stelleninserat_Hauswart_2026_113x237_d_NP.pdf\",\"title\":\"AM Suisse Bildungszentrum, Aarberg\"}},{\"type\":\"accordion_item\",\"props\":{\"content\":\"\n\n<p>Lust auf was Neues? Die Gemeinde M\u00fcnsingen mit ihren rund 13\u2018000 Einwohnenden bietet mit vielf\u00e4ltigen kommunalen und regionalen Aufgaben die M\u00f6glichkeit dazu.<br \/>F\u00fcr das Schulzentrum Schlossmatt und den Gemeindesaal Schlossgut suchen wir eine\/n<\/p>\n\n\\n\n\n<h2>Mitarbeiter\/in Hauswartschaft 100 %<\/h2>\n\n\\n\n\n<p>Stellenantritt<br \/>01.08.2026 oder nach Vereinbarung<\/p>\n\n\\n\n\n<p><span>Mehr erf\u00e4hrst du unter untenstehendem Link.<\/span><\/p>\n\n\",\"link\":\"wp-content\/uploads\/sites\/2\/2026\/02\/Stelleninserat-Mitarbeiterin-Hauswartschaft-100-.pdf\",\"title\":\"Gemeinde M\u00fcnsingen\"}},{\"type\":\"accordion_item\",\"props\":{\"content\":\"\n\n<p>Was du bei uns machst:<\/p>\n\n\\n\n\n<ul>\\n\n\n<li>Technik, Reparaturen, Ordnung \u2013 du h\u00e4ltst alles am Laufen<\/li>\n\n\\n\n\n<li>Du sorgst f\u00fcr Sauberkeit \u2013 innen wie aussen<\/li>\n\n\\n\n\n<li>Du bist pr\u00e4sent \u2013 f\u00fcr Lehrpersonen, Sch\u00fcler:innen und Vereine<\/li>\n\n\\n\n\n<li>Rasen, Wege Anlagen - du h\u00e4ltst die Umgebung in Schuss<\/li>\n\n\\n\n\n<li>Anl\u00e4sse? Du hilfst mit bei Auf- und Abbau <br \/>Gelegentliche Abend- oder Wochenendeins\u00e4tze? Kein Problem f\u00fcr dich<\/li>\n\n\\n<\/ul>\n\n\\n\n\n\n\n\\n\n\n<p>Dann geh\u00f6rst du in unser Team! Wir suchen per sofort eine\/n<\/p>\n\n\\n\n\n<h2><strong>Fachmann\/-frau Betriebsunterhalt Hausdienst (100 %)<\/strong><\/h2>\n\n\\n\n\n\n\n\\n\n\n<p>Mehr erf\u00e4hrst du unter untenstehendem Link.<\/p>\n\n\",\"link\":\"wp-content\/uploads\/sites\/2\/2025\/05\/Stellenausschreibung-Fachmann-Betriebsunterhalt.pdf\",\"title\":\"Gemeinde Wichtrach\"}},{\"type\":\"accordion_item\",\"props\":{\"content\":\"\n\n<p>Im Norden der Stadt Bern hat sich die Gemeinde Moosseedorf in den letzten Jahren erfolgreich entwickelt. Bestehender und neuer Wohnraum bieten \u00fcber 4'100 Menschen ein Zuhause. Stadt und Land zugleich, still und laut, Jung und Alt, mit aufgeschlossenen Menschen, einer aktiven Gemeindepolitik und intakter Umwelt. Moosseedorf \u2013 einzigartig, vielf\u00e4ltig, lebenswert!<br \/>Infolge Stellenausbau im Werkhof suchen wir per 1. August 2026 eine\/n<\/p>\n\n\\n\n\n<h2>Mitarbeiter\/in Werkhof 100 %<\/h2>\n\n\\n\n\n<p><span>Mehr erf\u00e4hrst du unter untenstehendem Link.<\/span><\/p>\n\n\",\"link\":\"wp-content\/uploads\/sites\/2\/2026\/03\/Stelleninserat-Mitarbeiter-Werkhof-100.pdf\",\"title\":\"Gemeindeverwaltung Moosseedorf\"}},{\"type\":\"accordion_item\",\"props\":{\"content\":\"\n\n<div class=\\\"page\\\" title=\\\"Page 1\\\">\\n\n\n<div class=\\\"layoutArea\\\">\\n\n\n<div class=\\\"column\\\">\\n\n\n<div class=\\\"page\\\" title=\\\"Page 1\\\">\\n\n\n<div class=\\\"layoutArea\\\">\\n\n\n<div class=\\\"column\\\">\\n\n\n<div class=\\\"page\\\" title=\\\"Page 1\\\">\\n\n\n<div class=\\\"section\\\">\\n\n\n<div class=\\\"layoutArea\\\">\\n\n\n<div class=\\\"column\\\">\\n\n\n<div class=\\\"page\\\" title=\\\"Page 1\\\">\\n\n\n<div class=\\\"layoutArea\\\">\\n\n\n<div class=\\\"column\\\">\\n\n\n<div class=\\\"page\\\" title=\\\"Page 1\\\">\\n\n\n<div class=\\\"layoutArea\\\">\\n\n\n<div class=\\\"column\\\">\\n\n\n<div class=\\\"page\\\" title=\\\"Page 1\\\">\\n\n\n<div class=\\\"layoutArea\\\">\\n\n\n<div class=\\\"column\\\">\\n\n\n<div class=\\\"page\\\" title=\\\"Page 1\\\">\\n\n\n<div class=\\\"layoutArea\\\">\\n\n\n<div class=\\\"column\\\">\\n\n\n<div class=\\\"page\\\" title=\\\"Page 1\\\">\\n\n\n<div class=\\\"layoutArea\\\">\\n\n\n<div class=\\\"column\\\">\\n\n\n<div class=\\\"page\\\" title=\\\"Page 1\\\">\\n\n\n<div class=\\\"section\\\">\\n\n\n<div class=\\\"layoutArea\\\">\\n\n\n<div class=\\\"column\\\">\\n\n\n<div class=\\\"page\\\" title=\\\"Page 1\\\">\\n\n\n<div class=\\\"layoutArea\\\">\\n\n\n<div class=\\\"column\\\">\\n\n\n<div class=\\\"page\\\" title=\\\"Page 1\\\">\\n\n\n<div class=\\\"section\\\">\\n\n\n<div class=\\\"layoutArea\\\">\\n\n\n<div class=\\\"page\\\" title=\\\"Page 1\\\">\\n\n\n<div class=\\\"section\\\">\\n\n\n<div class=\\\"layoutArea\\\">\\n\n\n<div class=\\\"column\\\">\\n\n\n<div class=\\\"page\\\" title=\\\"Page 1\\\">\\n\n\n<div class=\\\"layoutArea\\\">\\n\n\n<div class=\\\"column\\\">\\n\n\n<div class=\\\"page\\\" title=\\\"Page 1\\\">\\n\n\n<div class=\\\"section\\\">\\n\n\n<div class=\\\"layoutArea\\\">\\n\n\n<div class=\\\"column\\\">\\n\n\n<div class=\\\"page\\\" title=\\\"Page 1\\\">\\n\n\n<div class=\\\"section\\\">\\n\n\n<div class=\\\"layoutArea\\\">\\n\n\n<div class=\\\"column\\\">Der Schweizerischer Fachverband Betriebsunterhalt, Sektion Bern f\u00fchrt seit \u00fcber 20 Jahren<br \/>die \u00fcberbetrieblichen Kurse (\u00fcK) und die Qualifikationsverfahren (QV) f\u00fcr die Lernenden<br \/>Fachleute Betriebsunterhalt EFZ und seit 10 Jahren jene der Unterhaltspraktiker:Innen EBA<br \/>durch.<br \/>Damit wir in unserem eigenen Ausbildungszentrum in Aefligen weiterhin handwerklich begabte<br \/>Jugendliche mit technischem Verst\u00e4ndnis ausbilden k\u00f6nnen, suchen wir eine engagierte Pers\u00f6nlichkeit<br \/>als:<\/div>\n\n\\n<\/div>\n\n\\n\n\n<div><\/div>\n\n\\n\n\n<div class=\\\"layoutArea\\\">\\n\n\n<div class=\\\"column\\\"><strong>Leiter\/in Berufsbildung &amp; \u00dcK <\/strong><\/div>\n\n\\n\n\n<div>mit einem Arbeitspensum von 80% - 100% in einem festen Anstellungsverh\u00e4ltnis<\/div>\n\n\\n<\/div>\n\n\\n<\/div>\n\n\\n<\/div>\n\n\\n<\/div>\n\n\\n<\/div>\n\n\\n<\/div>\n\n\\n<\/div>\n\n\\n<\/div>\n\n\\n<\/div>\n\n\\n<\/div>\n\n\\n<\/div>\n\n\\n<\/div>\n\n\\n<\/div>\n\n\\n<\/div>\n\n\\n<\/div>\n\n\\n<\/div>\n\n\\n<\/div>\n\n\\n<\/div>\n\n\\n<\/div>\n\n\\n<\/div>\n\n\\n<\/div>\n\n\\n<\/div>\n\n\\n<\/div>\n\n\\n<\/div>\n\n\\n<\/div>\n\n\\n<\/div>\n\n\\n<\/div>\n\n\\n<\/div>\n\n\\n<\/div>\n\n\\n<\/div>\n\n\\n<\/div>\n\n\\n<\/div>\n\n\\n<\/div>\n\n\\n<\/div>\n\n\\n<\/div>\n\n\\n<\/div>\n\n\\n<\/div>\n\n\\n<\/div>\n\n\\n<\/div>\n\n\\n<\/div>\n\n\\n<\/div>\n\n\\n<\/div>\n\n\\n<\/div>\n\n\\n<\/div>\n\n\\n<\/div>\n\n\\n<\/div>\n\n\\n<\/div>\n\n\\n<\/div>\n\n\\n<\/div>\n\n\\n\n\n<p>Mehr erf\u00e4hrst du unter untenstehendem Link.<\/p>\n\n\",\"link\":\"wp-content\/uploads\/sites\/2\/2026\/03\/Stellenausschreibung_2026_Leiter-Uek.pdf\",\"title\":\"SFB Sektion Bern\"}}]}]}]}],\"name\":\"Offene Lehrstellen \/ Jobs\"},{\"type\":\"section\",\"props\":{\"image_position\":\"center-center\",\"style\":\"default\",\"title_breakpoint\":\"xl\",\"title_position\":\"top-left\",\"title_rotation\":\"left\",\"vertical_align\":\"\",\"width\":\"default\"},\"children\":[{\"type\":\"row\",\"children\":[{\"type\":\"column\",\"props\":{\"image_position\":\"center-center\",\"position_sticky_breakpoint\":\"m\"},\"children\":[{\"type\":\"headline\",\"props\":{\"content\":\"F\u00fcr Betriebe: Stelleninserate\",\"image_align\":\"left\",\"image_margin\":\"xsmall\",\"text_align\":\"left\",\"title_element\":\"h2\",\"title_style\":\"h3\"}},{\"type\":\"text\",\"props\":{\"column_breakpoint\":\"m\",\"content\":\"\n\n<p>Offene Stellen ver\u00f6ffentlichen wir gerne. Senden Sie uns den Stellenbeschrieb als PDF.<\/p>\n\n\",\"margin_bottom\":\"default\",\"margin_top\":\"default\"}}]}]}],\"name\":\"F\u00fcr Betriebe: Stelleninserate\"}],\"version\":\"5.0.28\",\"yooessentialsVersion\":\"3.0.4\"} --><\/p>\n","protected":false},"excerpt":{"rendered":"<p>Zusammen halten wir die Zukunft in Betrieb Die Verantwortlichen in unserer Sektion haben viele gute Kontakte innerhalb der Branche. Das hilft auch, wenn es um die Jobsuche geht. Wenn uns offene Arbeitspl\u00e4tze oder verf\u00fcgbare Lehrstellen im Kanton Bern gemeldet werden, pr\u00e4sentieren wir sie auf dieser Seite. Zudem verweisen wir auf interessante Seiten zum Thema Lehrstellen, [&hellip;]<\/p>\n","protected":false},"author":2,"featured_media":0,"parent":0,"menu_order":0,"comment_status":"closed","ping_status":"closed","template":"","meta":{"_acf_changed":false,"footnotes":""},"class_list":["post-13","page","type-page","status-publish","hentry"],"acf":[],"_links":{"self":[{"href":"https:\/\/betriebsunterhalt.ch\/bern\/wp-json\/wp\/v2\/pages\/13","targetHints":{"allow":["GET"]}}],"collection":[{"href":"https:\/\/betriebsunterhalt.ch\/bern\/wp-json\/wp\/v2\/pages"}],"about":[{"href":"https:\/\/betriebsunterhalt.ch\/bern\/wp-json\/wp\/v2\/types\/page"}],"author":[{"embeddable":true,"href":"https:\/\/betriebsunterhalt.ch\/bern\/wp-json\/wp\/v2\/users\/2"}],"replies":[{"embeddable":true,"href":"https:\/\/betriebsunterhalt.ch\/bern\/wp-json\/wp\/v2\/comments?post=13"}],"version-history":[{"count":27,"href":"https:\/\/betriebsunterhalt.ch\/bern\/wp-json\/wp\/v2\/pages\/13\/revisions"}],"predecessor-version":[{"id":4278,"href":"https:\/\/betriebsunterhalt.ch\/bern\/wp-json\/wp\/v2\/pages\/13\/revisions\/4278"}],"wp:attachment":[{"href":"https:\/\/betriebsunterhalt.ch\/bern\/wp-json\/wp\/v2\/media?parent=13"}],"curies":[{"name":"wp","href":"https:\/\/api.w.org\/{rel}","templated":true}]}}