{"id":754,"date":"2024-03-26T21:48:35","date_gmt":"2024-03-26T20:48:35","guid":{"rendered":"https:\/\/betriebsunterhalt.ch\/fbabzm\/?page_id=754"},"modified":"2026-01-27T11:07:49","modified_gmt":"2026-01-27T10:07:49","slug":"bestellung-digitale-lernmedien-2024","status":"publish","type":"page","link":"https:\/\/betriebsunterhalt.ch\/fbabzm\/bestellung-digitale-lernmedien-2024\/","title":{"rendered":"Bestellung Digitale Lernmedien 2024"},"content":{"rendered":"<h1>Bestellung digitale Lernmedien<\/h1>\n<div>\n<p><strong>Lehrbetriebe aus den Sektionen Aargau\/Solothurn, Beider Basel und Zentralschweiz<\/strong> k\u00f6nnen f\u00fcr den <strong>Lehrstart 2025<\/strong> die Zug\u00e4nge f\u00fcr Ihre Lernenden und Berufsbildenden<strong> ab 1. April 2025<\/strong> hier bestellen \u2013 unabh\u00e4ngig davon, ob Sie Mitglied beim SFB sind oder nicht.<strong><\/strong><\/p>\n<\/div>\n<div>\n<p><strong>Lehrbetriebe aus den Sektionen Aargau\/Solothurn, Beider Basel und Zentralschweiz<\/strong> k\u00f6nnen die Zug\u00e4nge f\u00fcr Ihre Lernenden und Berufsbildenden hier bestellen \u2013 unabh\u00e4ngig davon, ob Sie Mitglied beim SFB sind oder nicht.<\/p>\n<p>Das Bestellformular ist aktuell geschlossen. <strong>Sie werden dar\u00fcber informiert, sobald der Bestellprozess f\u00fcr die Bestellungen f\u00fcr Lehrstart 2026 wieder freigeschaltet ist.<\/strong><\/p>\n<\/div>\n<ul>\n<li>\n<h3>Infos zu Bestellung und Vertrieb<\/h3>\n<div>\n<p>Bestellung Konvink Accounts f\u00fcr Lernende und Lehrbetriebe der Sektionen Aargau\/Solothurn, beider Basel und Zentralschweiz<\/p>\n<\/div>\n<p><a href=\"\/fbabzm\/wp-content\/uploads\/sites\/10\/2025\/11\/Info-Konvink-Vertriebsprozess-ab-SJ-2025_Website.pdf\">Download Anleitung (PDF)<\/a><\/p>\n<\/li>\n<li>\n<h3>Ihr Lehrbetrieb ist in einem anderen Kanton?<\/h3>\n<div>\n<p>Bestellen Sie Ihren Zugang bitte bei der zust\u00e4ndigen Sektion.<\/p>\n<\/div>\n<p><a href=\"https:\/\/betriebsunterhalt.ch\/bestell-und-vertriebsprozess-digitale-lernmedien\/\">Zu den Sektionen<\/a><\/p>\n<\/li>\n<li>\n<h3>Demo-Zugang f\u00fcr Berufsbildende<\/h3>\n<div>\n<p>Sie m\u00f6chten die neue digitale Lernumgebung schon vor Ausbildungsstart im August 2024 testen?<\/p>\n<\/div>\n<p><a href=\"https:\/\/betriebsunterhalt.ch\/demozugang-konvink-fuer-berufsbildende\/\">Demo-Zugang bestellen<\/a><\/p>\n<\/li>\n<\/ul>\n<p><p>\n        <a href=\"#faq\">zu den h\u00e4ufig gestellten Fragen<\/a>\n    <\/p>\n<\/p>\n<h2>FAQ<\/h2>\n<ul>\n<li>\n<h3>Muss ich als Ausbildungsbetrieb eigene Konvink-Zug\u00e4nge f\u00fcr meine Berufsbildner\/innen und\/oder Praxisbildner\/innen erwerben?<\/h3>\n<div>\n<p><span>Nein. Bei allen Produkten ist ein kostenloser Zugang f\u00fcr den\/die Berufsbildner\/in enthalten.<\/span><\/p>\n<p><span>Praxisbildner\/innen ben\u00f6tigen keinen pers\u00f6nlichen Zugang zu Konvink, da der\/die Lernende einzelne Inhalte seiner\/ihrer Online-Lerndokumentation mit beliebigen Personen ohne eigenen Konvink-Zugang teilen kann. Er\/sie kann beispielsweise eingeladen werden, die Dokumentation eines Praxisauftrags anzuschauen oder eine Fremdeinsch\u00e4tzung zum Kompetenzraster abzugeben.<\/span><\/p>\n<\/div>\n<\/li>\n<li>\n<h3>Wann erhalte ich meine Konvink Einladung per E-Mail?<\/h3>\n<div>\n<p><span>Den genauen Zeitpunkt wird Ihnen nach der Bestellung von der Sektion mitgeteilt. Dieser ist abh\u00e4ngig vom Bestelldatum.<\/span><\/p>\n<p>Bei Fragen wenden Sie sich gerne an die entsprechende Sektion.<\/p>\n<\/div>\n<\/li>\n<li>\n<h3>Mein Einladungs-E-Mail von Konvink habe ich nicht erhalten \u2013 was ist zu tun?<\/h3>\n<div>\n<p><span>Alle auf Konvink erfassten Personen k\u00f6nnen jederzeit selbst\u00e4ndig ein neues Einladungs-E-Mail ausl\u00f6sen. Gehen Sie dazu auf konvink.ch\/login und geben Sie unter \u00abKein Einladungslink?\u00bb die gemeldete E-Mail-Adresse ein.<\/span><\/p>\n<\/div>\n<p><a href=\"https:\/\/www.konvink.ch\/login \">Neue Einladungs-E-Mail ausl\u00f6sen<\/a><\/p>\n<\/li>\n<li>\n<h3>Was passiert bei einem Lehrabbruch?<\/h3>\n<div>\n<p><span>Wird das Ausbildungsverh\u00e4ltnis bis am 16. November aufgel\u00f6st, wird der Kaufbetrag dem Lehrbetrieb zur\u00fcckerstattet. In diesem Falle werden die Konvink-Zug\u00e4nge f\u00fcr Lernende und Berufsbildner\/innen geschlossen.<\/span><\/p>\n<p><span>F\u00fcr Lehrabbr\u00fcche nach dem 16. November wird der Kaufbetrag nicht mehr zur\u00fcckerstattet. Die Zug\u00e4nge f\u00fcr Lernende bleiben bestehen und k\u00f6nnen in der Berufsfachschule sowie bei einem k\u00fcnftigen Betrieb weiterverwendet werden.<\/span><\/p>\n<p><span>Bitte melden Sie einen Lehrabbruch direkt bei der entsprechenden Sektion \/ \u00fcK-Zentrum.<\/span><\/p>\n<\/div>\n<\/li>\n<li>\n<h3>Was passiert im Falle des Wechsels der Grundbildung (von EBA zu EFZ oder umgekehrt)?<\/h3>\n<div>\n<p><span>Wechselt ein\/e Lernende\/r die Ausbildung von EBA zu EFZ oder EFZ zu EBA ist dies an die entsprechende Sektion zu melden. Der Konvink Zugang wird entsprechend f\u00fcr die Lernenden sowie den\/die gemeldete\/n Berufsbildner\/in angepasst.<\/span><\/p>\n<p><span>Die Kosten-Differenz wird weder gutgeschrieben (Wechsel von EFZ zu EBA) noch nachverrechnet (Wechsel von EBA zu EFZ).<\/span><\/p>\n<p><span>Wichtig: Sollten Lernende vor dem Wechsel bereits Eintr\u00e4ge in ihrer Lerndokumentation auf Konvink vorgenommen haben, bleiben ihnen diese nach dem Wechsel vollst\u00e4ndig und unver\u00e4ndert erhalten. Lernende erhalten zus\u00e4tzlich einen neuen Kompetenzkompasses, der bisherige Kompetenzkompass bleibt bestehen.<\/span><\/p>\n<\/div>\n<\/li>\n<li>\n<h3>Was passiert im Falle eines Wechsels des Lehrbetriebs?<\/h3>\n<div>\n<p><span>Lehrbetriebswechsel bis 16. November des ersten Ausbildungsjahres k\u00f6nnen als Lehrabbruch angesehen werden. Die Kosten des alten Betriebes werden zur\u00fcckerstattet und der neue Betrieb bestellt eine neue Lizenz.<\/span><\/p>\n<p><span>Lehrbetriebswechsel nach dem 16. November muss der Zugang des Betriebes angepasst werden. Der Zugang der Lernenden bleibt dabei bestehen.<\/span><\/p>\n<\/div>\n<\/li>\n<li>\n<h3>Wo melde ich den Wechsel eines\/einer Berufsbildner\/in?<\/h3>\n<div>\n<p><span>Wechselt die verantwortliche Berufsbildnerin kann dies direkt an Konvink gemeldet werden. Wichtig sind die kompletten Informationen zur bestehenden Berufsbildnerin \u2013 dieser Zugang wird entfernt und die neue Berufsbildnerin erh\u00e4lt ein Einladungs-E-Mail.<\/span><\/p>\n<\/div>\n<\/li>\n<li>\n<h3>Was passiert bei einer Wiederholung eines Lehrjahres (EFZ und EBA)?<\/h3>\n<div>\n<p><span>Wiederholen Lernende in der Ausbildung EFZ oder EBA ein oder mehrere Lehrjahre, ist dies der entsprechenden Sektion zu melden. Der Konvink-Zugang wird ohne Kostenfolge f\u00fcr das zus\u00e4tzliche Lehrjahr verl\u00e4ngert.<\/span><\/p>\n<\/div>\n<\/li>\n<li>\n<h3>Wie ist der Prozess bei einer verk\u00fcrzten Grundbildung EFZ?<\/h3>\n<div>\n<p><span>Haben Lernende bereits erfolgreich eine Ausbildung \u00abUnterhaltspraktiker\/in EBA\u00bb abgeschlossen und m\u00f6chten eine verk\u00fcrzte Ausbildung \u00abFachmann\/Fachfrau Betriebsunterhalt EFZ\u00bb beginnen, wird das Regelprodukt EFZ + Schwerpunkt zu dem ausgewiesenen Regelpreis erworben. Eine Preisanpassung und ein eigenes Produkt gibt es nicht.<\/span><\/p>\n<\/div>\n<\/li>\n<li>\n<h3>Ausbildungsteilnehmer\/innen EFZ und EBA nach Art. 32 Berufsbildungsverordnung (BiVo)<\/h3>\n<div>\n<p>Verf\u00fcgen Erwachsene insgesamt \u00fcber eine mindestens f\u00fcnfj\u00e4hrige Berufserfahrung, in der mindestens drei Jahre Berufserfahrungen im Bereich des Betriebsunterhalts nachgewiesen werden k\u00f6nnen, ist eine Zulassung zum QV (Qualifikationsverfahren) und der anschliessend erfolgreiche Abschluss EFZ oder EBA m\u00f6glich.<\/p>\n<p>In diesem Fall kann das entsprechende Regelprodukt EFZ + Schwerpunkt oder Regelprodukt EBA zu dem ausgewiesenen Regelpreis erworben werden. Eine Preisanpassung und ein eigenes Produkt gibt es nicht.<\/p>\n<\/div>\n<\/li>\n<\/ul>\n<p><!--more--><br \/>\n<!-- {\"type\":\"layout\",\"children\":[{\"name\":\"Slider\",\"type\":\"section\",\"props\":{\"height\":\"page\",\"image\":\"wp-content\\\/uploads\\\/sites\\\/2\\\/2022\\\/01\\\/header_unterseite_0008_170262_1779.jpeg\",\"image_position\":\"center-center\",\"image_size\":\"cover\",\"image_width\":\"2560\",\"padding\":\"large\",\"style\":\"default\",\"text_color\":\"light\",\"title_breakpoint\":\"xl\",\"title_position\":\"top-left\",\"title_rotation\":\"left\",\"vertical_align\":\"\",\"width\":\"\"},\"children\":[{\"type\":\"row\",\"children\":[{\"type\":\"column\",\"props\":{\"image_position\":\"center-center\",\"position_sticky_breakpoint\":\"m\",\"width_medium\":\"1-1\"}}]}]},{\"type\":\"section\",\"props\":{\"image_position\":\"center-center\",\"style\":\"default\",\"title_breakpoint\":\"xl\",\"title_position\":\"top-left\",\"title_rotation\":\"left\",\"vertical_align\":\"\",\"width\":\"default\"},\"children\":[{\"type\":\"row\",\"children\":[{\"type\":\"column\",\"props\":{\"image_position\":\"center-center\",\"position_sticky_breakpoint\":\"m\"},\"children\":[{\"type\":\"headline\",\"props\":{\"content\":\"Bestellung digitale Lernmedien\",\"text_align\":\"center\",\"title_decoration\":\"bullet\",\"title_element\":\"h1\"}},{\"type\":\"text\",\"props\":{\"column_breakpoint\":\"m\",\"content\":\"\n\n<p><strong>Lehrbetriebe aus den Sektionen Aargau\\\/Solothurn, Beider Basel und Zentralschweiz<\\\/strong> k\\u00f6nnen f\\u00fcr den <strong>Lehrstart 2025<\\\/strong> die Zug\\u00e4nge f\\u00fcr Ihre Lernenden und Berufsbildenden<strong> ab sofort<\\\/strong> hier bestellen \\u2013 unabh\\u00e4ngig davon, ob Sie Mitglied beim SFB sind oder nicht.<\\\/p>\",\"margin\":\"default\",\"status\":\"disabled\",\"yooessentials_access_conditions\":[{\"type\":\"yooessentials_access_date\",\"id\":\"ci_E3F31A\",\"props\":{\"publish_up\":\"2025-04-01\"}}],\"yooessentials_access_mode\":\"AND\"},\"name\":\"Intro-Text Formular offen\"},{\"type\":\"text\",\"props\":{\"block_align\":\"center\",\"column_breakpoint\":\"m\",\"content\":\"\n\n<p><strong>Lehrbetriebe aus den Sektionen Aargau\\\/Solothurn, Beider Basel und Zentralschweiz<\\\/strong> k\\u00f6nnen f\\u00fcr den <strong>Lehrstart 2025<\\\/strong> die Zug\\u00e4nge f\\u00fcr Ihre Lernenden und Berufsbildenden<strong> ab 1. April 2025<\\\/strong> hier bestellen \\u2013 unabh\\u00e4ngig davon, ob Sie Mitglied beim SFB sind oder nicht.<strong><\\\/strong><\\\/p>\",\"margin\":\"medium\",\"maxwidth\":\"large\",\"text_align\":\"center\",\"text_style\":\"large\",\"yooessentials_access_conditions\":[{\"type\":\"yooessentials_access_date\",\"id\":\"ci_0D4900\",\"props\":{\"publish_down\":\"2025-03-31\"}}],\"yooessentials_access_mode\":\"AND\"},\"name\":\"Text Formular geschlossen, Launch-Datum bekannt\"},{\"type\":\"text\",\"props\":{\"block_align\":\"center\",\"column_breakpoint\":\"m\",\"content\":\"\n\n<p><strong>Lehrbetriebe aus den Sektionen Aargau\\\/Solothurn, Beider Basel und Zentralschweiz<\\\/strong> k\\u00f6nnen die Zug\\u00e4nge f\\u00fcr Ihre Lernenden und Berufsbildenden hier bestellen \\u2013 unabh\\u00e4ngig davon, ob Sie Mitglied beim SFB sind oder nicht.<\\\/p>\\n\n\n<p>Das Bestellformular ist aktuell geschlossen. <strong>Sie werden dar\\u00fcber informiert, sobald der Bestellprozess f\\u00fcr die Bestellungen f\\u00fcr Lehrstart 2026 wieder freigeschaltet ist.<\\\/strong><\\\/p>\",\"margin\":\"medium\",\"maxwidth\":\"2xlarge\",\"text_align\":\"center\",\"text_style\":\"large\"},\"name\":\"Text Formular geschlossen, Launch-Datum nicht bekannt\"}]}]}]},{\"type\":\"section\",\"props\":{\"id\":\"infos\",\"image_position\":\"center-center\",\"style\":\"default\",\"title_breakpoint\":\"xl\",\"title_position\":\"top-left\",\"title_rotation\":\"left\",\"vertical_align\":\"\",\"width\":\"default\"},\"children\":[{\"type\":\"row\",\"children\":[{\"type\":\"column\",\"props\":{\"image_position\":\"center-center\",\"position_sticky_breakpoint\":\"m\"},\"children\":[{\"type\":\"grid\",\"props\":{\"content_column_breakpoint\":\"m\",\"css\":\".el-link {\\n    line-height: 1.5;\\n    padding: 10px;\\n    border-radius: 4px;\\n}\",\"filter_align\":\"left\",\"filter_all\":true,\"filter_grid_breakpoint\":\"m\",\"filter_grid_width\":\"auto\",\"filter_position\":\"top\",\"filter_style\":\"tab\",\"grid_column_gap\":\"small\",\"grid_default\":\"1\",\"grid_medium\":\"3\",\"grid_row_gap\":\"small\",\"icon_width\":80,\"image_align\":\"top\",\"image_grid_breakpoint\":\"m\",\"image_grid_width\":\"1-2\",\"image_svg_color\":\"emphasis\",\"image_width\":\"50\",\"item_animation\":true,\"lightbox_bg_close\":true,\"link_fullwidth\":false,\"link_style\":\"secondary\",\"link_target\":true,\"link_text\":\"Read more\",\"margin\":\"default\",\"meta_align\":\"below-title\",\"meta_element\":\"div\",\"meta_style\":\"text-meta\",\"panel_link\":true,\"panel_link_hover\":\"true\",\"panel_padding\":\"default\",\"panel_style\":\"card-primary\",\"parallax_easing\":\"1\",\"show_content\":true,\"show_hover_image\":true,\"show_hover_video\":true,\"show_image\":true,\"show_link\":true,\"show_meta\":true,\"show_title\":true,\"show_video\":true,\"text_align\":\"center\",\"title_align\":\"top\",\"title_element\":\"h3\",\"title_grid_breakpoint\":\"m\",\"title_grid_width\":\"1-2\",\"title_hover_style\":\"reset\",\"title_margin\":\"remove\"},\"children\":[{\"type\":\"grid_item\",\"props\":{\"content\":\"\n\n<p>Bestellung Konvink Accounts f\\u00fcr Lernende und Lehrbetriebe der Sektionen Aargau\\\/Solothurn, beider Basel und Zentralschweiz<\\\/p>\",\"icon\":\"\",\"image\":\"\",\"link\":\"wp-content\\\/uploads\\\/sites\\\/10\\\/2025\\\/11\\\/Info-Konvink-Vertriebsprozess-ab-SJ-2025_Website.pdf\",\"link_text\":\"Download Anleitung (PDF)\",\"title\":\"Infos zu Bestellung und Vertrieb\"}},{\"type\":\"grid_item\",\"props\":{\"content\":\"\n\n<p>Bestellen Sie Ihren Zugang bitte bei der zust\\u00e4ndigen Sektion.<\\\/p>\",\"image\":\"\",\"link\":\"https:\\\/\\\/betriebsunterhalt.ch\\\/bestell-und-vertriebsprozess-digitale-lernmedien\\\/\",\"link_text\":\"Zu den Sektionen\",\"title\":\"Ihr Lehrbetrieb ist in einem anderen Kanton?\"}},{\"type\":\"grid_item\",\"props\":{\"content\":\"\n\n<p>Sie m\\u00f6chten die neue digitale Lernumgebung schon vor Ausbildungsstart im August 2024 testen?<\\\/p>\",\"image\":\"\",\"link\":\"https:\\\/\\\/betriebsunterhalt.ch\\\/demozugang-konvink-fuer-berufsbildende\\\/\",\"link_text\":\"Demo-Zugang bestellen\",\"title\":\"Demo-Zugang f\\u00fcr Berufsbildende\"}}]},{\"type\":\"button\",\"props\":{\"grid_column_gap\":\"small\",\"grid_row_gap\":\"small\",\"margin\":\"default\",\"text_align\":\"center\"},\"children\":[{\"type\":\"button_item\",\"props\":{\"button_style\":\"primary\",\"content\":\"zu den h\\u00e4ufig gestellten Fragen\",\"dialog_layout\":\"modal\",\"dialog_offcanvas_flip\":true,\"icon_align\":\"left\",\"link\":\"#faq\"}}],\"name\":\"Konvink FAQ-Button\"}]}]}],\"name\":\"weitere Infos\"},{\"type\":\"section\",\"props\":{\"id\":\"formular\",\"image_position\":\"center-center\",\"status\":\"disabled\",\"style\":\"default\",\"title_breakpoint\":\"xl\",\"title_position\":\"top-left\",\"title_rotation\":\"left\",\"vertical_align\":\"\",\"width\":\"default\",\"yooessentials_access_conditions\":[{\"type\":\"yooessentials_access_useraccess\",\"id\":\"ci_BBCCFA\",\"props\":{\"levels\":[\"_guest\"],\"reversed\":true}},{\"type\":\"yooessentials_access_date\",\"id\":\"ci_E93911\",\"props\":{\"publish_up\":\"2025-04-01\"}}],\"yooessentials_access_mode\":\"OR\"},\"children\":[{\"type\":\"row\",\"children\":[{\"type\":\"column\",\"props\":{\"image_position\":\"center-center\",\"position_sticky_breakpoint\":\"m\"},\"children\":[{\"type\":\"headline\",\"props\":{\"content\":\"Bestellformular\",\"text_align\":\"center\",\"title_decoration\":\"bullet\",\"title_element\":\"h2\"}},{\"type\":\"text\",\"props\":{\"column_breakpoint\":\"m\",\"content\":\"\n\n<p>[formidable id=7]<\\\/p>\",\"css\":\"h3 {\\n    text-transform: none; \\n    letter-spacing:0;\\n    margin-top: 20px;\\n    font-size: 24px;\\n    border: none;\\n}\\n\\nh3::before {\\n    content: \\\"\\\";\\n    display: inline-block;\\n    position: relative;\\n    top: calc(-0.1 * 1em);\\n    vertical-align: middle;\\n    height: calc(4px + 0.7em);\\n    margin-right: calc(5px + 0.2em);\\n    border-left: calc(5px + 0.1em) solid #E86914;\\n}\\nh4 {\\n    text-transform: none; \\n    letter-spacing:0;\\n    margin-top: 20px;\\n    font-size: 16px\\n}\\n\\nlabel, p, .frm_primary_label {font-size: 16px;}\\n\\n.frm_repeat_sec {\\n    background: #F0F0F0;\\n    padding: 20px;\\n    border-radius: 4px;\\n}\\n.frm_icon_font {\\n    line-height: 1;\\n}\\n\\nbutton, .frm_button {\\n    list-style: none;\\n    margin: 15px 15px 0 0;\\n    padding: 10px 30px;\\n    background: #fe7902;\\n    border-radius: 4px;\\n    color: white;\\n    transition: ease .3s;\\n    border: none;\\n}\\n\\nbutton {\\n    background: #0477bc;\\n}\\n\\n.frm_button:hover\\n{background: #0477bc;\\n}\\n\\nbutton:hover\\n{background: #fe7902;\\n}\\n\\n.frm_repeat_buttons {\\n    border-bottom: 2px dotted #fe7902;\\n    padding-bottom: 20px;\\n}\\n\\n.groesser {\\n\\tfont-size: 20px;\\n}\\n\\n#frm_field_83_container {\\n    margin-top: 20px;\\n}\",\"margin\":\"medium\",\"text_align\":\"center\"}}]}]}],\"name\":\"Formular\"},{\"type\":\"section\",\"props\":{\"id\":\"faq\",\"image_position\":\"center-center\",\"style\":\"default\",\"title_breakpoint\":\"xl\",\"title_position\":\"top-left\",\"title_rotation\":\"left\",\"vertical_align\":\"\",\"width\":\"default\"},\"children\":[{\"type\":\"row\",\"children\":[{\"type\":\"column\",\"props\":{\"image_position\":\"center-center\",\"position_sticky_breakpoint\":\"m\"},\"children\":[{\"type\":\"headline\",\"props\":{\"content\":\"FAQ\",\"text_align\":\"center\",\"title_decoration\":\"bullet\",\"title_element\":\"h2\"}},{\"type\":\"accordion\",\"props\":{\"collapsible\":true,\"content_column_breakpoint\":\"m\",\"image_align\":\"top\",\"image_grid_breakpoint\":\"m\",\"image_grid_width\":\"1-2\",\"image_svg_color\":\"emphasis\",\"link_style\":\"primary\",\"link_target\":true,\"link_text\":\"Read more\",\"show_image\":true,\"show_link\":true},\"children\":[{\"type\":\"accordion_item\",\"props\":{\"content\":\"\n\n<p><span>Nein. Bei allen Produkten ist ein kostenloser Zugang f\\u00fcr den\\\/die Berufsbildner\\\/in enthalten.<\\\/span><\\\/p>\\n\n\n<p><span>Praxisbildner\\\/innen ben\\u00f6tigen keinen pers\\u00f6nlichen Zugang zu Konvink, da der\\\/die Lernende einzelne Inhalte seiner\\\/ihrer Online-Lerndokumentation mit beliebigen Personen ohne eigenen Konvink-Zugang teilen kann. Er\\\/sie kann beispielsweise eingeladen werden, die Dokumentation eines Praxisauftrags anzuschauen oder eine Fremdeinsch\\u00e4tzung zum Kompetenzraster abzugeben.<\\\/span><\\\/p>\",\"title\":\"Muss ich als Ausbildungsbetrieb eigene Konvink-Zug\\u00e4nge f\\u00fcr meine Berufsbildner\\\/innen und\\\/oder Praxisbildner\\\/innen erwerben?\"}},{\"type\":\"accordion_item\",\"props\":{\"content\":\"\n\n<p><span>Den genauen Zeitpunkt wird Ihnen nach der Bestellung von der Sektion mitgeteilt. Dieser ist abh\\u00e4ngig vom Bestelldatum.<\\\/span><\\\/p>\\n\n\n<p>Bei Fragen wenden Sie sich gerne an die entsprechende Sektion.<\\\/p>\",\"title\":\"Wann erhalte ich meine Konvink Einladung per E-Mail?\"}},{\"type\":\"accordion_item\",\"props\":{\"content\":\"\n\n<p><span>Alle auf Konvink erfassten Personen k\\u00f6nnen jederzeit selbst\\u00e4ndig ein neues Einladungs-E-Mail ausl\\u00f6sen. Gehen Sie dazu auf konvink.ch\\\/login und geben Sie unter \\u00abKein Einladungslink?\\u00bb die gemeldete E-Mail-Adresse ein.<\\\/span><\\\/p>\",\"link\":\"https:\\\/\\\/www.konvink.ch\\\/login \",\"link_text\":\"Neue Einladungs-E-Mail ausl\\u00f6sen\",\"title\":\"Mein Einladungs-E-Mail von Konvink habe ich nicht erhalten \\u2013 was ist zu tun?\"}},{\"type\":\"accordion_item\",\"props\":{\"content\":\"\n\n<p><span>Wird das Ausbildungsverh\\u00e4ltnis bis am 16. November aufgel\\u00f6st, wird der Kaufbetrag dem Lehrbetrieb zur\\u00fcckerstattet. In diesem Falle werden die Konvink-Zug\\u00e4nge f\\u00fcr Lernende und Berufsbildner\\\/innen geschlossen.<\\\/span><\\\/p>\\n\n\n<p><span>F\\u00fcr Lehrabbr\\u00fcche nach dem 16. November wird der Kaufbetrag nicht mehr zur\\u00fcckerstattet. Die Zug\\u00e4nge f\\u00fcr Lernende bleiben bestehen und k\\u00f6nnen in der Berufsfachschule sowie bei einem k\\u00fcnftigen Betrieb weiterverwendet werden.<\\\/span><\\\/p>\\n\n\n<p><span>Bitte melden Sie einen Lehrabbruch direkt bei der entsprechenden Sektion \\\/ \\u00fcK-Zentrum.<\\\/span><\\\/p>\",\"title\":\"Was passiert bei einem Lehrabbruch?\"}},{\"type\":\"accordion_item\",\"props\":{\"content\":\"\n\n<p><span>Wechselt ein\\\/e Lernende\\\/r die Ausbildung von EBA zu EFZ oder EFZ zu EBA ist dies an die entsprechende Sektion zu melden. Der Konvink Zugang wird entsprechend f\\u00fcr die Lernenden sowie den\\\/die gemeldete\\\/n Berufsbildner\\\/in angepasst.<\\\/span><\\\/p>\\n\n\n<p><span>Die Kosten-Differenz wird weder gutgeschrieben (Wechsel von EFZ zu EBA) noch nachverrechnet (Wechsel von EBA zu EFZ).<\\\/span><\\\/p>\\n\n\n<p><span>Wichtig: Sollten Lernende vor dem Wechsel bereits Eintr\\u00e4ge in ihrer Lerndokumentation auf Konvink vorgenommen haben, bleiben ihnen diese nach dem Wechsel vollst\\u00e4ndig und unver\\u00e4ndert erhalten. Lernende erhalten zus\\u00e4tzlich einen neuen Kompetenzkompasses, der bisherige Kompetenzkompass bleibt bestehen.<\\\/span><\\\/p>\",\"title\":\"Was passiert im Falle des Wechsels der Grundbildung (von EBA zu EFZ oder umgekehrt)?\"}},{\"type\":\"accordion_item\",\"props\":{\"content\":\"\n\n<p><span>Lehrbetriebswechsel bis 16. November des ersten Ausbildungsjahres k\\u00f6nnen als Lehrabbruch angesehen werden. Die Kosten des alten Betriebes werden zur\\u00fcckerstattet und der neue Betrieb bestellt eine neue Lizenz.<\\\/span><\\\/p>\\n\n\n<p><span>Lehrbetriebswechsel nach dem 16. November muss der Zugang des Betriebes angepasst werden. Der Zugang der Lernenden bleibt dabei bestehen.<\\\/span><\\\/p>\",\"title\":\"Was passiert im Falle eines Wechsels des Lehrbetriebs?\"}},{\"type\":\"accordion_item\",\"props\":{\"content\":\"\n\n<p><span>Wechselt die verantwortliche Berufsbildnerin kann dies direkt an Konvink gemeldet werden. Wichtig sind die kompletten Informationen zur bestehenden Berufsbildnerin \\u2013 dieser Zugang wird entfernt und die neue Berufsbildnerin erh\\u00e4lt ein Einladungs-E-Mail.<\\\/span><\\\/p>\",\"title\":\"Wo melde ich den Wechsel eines\\\/einer Berufsbildner\\\/in?\"}},{\"type\":\"accordion_item\",\"props\":{\"content\":\"\n\n<p><span>Wiederholen Lernende in der Ausbildung EFZ oder EBA ein oder mehrere Lehrjahre, ist dies der entsprechenden Sektion zu melden. Der Konvink-Zugang wird ohne Kostenfolge f\\u00fcr das zus\\u00e4tzliche Lehrjahr verl\\u00e4ngert.<\\\/span><\\\/p>\",\"title\":\"Was passiert bei einer Wiederholung eines Lehrjahres (EFZ und EBA)?\"}},{\"type\":\"accordion_item\",\"props\":{\"content\":\"\n\n<p><span>Haben Lernende bereits erfolgreich eine Ausbildung \\u00abUnterhaltspraktiker\\\/in EBA\\u00bb abgeschlossen und m\\u00f6chten eine verk\\u00fcrzte Ausbildung \\u00abFachmann\\\/Fachfrau Betriebsunterhalt EFZ\\u00bb beginnen, wird das Regelprodukt EFZ + Schwerpunkt zu dem ausgewiesenen Regelpreis erworben. Eine Preisanpassung und ein eigenes Produkt gibt es nicht.<\\\/span><\\\/p>\",\"title\":\"Wie ist der Prozess bei einer verk\\u00fcrzten Grundbildung EFZ?\"}},{\"type\":\"accordion_item\",\"props\":{\"content\":\"\n\n<p>Verf\\u00fcgen Erwachsene insgesamt \\u00fcber eine mindestens f\\u00fcnfj\\u00e4hrige Berufserfahrung, in der mindestens drei Jahre Berufserfahrungen im Bereich des Betriebsunterhalts nachgewiesen werden k\\u00f6nnen, ist eine Zulassung zum QV (Qualifikationsverfahren) und der anschliessend erfolgreiche Abschluss EFZ oder EBA m\\u00f6glich.<\\\/p>\\n\n\n<p>In diesem Fall kann das entsprechende Regelprodukt EFZ + Schwerpunkt oder Regelprodukt EBA zu dem ausgewiesenen Regelpreis erworben werden. Eine Preisanpassung und ein eigenes Produkt gibt es nicht.<\\\/p>\",\"title\":\"Ausbildungsteilnehmer\\\/innen EFZ und EBA nach Art. 32 Berufsbildungsverordnung (BiVo)\"}}],\"name\":\"Konvink FAQ 2024\"}]}]}]}],\"version\":\"4.5.32\",\"yooessentialsVersion\":\"2.4.12\"} --><\/p>\n","protected":false},"excerpt":{"rendered":"<p>Bestellung digitale Lernmedien Lehrbetriebe aus den Sektionen Aargau\/Solothurn, Beider Basel und Zentralschweiz k\u00f6nnen f\u00fcr den Lehrstart 2025 die Zug\u00e4nge f\u00fcr Ihre Lernenden und Berufsbildenden ab 1. April 2025 hier bestellen \u2013 unabh\u00e4ngig davon, ob Sie Mitglied beim SFB sind oder nicht. Lehrbetriebe aus den Sektionen Aargau\/Solothurn, Beider Basel und Zentralschweiz k\u00f6nnen die Zug\u00e4nge f\u00fcr Ihre [&hellip;]<\/p>\n","protected":false},"author":2,"featured_media":0,"parent":0,"menu_order":0,"comment_status":"closed","ping_status":"closed","template":"","meta":{"_acf_changed":false,"footnotes":""},"class_list":["post-754","page","type-page","status-publish","hentry"],"acf":[],"_links":{"self":[{"href":"https:\/\/betriebsunterhalt.ch\/fbabzm\/wp-json\/wp\/v2\/pages\/754","targetHints":{"allow":["GET"]}}],"collection":[{"href":"https:\/\/betriebsunterhalt.ch\/fbabzm\/wp-json\/wp\/v2\/pages"}],"about":[{"href":"https:\/\/betriebsunterhalt.ch\/fbabzm\/wp-json\/wp\/v2\/types\/page"}],"author":[{"embeddable":true,"href":"https:\/\/betriebsunterhalt.ch\/fbabzm\/wp-json\/wp\/v2\/users\/2"}],"replies":[{"embeddable":true,"href":"https:\/\/betriebsunterhalt.ch\/fbabzm\/wp-json\/wp\/v2\/comments?post=754"}],"version-history":[{"count":5,"href":"https:\/\/betriebsunterhalt.ch\/fbabzm\/wp-json\/wp\/v2\/pages\/754\/revisions"}],"predecessor-version":[{"id":1588,"href":"https:\/\/betriebsunterhalt.ch\/fbabzm\/wp-json\/wp\/v2\/pages\/754\/revisions\/1588"}],"wp:attachment":[{"href":"https:\/\/betriebsunterhalt.ch\/fbabzm\/wp-json\/wp\/v2\/media?parent=754"}],"curies":[{"name":"wp","href":"https:\/\/api.w.org\/{rel}","templated":true}]}}