{"id":7683,"date":"2022-06-08T13:13:45","date_gmt":"2022-06-08T11:13:45","guid":{"rendered":"https:\/\/betriebsunterhalt.ch\/werkdienst\/"},"modified":"2023-07-25T17:23:34","modified_gmt":"2023-07-25T15:23:34","slug":"voirie","status":"publish","type":"page","link":"https:\/\/betriebsunterhalt.ch\/fr\/voirie\/","title":{"rendered":"Voirie"},"content":{"rendered":"<h2>Agent-e d\u2019exploitation<\/h2>\n<h1><strong>Fili\u00e8re Voirie<\/strong><\/h1>\n<div>\n<p><strong>Ces conditions et environnements de travail tu peux les trouver aupr\u00e8s des communes, des h\u00f4pitaux, EMS, \u00e9coles, entreprises industrielles, services logistique de l\u2019arm\u00e9e, entreprises de gestion en b\u00e2timents, a\u00e9roport, &#8230;<\/strong><\/p>\n<\/div>\n<div>\n<p>        <img decoding=\"async\" src=\"\/wp-content\/uploads\/2023\/07\/werkdienst-fr.jpg\" alt=\"\"><\/p>\n<div>\n<p><strong>Tu aimes travailler en plein air et par tous les temps. Tu aimes \u00eatre actif et donner un coup de main. <\/strong><\/p>\n<p>Tu veilles \u00e0 ce que nos routes soient en bon \u00e9tat et s\u00fbres et que les parcs et les espaces verts soient bien entretenus. Tu t\u2019occupes du recyclage et de l\u2019\u00e9limination des d\u00e9chets. Pour toi, la s\u00e9curit\u00e9 au travail et la protection de la sant\u00e9 et de l\u2019environnement sont primordiales.<\/p>\n<p><strong>3 ans d\u2019apprentissage<\/strong> <br \/>4 jours de pratique professionnelle, <br \/>1 jour d\u2019\u00e9cole professionnelle par semaine <br \/>Dipl\u00f4me avec <strong>certificat f\u00e9d\u00e9ral de capacit\u00e9 CFC<\/strong> Possible \u00e9galement avec <strong>maturit\u00e9 <\/strong><strong>professionnelle <\/strong><\/p>\n<\/div>\n<\/div>\n<h2>Questions et r\u00e9ponses<\/h2>\n<ul>\n<li>\n<h3>Quelles sont les conditions qu&rsquo;une entreprise doit remplir pour pouvoir former des apprentis dans le domaine sp\u00e9cifique du service d&rsquo;entretien ?<\/h3>\n<div>\n<p>Pour le domaine de comp\u00e9tences op\u00e9rationnelles C \u00ab\u00a0Entretien des espaces verts\u00a0\u00bb, l&rsquo;\u00e9quipement \/ l&rsquo;assortiment minimum suivant est n\u00e9cessaire :<\/p>\n<ol>\n<li>les eaux publiques (soumises aux r\u00e9glementations de l&rsquo;Office f\u00e9d\u00e9ral de l&rsquo;environnement ; ruisseaux, rivi\u00e8res, biotopes\/\u00e9tangs et lacs)<\/li>\n<li>eaux priv\u00e9es (par exemple pour les immeubles et les espaces verts)<\/li>\n<\/ol>\n<\/div>\n<p><a href=\"\/wp-content\/uploads\/2022\/06\/2.1.3-SFB_Schweiz_Mindesteinrichtung_Lehrbetrieb_220519_def.pdf\">PDF \u00ab\u00c9quipement minimal\/assortiment minimal pour l&rsquo;entreprise formatrice\u00bb<\/a><\/p>\n<\/li>\n<li>\n<h3>Que se passe-t-il si l&rsquo;entreprise ne peut pas remplir tout l&rsquo;assortiment minimal ?<\/h3>\n<div>\n<p>Si l&rsquo;entreprise ne peut pas couvrir l&rsquo;ensemble de l&rsquo;assortiment minimal, les formations professionnelles initiales sont dispens\u00e9es dans le cadre d&rsquo;un groupement ou d&rsquo;une coop\u00e9ration d&rsquo;entreprises formatrices qui disposent ensemble de l&rsquo;\u00e9quipement minimal et de l&rsquo;assortiment minimal. Les entreprises, les formateurs ou les RH doivent organiser cela de mani\u00e8re autonome au niveau r\u00e9gional.<\/p>\n<\/div>\n<\/li>\n<li>\n<h3>Quelles conditions les formateurs doivent-ils remplir en plus du cours de formateur ?<\/h3>\n<div>\n<p>Outre le cours de formateur, les exigences pos\u00e9es aux formateurs conform\u00e9ment \u00e0 l&rsquo;ordonnance du SBFI (Secr\u00e9tariat d&rsquo;\u00c9tat \u00e0 la formation, \u00e0 la recherche et \u00e0 l&rsquo;innovation) sur la formation professionnelle initiale d'\u00a0\u00bbagent d&rsquo;exploitation avec certificat f\u00e9d\u00e9ral de capacit\u00e9 (CFC)\u00a0\u00bb doivent \u00eatre remplies. Et il faut disposer de suffisamment de temps pour la formation des apprentis.<br \/>Dans le document \u00ab\u00a0Aper\u00e7u des professions apparent\u00e9es\u00a0\u00bb du SFB, vous trouverez les directives exactes du SBFI.<\/p>\n<\/div>\n<p><a href=\"\/wp-content\/uploads\/2022\/06\/2.1.4-SFB_Schweiz_Verwandte_Berufe_220519.pdf\">PDF \u00abAper\u00e7u des professions apparent\u00e9es\u00bb<\/a><\/p>\n<\/li>\n<li>\n<h3>De combien de sp\u00e9cialistes une entreprise a-t-elle besoin pour pouvoir former des apprentis ?<\/h3>\n<div>\n<p>Une (1) personne charg\u00e9e de l&rsquo;apprentissage par entreprise est n\u00e9cessaire et doit disposer des comp\u00e9tences requises. En outre, en cas d&rsquo;\u00e9ventuelles absences du\/de la responsable d&rsquo;apprentissage, un(e) professionnel(le) permanent(e) doit toujours \u00eatre pr\u00e9sent(e) sur place pour assurer l&rsquo;encadrement pendant la pr\u00e9sence des apprentis.<\/p>\n<\/div>\n<\/li>\n<li>\n<h3>Que doivent apprendre les apprentis du domaine d&rsquo;approfondissement Service d&rsquo;entretien pour les activit\u00e9s pratiques en entreprise ?<\/h3>\n<div>\n<p>On distingue l&rsquo;enseignement sur le \u00ab\u00a0lieu de formation entreprise\u00a0\u00bb et sur le \u00ab\u00a0lieu de formation CIE\u00a0\u00bb (cours interentreprises). L&rsquo;enseignement dans l&rsquo;entreprise est individuel et s&rsquo;oriente sur les besoins \/ conditions cadres de l&rsquo;entreprise. Les contenus des CIE sont normalis\u00e9s et donc identiques partout.<\/p>\n<\/div>\n<\/li>\n<li>\n<h3>O\u00f9 se trouve l&rsquo;\u00e9cole professionnelle pour les apprentis sp\u00e9cialis\u00e9s en travaux manuels ?<\/h3>\n<div>\n<p>L&rsquo;enseignement \u00e0 l&rsquo;\u00e9cole professionnelle est identique \u00e0 celui des points forts \u00ab\u00a0service domestique\u00a0\u00bb et \u00ab\u00a0installations sportives\u00a0\u00bb et est dispens\u00e9 au m\u00eame endroit au niveau r\u00e9gional.<\/p>\n<\/div>\n<\/li>\n<li>\n<h3>Existe-t-il des directives concernant le travail en \u00e9quipe\/le week-end ?<\/h3>\n<div>\n<p>La loi sur le travail et ses ordonnances contiennent des dispositions particuli\u00e8res pour la protection des jeunes travailleurs. Celles-ci doivent \u00e9galement \u00eatre prises en compte et respect\u00e9es ici.<\/p>\n<\/div>\n<p><a href=\"\/wp-content\/uploads\/2022\/05\/Bipla_80202_f.pdf\">Plan de formation en PDF<\/a><\/p>\n<\/li>\n<li>\n<h3>Est-il possible de passer d&rsquo;un domaine d&rsquo;approfondissement \u00e0 l&rsquo;autre ?<\/h3>\n<div>\n<p>Non, il n&rsquo;est pas possible de changer d&rsquo;orientation. Au d\u00e9but de l&rsquo;apprentissage, les apprentis choisissent d\u00e9finitivement l&rsquo;un des domaines d&rsquo;approfondissement.<\/p>\n<\/div>\n<\/li>\n<\/ul>\n<p><!--more--><br \/>\n<!-- {\"name\":\"Organisation\",\"type\":\"layout\",\"children\":[{\"name\":\"Slider\",\"type\":\"section\",\"props\":{\"height\":\"expand\",\"image\":\"wp-content\\\/uploads\\\/2022\\\/06\\\/170262_1458-e1655112122318.jpg\",\"image_position\":\"center-center\",\"image_size\":\"cover\",\"image_width\":\"2560\",\"padding\":\"large\",\"style\":\"default\",\"text_color\":\"light\",\"title_breakpoint\":\"xl\",\"title_position\":\"top-left\",\"title_rotation\":\"left\",\"vertical_align\":\"middle\",\"width\":\"\"},\"children\":[{\"type\":\"row\",\"children\":[{\"type\":\"column\",\"props\":{\"image_position\":\"center-center\",\"position_sticky_breakpoint\":\"m\",\"width_medium\":\"1-1\"}}]}]},{\"type\":\"section\",\"props\":{\"image_position\":\"center-center\",\"style\":\"default\",\"title_breakpoint\":\"xl\",\"title_position\":\"top-left\",\"title_rotation\":\"left\",\"vertical_align\":\"middle\",\"width\":\"default\"},\"children\":[{\"type\":\"row\",\"children\":[{\"type\":\"column\",\"props\":{\"image_position\":\"center-center\",\"position_sticky_breakpoint\":\"m\"},\"children\":[{\"type\":\"headline\",\"props\":{\"content\":\"Agent-e d\\u2019exploitation\",\"margin_remove_bottom\":true,\"text_align\":\"center\",\"title_element\":\"h2\",\"title_style\":\"h4\"}},{\"type\":\"headline\",\"props\":{\"content\":\"<strong>Fili\\u00e8re Voirie<\\\/strong>\",\"margin_remove_top\":true,\"text_align\":\"center\",\"title_decoration\":\"bullet\",\"title_element\":\"h1\"}},{\"type\":\"text\",\"props\":{\"column_breakpoint\":\"m\",\"content\":\"\n\n<p><strong>Ces conditions et environnements de travail tu peux les trouver aupr\\u00e8s des communes, des h\\u00f4pitaux, EMS, \\u00e9coles, entreprises industrielles, services logistique de l\\u2019arm\\u00e9e, entreprises de gestion en b\\u00e2timents, a\\u00e9roport, ...<\\\/strong><\\\/p>\",\"margin\":\"default\",\"text_align\":\"center\"}}]}]},{\"type\":\"row\",\"props\":{\"margin\":\"large\"},\"children\":[{\"type\":\"column\",\"props\":{\"image_position\":\"center-center\",\"position_sticky_breakpoint\":\"m\"},\"children\":[{\"type\":\"panel\",\"props\":{\"content\":\"\n\n<p><strong>Tu aimes travailler en plein air et par tous les temps. Tu aimes \\u00eatre actif et donner un coup de main. <\\\/strong><\\\/p>\\n\n\n<p>Tu veilles \\u00e0 ce que nos routes soient en bon \\u00e9tat et s\\u00fbres et que les parcs et les espaces verts soient bien entretenus. Tu t\\u2019occupes du recyclage et de l\\u2019\\u00e9limination des d\\u00e9chets. Pour toi, la s\\u00e9curit\\u00e9 au travail et la protection de la sant\\u00e9 et de l\\u2019environnement sont primordiales.<\\\/p>\\n\n\n<p><strong>3 ans d\\u2019apprentissage<\\\/strong> <br \\\/>4 jours de pratique professionnelle, <br \\\/>1 jour d\\u2019\\u00e9cole professionnelle par semaine <br \\\/>Dipl\\u00f4me avec <strong>certificat f\\u00e9d\\u00e9ral de capacit\\u00e9 CFC<\\\/strong> Possible \\u00e9galement avec <strong>maturit\\u00e9 <\\\/strong><strong>professionnelle <\\\/strong><\\\/p>\",\"content_column_breakpoint\":\"m\",\"icon_width\":80,\"image\":\"wp-content\\\/uploads\\\/2023\\\/07\\\/werkdienst-fr.jpg\",\"image_align\":\"right\",\"image_grid_breakpoint\":\"m\",\"image_grid_width\":\"1-2\",\"image_svg_color\":\"emphasis\",\"image_vertical_align\":true,\"link_style\":\"default\",\"link_text\":\"Read more\",\"margin\":\"default\",\"meta_align\":\"below-title\",\"meta_element\":\"div\",\"meta_style\":\"text-meta\",\"panel_image_no_padding\":true,\"panel_padding\":\"default\",\"panel_style\":\"card-primary\",\"title\":\"\",\"title_align\":\"top\",\"title_element\":\"h3\",\"title_grid_breakpoint\":\"m\",\"title_grid_width\":\"1-2\",\"title_hover_style\":\"reset\"}}]}]}]},{\"type\":\"section\",\"props\":{\"image_position\":\"center-center\",\"style\":\"default\",\"title_breakpoint\":\"xl\",\"title_position\":\"top-left\",\"title_rotation\":\"left\",\"vertical_align\":\"middle\",\"width\":\"default\"},\"children\":[{\"type\":\"row\",\"children\":[{\"type\":\"column\",\"props\":{\"image_position\":\"center-center\",\"position_sticky_breakpoint\":\"m\"},\"children\":[{\"type\":\"headline\",\"props\":{\"content\":\"Questions et r\\u00e9ponses\",\"text_align\":\"center\",\"title_decoration\":\"bullet\",\"title_element\":\"h2\"}}]}]},{\"type\":\"row\",\"children\":[{\"type\":\"column\",\"props\":{\"image_position\":\"center-center\",\"position_sticky_breakpoint\":\"m\"},\"children\":[{\"type\":\"accordion\",\"props\":{\"collapsible\":true,\"content_column_breakpoint\":\"m\",\"image_align\":\"top\",\"image_grid_breakpoint\":\"m\",\"image_grid_width\":\"1-2\",\"image_svg_color\":\"emphasis\",\"link_style\":\"primary\",\"link_target\":true,\"link_text\":\"Read more\",\"show_image\":true,\"show_link\":true},\"children\":[{\"type\":\"accordion_item\",\"props\":{\"content\":\"\n\n<p>Pour le domaine de comp\\u00e9tences op\\u00e9rationnelles C \\\"Entretien des espaces verts\\\", l'\\u00e9quipement \\\/ l'assortiment minimum suivant est n\\u00e9cessaire :<\\\/p>\\n\n\n<ol>\\n\n\n<li>les eaux publiques (soumises aux r\\u00e9glementations de l'Office f\\u00e9d\\u00e9ral de l'environnement ; ruisseaux, rivi\\u00e8res, biotopes\\\/\\u00e9tangs et lacs)<\\\/li>\\n\n\n<li>eaux priv\\u00e9es (par exemple pour les immeubles et les espaces verts)<\\\/li>\\n<\\\/ol>\",\"link\":\"wp-content\\\/uploads\\\/2022\\\/06\\\/2.1.3-SFB_Schweiz_Mindesteinrichtung_Lehrbetrieb_220519_def.pdf\",\"link_text\":\"PDF \\u00ab\\u00c9quipement minimal\\\/assortiment minimal pour l'entreprise formatrice\\u00bb\",\"title\":\"Quelles sont les conditions qu'une entreprise doit remplir pour pouvoir former des apprentis dans le domaine sp\\u00e9cifique du service d'entretien ?\"}},{\"type\":\"accordion_item\",\"props\":{\"content\":\"\n\n<p>Si l'entreprise ne peut pas couvrir l'ensemble de l'assortiment minimal, les formations professionnelles initiales sont dispens\\u00e9es dans le cadre d'un groupement ou d'une coop\\u00e9ration d'entreprises formatrices qui disposent ensemble de l'\\u00e9quipement minimal et de l'assortiment minimal. Les entreprises, les formateurs ou les RH doivent organiser cela de mani\\u00e8re autonome au niveau r\\u00e9gional.<\\\/p>\",\"title\":\"Que se passe-t-il si l'entreprise ne peut pas remplir tout l'assortiment minimal ?\"}},{\"type\":\"accordion_item\",\"props\":{\"content\":\"\n\n<p>Outre le cours de formateur, les exigences pos\\u00e9es aux formateurs conform\\u00e9ment \\u00e0 l'ordonnance du SBFI (Secr\\u00e9tariat d'\\u00c9tat \\u00e0 la formation, \\u00e0 la recherche et \\u00e0 l'innovation) sur la formation professionnelle initiale d'\\\"agent d'exploitation avec certificat f\\u00e9d\\u00e9ral de capacit\\u00e9 (CFC)\\\" doivent \\u00eatre remplies. Et il faut disposer de suffisamment de temps pour la formation des apprentis.<br \\\/>Dans le document \\\"Aper\\u00e7u des professions apparent\\u00e9es\\\" du SFB, vous trouverez les directives exactes du SBFI.<\\\/p>\",\"link\":\"wp-content\\\/uploads\\\/2022\\\/06\\\/2.1.4-SFB_Schweiz_Verwandte_Berufe_220519.pdf\",\"link_text\":\"PDF \\u00abAper\\u00e7u des professions apparent\\u00e9es\\u00bb\",\"title\":\"Quelles conditions les formateurs doivent-ils remplir en plus du cours de formateur ?\"}},{\"type\":\"accordion_item\",\"props\":{\"content\":\"\n\n<p>Une (1) personne charg\\u00e9e de l'apprentissage par entreprise est n\\u00e9cessaire et doit disposer des comp\\u00e9tences requises. En outre, en cas d'\\u00e9ventuelles absences du\\\/de la responsable d'apprentissage, un(e) professionnel(le) permanent(e) doit toujours \\u00eatre pr\\u00e9sent(e) sur place pour assurer l'encadrement pendant la pr\\u00e9sence des apprentis.<\\\/p>\",\"title\":\"De combien de sp\\u00e9cialistes une entreprise a-t-elle besoin pour pouvoir former des apprentis ?\"}},{\"type\":\"accordion_item\",\"props\":{\"content\":\"\n\n<p>Lernende im Schwerpunkt Sportanlagen m\\u00fcssen k\\u00f6rperlich fit und sportlich sein und auch schwimmen k\\u00f6nnen.<\\\/p>\",\"status\":\"disabled\",\"title\":\"Gibt es bestimmte Voraussetzungen f\\u00fcr Lernende (z. B. Schule, pers\\u00f6nliche Fitness)?\"}},{\"type\":\"accordion_item\",\"props\":{\"content\":\"\n\n<p>On distingue l'enseignement sur le \\\"lieu de formation entreprise\\\" et sur le \\\"lieu de formation CIE\\\" (cours interentreprises). L'enseignement dans l'entreprise est individuel et s'oriente sur les besoins \\\/ conditions cadres de l'entreprise. Les contenus des CIE sont normalis\\u00e9s et donc identiques partout.<\\\/p>\",\"title\":\"Que doivent apprendre les apprentis du domaine d'approfondissement Service d'entretien pour les activit\\u00e9s pratiques en entreprise ?\"}},{\"type\":\"accordion_item\",\"props\":{\"content\":\"\n\n<p>In der Deutschschweiz finden die \\u00fcK im Campus Sursee und im KSS &amp; SFB Bildungszentrum Schaffhausen statt. In der Romandie im Espace Gruy\\u00e8re in Bulle.<\\\/p>\",\"status\":\"disabled\",\"title\":\"Wo finden die \\u00fcK statt?\"}},{\"type\":\"accordion_item\",\"props\":{\"content\":\"\n\n<p>L'enseignement \\u00e0 l'\\u00e9cole professionnelle est identique \\u00e0 celui des points forts \\\"service domestique\\\" et \\\"installations sportives\\\" et est dispens\\u00e9 au m\\u00eame endroit au niveau r\\u00e9gional.<\\\/p>\",\"title\":\"O\\u00f9 se trouve l'\\u00e9cole professionnelle pour les apprentis sp\\u00e9cialis\\u00e9s en travaux manuels ?\"}},{\"type\":\"accordion_item\",\"props\":{\"content\":\"\n\n<p>Im Handlungskompetenzbereich C \\u00abPflege von Gr\\u00fcnfl\\u00e4chen\\u00bb wird zus\\u00e4tzlich der Unterhalt von Gew\\u00e4ssern im \\u00f6ffentlichen und privaten Raum erlernt.<\\\/p>\\n\n\n<ul><\\\/ul>\\n\n\n<p>Das Reinigen, Unterhalten und Warten von Aussenanlagen, Installationen und Geb\\u00e4uden, sowie die Pflege von Gr\\u00fcnfl\\u00e4chen ist Teil der Ausbildungsinhalte aller drei Schwerpunkte.\\u00a0<\\\/p>\",\"status\":\"disabled\",\"title\":\"Welche Ausbildungsinhalte unterscheiden den Schwerpunkt Sportanlagen von den \\u00fcbrigen Schwerpunkten? \"}},{\"type\":\"accordion_item\",\"props\":{\"content\":\"\n\n<p>Hierzu gibt es keine fix vorgegebenen Zeitr\\u00e4ume. Dies ist abh\\u00e4ngig von den Gegebenheiten im jeweiligen Betrieb. Wichtig ist, dass die Lernenden f\\u00fcr das QV (Qualifikationsverfahren) am Ende der Ausbildung bereit sind.<\\\/p>\\n\n\n<p>Als grobe Empfehlung gilt: <br \\\/>Eisbahnen: zwischen 3 \\u2013 4 Monate<br \\\/>Badeanlagen: 3 Monate<br \\\/>Sportrasen: 1 \\u2013 2 Monate<\\\/p>\",\"status\":\"disabled\",\"title\":\"Wie viel Zeit der Ausbildung m\\u00fcssen die Lernenden in den einzelnen Sportanlagen aufwenden?  Wie viele Stunden muss der Lehrling z.B. bei den Sport-Rasenpl\\u00e4tzen eingesetzt werden, wie viele davon im Bad, usw.?\"}},{\"type\":\"accordion_item\",\"props\":{\"content\":\"\n\n<p>La loi sur le travail et ses ordonnances contiennent des dispositions particuli\\u00e8res pour la protection des jeunes travailleurs. Celles-ci doivent \\u00e9galement \\u00eatre prises en compte et respect\\u00e9es ici.<\\\/p>\",\"link\":\"wp-content\\\/uploads\\\/2022\\\/05\\\/Bipla_80202_f.pdf\",\"link_text\":\"Plan de formation en PDF\",\"title\":\"Existe-t-il des directives concernant le travail en \\u00e9quipe\\\/le week-end ?\"}},{\"type\":\"accordion_item\",\"props\":{\"content\":\"\n\n<p>Non, il n'est pas possible de changer d'orientation. Au d\\u00e9but de l'apprentissage, les apprentis choisissent d\\u00e9finitivement l'un des domaines d'approfondissement.<\\\/p>\",\"title\":\"Est-il possible de passer d'un domaine d'approfondissement \\u00e0 l'autre ?\"}}]}]}]}],\"name\":\"FAQ\"}],\"version\":\"4.0.7\",\"yooessentialsVersion\":\"2.0.12\"} --><\/p>\n","protected":false},"excerpt":{"rendered":"<p>Agent-e d\u2019exploitation Fili\u00e8re Voirie Ces conditions et environnements de travail tu peux les trouver aupr\u00e8s des communes, des h\u00f4pitaux, EMS, \u00e9coles, entreprises industrielles, services logistique de l\u2019arm\u00e9e, entreprises de gestion en b\u00e2timents, a\u00e9roport, &#8230; Tu aimes travailler en plein air et par tous les temps. Tu aimes \u00eatre actif et donner un coup de main. [&hellip;]<\/p>\n","protected":false},"author":2,"featured_media":0,"parent":0,"menu_order":21,"comment_status":"closed","ping_status":"closed","template":"","meta":{"_acf_changed":false,"footnotes":""},"class_list":["post-7683","page","type-page","status-publish","hentry"],"acf":[],"yoast_head":"<!-- This site is optimized with the Yoast SEO plugin v27.5 - https:\/\/yoast.com\/product\/yoast-seo-wordpress\/ -->\n<title>Voirie - SFB Schweiz<\/title>\n<meta name=\"robots\" content=\"index, follow, max-snippet:-1, max-image-preview:large, max-video-preview:-1\" \/>\n<link rel=\"canonical\" href=\"https:\/\/betriebsunterhalt.ch\/fr\/voirie\/\" \/>\n<meta property=\"og:locale\" content=\"fr_FR\" \/>\n<meta property=\"og:type\" content=\"article\" \/>\n<meta property=\"og:title\" content=\"Voirie - SFB Schweiz\" \/>\n<meta property=\"og:description\" content=\"Agent-e d\u2019exploitation Fili\u00e8re Voirie Ces conditions et environnements de travail tu peux les trouver aupr\u00e8s des communes, des h\u00f4pitaux, EMS, \u00e9coles, entreprises industrielles, services logistique de l\u2019arm\u00e9e, entreprises de gestion en b\u00e2timents, a\u00e9roport, &#8230; Tu aimes travailler en plein air et par tous les temps. Tu aimes \u00eatre actif et donner un coup de main. [&hellip;]\" \/>\n<meta property=\"og:url\" content=\"https:\/\/betriebsunterhalt.ch\/fr\/voirie\/\" \/>\n<meta property=\"og:site_name\" content=\"SFB Schweiz\" \/>\n<meta property=\"article:modified_time\" content=\"2023-07-25T15:23:34+00:00\" \/>\n<meta name=\"twitter:card\" content=\"summary_large_image\" \/>\n<meta name=\"twitter:label1\" content=\"Dur\u00e9e de lecture estim\u00e9e\" \/>\n\t<meta name=\"twitter:data1\" content=\"4 minutes\" \/>\n<script type=\"application\/ld+json\" class=\"yoast-schema-graph\">{\"@context\":\"https:\\\/\\\/schema.org\",\"@graph\":[{\"@type\":\"WebPage\",\"@id\":\"https:\\\/\\\/betriebsunterhalt.ch\\\/fr\\\/voirie\\\/\",\"url\":\"https:\\\/\\\/betriebsunterhalt.ch\\\/fr\\\/voirie\\\/\",\"name\":\"Voirie - SFB Schweiz\",\"isPartOf\":{\"@id\":\"https:\\\/\\\/betriebsunterhalt.ch\\\/fr\\\/#website\"},\"datePublished\":\"2022-06-08T11:13:45+00:00\",\"dateModified\":\"2023-07-25T15:23:34+00:00\",\"breadcrumb\":{\"@id\":\"https:\\\/\\\/betriebsunterhalt.ch\\\/fr\\\/voirie\\\/#breadcrumb\"},\"inLanguage\":\"fr-FR\",\"potentialAction\":[{\"@type\":\"ReadAction\",\"target\":[\"https:\\\/\\\/betriebsunterhalt.ch\\\/fr\\\/voirie\\\/\"]}]},{\"@type\":\"BreadcrumbList\",\"@id\":\"https:\\\/\\\/betriebsunterhalt.ch\\\/fr\\\/voirie\\\/#breadcrumb\",\"itemListElement\":[{\"@type\":\"ListItem\",\"position\":1,\"name\":\"Startseite\",\"item\":\"https:\\\/\\\/betriebsunterhalt.ch\\\/fr\\\/\"},{\"@type\":\"ListItem\",\"position\":2,\"name\":\"Voirie\"}]},{\"@type\":\"WebSite\",\"@id\":\"https:\\\/\\\/betriebsunterhalt.ch\\\/fr\\\/#website\",\"url\":\"https:\\\/\\\/betriebsunterhalt.ch\\\/fr\\\/\",\"name\":\"SFB Schweiz\",\"description\":\"Wir halten die Zukunft in Betrieb!\",\"potentialAction\":[{\"@type\":\"SearchAction\",\"target\":{\"@type\":\"EntryPoint\",\"urlTemplate\":\"https:\\\/\\\/betriebsunterhalt.ch\\\/fr\\\/?s={search_term_string}\"},\"query-input\":{\"@type\":\"PropertyValueSpecification\",\"valueRequired\":true,\"valueName\":\"search_term_string\"}}],\"inLanguage\":\"fr-FR\"}]}<\/script>\n<!-- \/ Yoast SEO plugin. -->","yoast_head_json":{"title":"Voirie - SFB Schweiz","robots":{"index":"index","follow":"follow","max-snippet":"max-snippet:-1","max-image-preview":"max-image-preview:large","max-video-preview":"max-video-preview:-1"},"canonical":"https:\/\/betriebsunterhalt.ch\/fr\/voirie\/","og_locale":"fr_FR","og_type":"article","og_title":"Voirie - SFB Schweiz","og_description":"Agent-e d\u2019exploitation Fili\u00e8re Voirie Ces conditions et environnements de travail tu peux les trouver aupr\u00e8s des communes, des h\u00f4pitaux, EMS, \u00e9coles, entreprises industrielles, services logistique de l\u2019arm\u00e9e, entreprises de gestion en b\u00e2timents, a\u00e9roport, &#8230; Tu aimes travailler en plein air et par tous les temps. Tu aimes \u00eatre actif et donner un coup de main. [&hellip;]","og_url":"https:\/\/betriebsunterhalt.ch\/fr\/voirie\/","og_site_name":"SFB Schweiz","article_modified_time":"2023-07-25T15:23:34+00:00","twitter_card":"summary_large_image","twitter_misc":{"Dur\u00e9e de lecture estim\u00e9e":"4 minutes"},"schema":{"@context":"https:\/\/schema.org","@graph":[{"@type":"WebPage","@id":"https:\/\/betriebsunterhalt.ch\/fr\/voirie\/","url":"https:\/\/betriebsunterhalt.ch\/fr\/voirie\/","name":"Voirie - SFB Schweiz","isPartOf":{"@id":"https:\/\/betriebsunterhalt.ch\/fr\/#website"},"datePublished":"2022-06-08T11:13:45+00:00","dateModified":"2023-07-25T15:23:34+00:00","breadcrumb":{"@id":"https:\/\/betriebsunterhalt.ch\/fr\/voirie\/#breadcrumb"},"inLanguage":"fr-FR","potentialAction":[{"@type":"ReadAction","target":["https:\/\/betriebsunterhalt.ch\/fr\/voirie\/"]}]},{"@type":"BreadcrumbList","@id":"https:\/\/betriebsunterhalt.ch\/fr\/voirie\/#breadcrumb","itemListElement":[{"@type":"ListItem","position":1,"name":"Startseite","item":"https:\/\/betriebsunterhalt.ch\/fr\/"},{"@type":"ListItem","position":2,"name":"Voirie"}]},{"@type":"WebSite","@id":"https:\/\/betriebsunterhalt.ch\/fr\/#website","url":"https:\/\/betriebsunterhalt.ch\/fr\/","name":"SFB Schweiz","description":"Wir halten die Zukunft in Betrieb!","potentialAction":[{"@type":"SearchAction","target":{"@type":"EntryPoint","urlTemplate":"https:\/\/betriebsunterhalt.ch\/fr\/?s={search_term_string}"},"query-input":{"@type":"PropertyValueSpecification","valueRequired":true,"valueName":"search_term_string"}}],"inLanguage":"fr-FR"}]}},"_links":{"self":[{"href":"https:\/\/betriebsunterhalt.ch\/fr\/wp-json\/wp\/v2\/pages\/7683","targetHints":{"allow":["GET"]}}],"collection":[{"href":"https:\/\/betriebsunterhalt.ch\/fr\/wp-json\/wp\/v2\/pages"}],"about":[{"href":"https:\/\/betriebsunterhalt.ch\/fr\/wp-json\/wp\/v2\/types\/page"}],"author":[{"embeddable":true,"href":"https:\/\/betriebsunterhalt.ch\/fr\/wp-json\/wp\/v2\/users\/2"}],"replies":[{"embeddable":true,"href":"https:\/\/betriebsunterhalt.ch\/fr\/wp-json\/wp\/v2\/comments?post=7683"}],"version-history":[{"count":0,"href":"https:\/\/betriebsunterhalt.ch\/fr\/wp-json\/wp\/v2\/pages\/7683\/revisions"}],"wp:attachment":[{"href":"https:\/\/betriebsunterhalt.ch\/fr\/wp-json\/wp\/v2\/media?parent=7683"}],"curies":[{"name":"wp","href":"https:\/\/api.w.org\/{rel}","templated":true}]}}