{"id":7759,"date":"2022-02-03T08:36:57","date_gmt":"2022-02-03T07:36:57","guid":{"rendered":"https:\/\/betriebsunterhalt.ch\/organisation\/"},"modified":"2026-03-23T16:10:30","modified_gmt":"2026-03-23T15:10:30","slug":"organisation","status":"publish","type":"page","link":"https:\/\/betriebsunterhalt.ch\/fr\/organisation\/","title":{"rendered":"Organisation"},"content":{"rendered":"<h1>Association ASAE<\/h1>\n<div>\n<p><strong>L&rsquo;association suisse des agents d&rsquo;exploitation (ASAE) est organis\u00e9e de mani\u00e8re ouverte et transparente, et sa structure est simple : Personnes de contact avec photo et adresse, historique, organigramme et statuts &#8211; vous trouverez tout ici en un coup d&rsquo;\u0153il.<\/strong><\/p>\n<p>Notre association est jeune &#8211; \u00e0 tous points de vue. Depuis 1999, nous nous occupons de la formation et de la formation continue dans notre secteur. En collaboration avec la Conf\u00e9d\u00e9ration, nous veillons \u00e0 l&rsquo;uniformit\u00e9 des normes et \u00e0 la mise en place de conditions-cadres id\u00e9ales dans un environnement professionnel dynamique, d\u00e9veloppement permanent compris.<\/p>\n<\/div>\n<h2>Comit\u00e9 directeur de la ASAE Suisse<\/h2>\n<ul>\n<li>\n<p>        <img decoding=\"async\" src=\"\/wp-content\/uploads\/2022\/02\/vorstand_0004_claude-zbinden.jpg\" alt=\"\"><\/p>\n<h3>Claude Zbinden<\/h3>\n<p>T +41 44 931 32 87 <br \/>M +41 79 421 74 14<\/p>\n<div>\n<p>Pr\u00e9sident<\/p>\n<\/div>\n<p><a href=\"mailto:claude.zbinden@wetzikon.ch\">E-Mail<\/a><\/p>\n<\/li>\n<li>\n<p>        <img decoding=\"async\" src=\"\/wp-content\/uploads\/2022\/02\/vorstand_0007_roland-flueckiger.jpg\" alt=\"\"><\/p>\n<h3>Roland Fl\u00fcckiger<\/h3>\n<p>M +41 79 322 06 84<\/p>\n<div>\n<p>Vice-pr\u00e9sident<\/p>\n<\/div>\n<p><a href=\"mailto:roland.flueckiger@edulu.ch\">E-Mail<\/a><\/p>\n<\/li>\n<li>\n<p>        <img decoding=\"async\" src=\"\/wp-content\/uploads\/2022\/02\/vorstand_0006_rolf-mettler.jpg\" alt=\"\"><\/p>\n<h3>Rolf Mettler<\/h3>\n<p>T +41 58 387 13 05<\/p>\n<div>\n<p>CFC \/ AFP<\/p>\n<\/div>\n<p><a href=\"mailto:mettler-rolf@hotmail.com\">E-Mail<\/a><\/p>\n<\/li>\n<li>\n<p>        <img decoding=\"async\" src=\"\/wp-content\/uploads\/2022\/02\/vorstand_0002_christian-krismer.jpg\" alt=\"\"><\/p>\n<h3>Christian Krismer<\/h3>\n<p>M +41 79 414 59 22<\/p>\n<div>\n<p>Formation continue voirie<\/p>\n<\/div>\n<p><a href=\"mailto:christian.krismer@bd.zh.ch\">E-Mail<\/a><\/p>\n<\/li>\n<li>\n<p>        <img decoding=\"async\" src=\"\/wp-content\/uploads\/2024\/07\/protrait_thomas_maeusli.jpg\" alt=\"\"><\/p>\n<h3>Thomas M\u00e4usli<\/h3>\n<p>M +41 79 657 62 02<\/p>\n<p><a href=\"mailto:thomas.maeusli@betriebsunterhalt.ch\">E-Mail<\/a><\/p>\n<\/li>\n<li>\n<p>        <img decoding=\"async\" src=\"\/wp-content\/uploads\/glassmorphic-icon-l-user.svg\" alt=\"\"><\/p>\n<h3>vacant<\/h3>\n<div>\n<p>Marketing<\/p>\n<\/div>\n<\/li>\n<\/ul>\n<h2>Secr\u00e9tariat<\/h2>\n<ul>\n<li>\n<p>        <img decoding=\"async\" src=\"\/wp-content\/uploads\/2022\/02\/vorstand_0001_roland-schuerch.jpg\" alt=\"\"><\/p>\n<h3>Roland Sch\u00fcrch<\/h3>\n<p>M +41 79 439 94 60<\/p>\n<div>\n<p>Finances<\/p>\n<\/div>\n<p><a href=\"mailto:roland.schuerch@kutag.ch\">E-Mail<\/a><\/p>\n<\/li>\n<li>\n<p>        <img decoding=\"async\" src=\"\/wp-content\/uploads\/2022\/02\/vorstand_0000_magdalena-obrecht.jpg\" alt=\"\"><\/p>\n<h3>Magdalena Obrecht<\/h3>\n<p>M +41 77 485 43 42<\/p>\n<div>\n<p>Administration<\/p>\n<\/div>\n<p><a href=\"mailto:infoschweiz@betriebsunterhalt.ch\">E-Mail<\/a><\/p>\n<\/li>\n<\/ul>\n<h2>Histoire<\/h2>\n<ul>\n<li>\n<h3>2007<\/h3>\n<div>\n<p>nouveau nom \u00ab\u00a0association suisse des agents d\u2019exploitation\u00a0\u00bb (ASAE) dans le cadre de l&rsquo;ordonnance sur la formation<\/p>\n<p>Entr\u00e9e en vigueur de l&rsquo;ordonnance suisse, y compris du plan de formation pour la formation d'\u00a0\u00bbagent d&rsquo;exploitation CFC\u00a0\u00bb.<\/p>\n<p>Premiers apprentis selon le nouveau plan de formation<\/p>\n<\/div>\n<\/li>\n<li>\n<h3>2006<\/h3>\n<div>\n<p>Admission de la Suisse romande et du TI dans l&rsquo;ASAE<\/p>\n<\/div>\n<\/li>\n<li>\n<h3>2004 \u2013 2006<\/h3>\n<div>\n<p>Coop\u00e9ration entre l&rsquo;ASAE et l&rsquo;Office f\u00e9d\u00e9ral de la formation professionnelle et de la technologie (OFFT) : \u00e9laboration de l&rsquo;ordonnance suisse, y compris du plan de formation pour l&rsquo;apprentissage de 3 ans avec certificat f\u00e9d\u00e9ral de capacit\u00e9, en remplacement des r\u00e8glements cantonaux.<\/p>\n<\/div>\n<\/li>\n<li>\n<h3>2004<\/h3>\n<div>\n<p>Fondation de \u00abSchweizer Fachverband Betriebspraktiker\u00bb (SFB)<\/p>\n<\/div>\n<\/li>\n<li>\n<h3>2002<\/h3>\n<div>\n<p>ZH : premier examen de fin d&rsquo;apprentissage<\/p>\n<p>Reprise du r\u00e8glement par d&rsquo;autres cantons<\/p>\n<\/div>\n<\/li>\n<li>\n<h3>1999<\/h3>\n<div>\n<p>ZH: Fondation de \u00abZ\u00fcrcher Lehrmeistervereinigung der Betriebspraktiker\/in\u00bb (ZLB)<\/p>\n<p>Elaboration du r\u00e8glement pour la formation de 3 ans pour les praticiens en entreprise \u00e0 ZH et AG<\/p>\n<p>Premiers apprentis dans la nouvelle profession<\/p>\n<\/div>\n<\/li>\n<li>\n<h3>1998<\/h3>\n<div>\n<p>ZH: mandat du Conseil d&rsquo;Etat pour la cr\u00e9ation de places d&rsquo;apprentissage<\/p>\n<\/div>\n<\/li>\n<\/ul>\n<h2>Download<\/h2>\n<ul>\n<li>\n<p><a href=\"\/wp-content\/uploads\/2022\/02\/Organigramm_Schweiz_2018.pdf\"><\/p>\n<p>Organigramme<\/p>\n<p><\/a><\/p>\n<\/li>\n<li>\n<p><a href=\"\/wp-content\/uploads\/2022\/02\/Statuten_SFB_fr.pdf\"><\/p>\n<p>Statuts en fran\u00e7ais<\/p>\n<p><\/a><\/p>\n<\/li>\n<li>\n<p><a href=\"https:\/\/betriebsunterhalt.ch\/fr\/informations-sur-les-photos\/\"><\/p>\n<p>Affiche \u00ab\u00a0Ici on fait des photos et des vid\u00e9os\u00a0\u00bb<\/p>\n<p><\/a><\/p>\n<\/li>\n<\/ul>\n<p><!--more--><br \/>\n<!-- {\"name\":\"Organisation\",\"type\":\"layout\",\"children\":[{\"name\":\"Slider\",\"type\":\"section\",\"props\":{\"height\":\"page\",\"image\":\"wp-content\\\/uploads\\\/sites\\\/2\\\/2022\\\/01\\\/header_unterseite_0008_170262_1779.jpeg\",\"image_position\":\"center-center\",\"image_size\":\"cover\",\"image_width\":\"2560\",\"padding\":\"large\",\"style\":\"default\",\"text_color\":\"light\",\"title_breakpoint\":\"xl\",\"title_position\":\"top-left\",\"title_rotation\":\"left\",\"vertical_align\":\"\",\"width\":\"\"},\"children\":[{\"type\":\"row\",\"children\":[{\"type\":\"column\",\"props\":{\"image_position\":\"center-center\",\"position_sticky_breakpoint\":\"m\",\"width_medium\":\"1-1\"}}]}]},{\"type\":\"section\",\"props\":{\"image_position\":\"center-center\",\"style\":\"default\",\"title_breakpoint\":\"xl\",\"title_position\":\"top-left\",\"title_rotation\":\"left\",\"vertical_align\":\"\",\"width\":\"default\"},\"children\":[{\"type\":\"row\",\"children\":[{\"type\":\"column\",\"props\":{\"image_position\":\"center-center\",\"position_sticky_breakpoint\":\"m\"},\"children\":[{\"type\":\"headline\",\"props\":{\"content\":\"Association ASAE\",\"text_align\":\"center\",\"title_decoration\":\"bullet\",\"title_element\":\"h1\"}},{\"type\":\"text\",\"props\":{\"column_breakpoint\":\"m\",\"content\":\"\n\n<p><strong>L'association suisse des agents d'exploitation (ASAE) est organis\\u00e9e de mani\\u00e8re ouverte et transparente, et sa structure est simple : Personnes de contact avec photo et adresse, historique, organigramme et statuts - vous trouverez tout ici en un coup d'\\u0153il.<\\\/strong><\\\/p>\\n\n\n<p>Notre association est jeune - \\u00e0 tous points de vue. Depuis 1999, nous nous occupons de la formation et de la formation continue dans notre secteur. En collaboration avec la Conf\\u00e9d\\u00e9ration, nous veillons \\u00e0 l'uniformit\\u00e9 des normes et \\u00e0 la mise en place de conditions-cadres id\\u00e9ales dans un environnement professionnel dynamique, d\\u00e9veloppement permanent compris.<\\\/p>\",\"margin\":\"medium\",\"text_align\":\"center\",\"text_style\":\"lead\"}}]}]}]},{\"type\":\"section\",\"props\":{\"image_position\":\"center-center\",\"style\":\"default\",\"title_breakpoint\":\"xl\",\"title_position\":\"top-left\",\"title_rotation\":\"left\",\"vertical_align\":\"\",\"width\":\"default\"},\"children\":[{\"type\":\"row\",\"children\":[{\"type\":\"column\",\"props\":{\"image_position\":\"center-center\",\"position_sticky_breakpoint\":\"m\"},\"children\":[{\"type\":\"headline\",\"props\":{\"content\":\"Comit\\u00e9 directeur de la ASAE Suisse\",\"text_align\":\"center\",\"title_decoration\":\"bullet\",\"title_element\":\"h2\"}},{\"type\":\"grid\",\"props\":{\"content_column_breakpoint\":\"m\",\"content_margin\":\"remove\",\"content_style\":\"text-lead\",\"css\":\".uk-card-body {border-top: 4px solid rgba(50, 145, 209, 1);}\\n.el-title {\\n    font-size: 20px;\\n    font-weight: normal;\\n    font-style: normal;\\n    color: rgba(50, 145, 209, 1);}\",\"filter_align\":\"left\",\"filter_all\":true,\"filter_grid_breakpoint\":\"m\",\"filter_grid_width\":\"auto\",\"filter_position\":\"top\",\"filter_style\":\"tab\",\"grid_default\":\"1\",\"grid_medium\":\"4\",\"grid_small\":\"2\",\"icon_width\":80,\"image_align\":\"top\",\"image_grid_breakpoint\":\"m\",\"image_grid_width\":\"1-2\",\"image_height\":\"500\",\"image_svg_color\":\"emphasis\",\"image_width\":\"500\",\"item_animation\":true,\"lightbox_bg_close\":true,\"link_fullwidth\":false,\"link_style\":\"\",\"link_target\":true,\"link_text\":\"E-Mail\",\"margin\":\"large\",\"meta_align\":\"below-content\",\"meta_element\":\"div\",\"meta_style\":\"\",\"panel_content_padding\":\"small\",\"panel_image_no_padding\":true,\"panel_link\":false,\"panel_padding\":\"default\",\"panel_style\":\"card-primary\",\"parallax_easing\":\"1\",\"show_content\":true,\"show_hover_image\":true,\"show_hover_video\":true,\"show_image\":true,\"show_link\":true,\"show_meta\":true,\"show_title\":true,\"show_video\":true,\"text_align\":\"center\",\"title_align\":\"top\",\"title_element\":\"h3\",\"title_grid_breakpoint\":\"m\",\"title_grid_width\":\"1-2\",\"title_hover_style\":\"reset\",\"title_margin\":\"remove\"},\"children\":[{\"type\":\"grid_item\",\"props\":{\"content\":\"\n\n<p>Pr\\u00e9sident<\\\/p>\",\"image\":\"wp-content\\\/uploads\\\/2022\\\/02\\\/vorstand_0004_claude-zbinden.jpg\",\"link\":\"mailto:claude.zbinden@wetzikon.ch\",\"meta\":\"T +41 44 931 32 87 <br \/>M +41 79 421 74 14\",\"title\":\"Claude Zbinden\"}},{\"type\":\"grid_item\",\"props\":{\"content\":\"\n\n<p>Vice-pr\\u00e9sident<\\\/p>\",\"image\":\"wp-content\\\/uploads\\\/2022\\\/02\\\/vorstand_0007_roland-flueckiger.jpg\",\"link\":\"mailto:roland.flueckiger@edulu.ch\",\"meta\":\"M +41 79 322 06 84\",\"title\":\"Roland Fl\\u00fcckiger\"}},{\"type\":\"grid_item\",\"props\":{\"content\":\"\n\n<p>CFC \\\/ AFP<\\\/p>\",\"image\":\"wp-content\\\/uploads\\\/2022\\\/02\\\/vorstand_0006_rolf-mettler.jpg\",\"link\":\"mailto:mettler-rolf@hotmail.com\",\"meta\":\"T +41 58 387 13 05\",\"title\":\"Rolf Mettler\"}},{\"type\":\"grid_item\",\"props\":{\"content\":\"\n\n<p>Formation continue voirie<\\\/p>\",\"image\":\"wp-content\\\/uploads\\\/2022\\\/02\\\/vorstand_0002_christian-krismer.jpg\",\"link\":\"mailto:christian.krismer@bd.zh.ch\",\"meta\":\"M +41 79 414 59 22\",\"title\":\"Christian Krismer\"}},{\"type\":\"grid_item\",\"props\":{\"content\":\"\",\"image\":\"wp-content\\\/uploads\\\/2024\\\/07\\\/protrait_thomas_maeusli.jpg\",\"image_focal_point\":\"top-center\",\"link\":\"mailto:thomas.maeusli@betriebsunterhalt.ch\",\"meta\":\"M +41 79 657 62 02\",\"title\":\"Thomas M\\u00e4usli\"}},{\"type\":\"grid_item\",\"props\":{\"content\":\"\n\n<p>Marketing<\\\/p>\",\"image\":\"wp-content\\\/uploads\\\/glassmorphic-icon-l-user.svg\",\"meta\":\"\",\"title\":\"vacant\"}},{\"type\":\"grid_item\",\"props\":{\"content\":\"\n\n<p>Installations sportives<br \\\/>Formation de base et continue<\\\/p>\",\"image\":\"wp-content\\\/uploads\\\/2022\\\/02\\\/vorstand-tobias-bernhard.jpg\",\"link\":\"mailto:tobias.bernhard@igba.ch\",\"meta\":\"T +41 44 413 93 75\",\"status\":\"disabled\",\"title\":\"Tobias Bernhard\"}}]}]}]}],\"name\":\"Vorstand\"},{\"type\":\"section\",\"props\":{\"image_position\":\"center-center\",\"style\":\"default\",\"title_breakpoint\":\"xl\",\"title_position\":\"top-left\",\"title_rotation\":\"left\",\"vertical_align\":\"\",\"width\":\"default\"},\"children\":[{\"type\":\"row\",\"children\":[{\"type\":\"column\",\"props\":{\"image_position\":\"center-center\",\"position_sticky_breakpoint\":\"m\"},\"children\":[{\"type\":\"headline\",\"props\":{\"content\":\"Secr\\u00e9tariat\",\"text_align\":\"center\",\"title_decoration\":\"bullet\",\"title_element\":\"h2\"}},{\"type\":\"grid\",\"props\":{\"content_column_breakpoint\":\"m\",\"content_margin\":\"remove\",\"content_style\":\"text-lead\",\"css\":\".uk-card-body {border-top: 4px solid rgba(50, 145, 209, 1);}\\n.el-title {\\n    font-size: 20px;\\n    font-family: AlwynNew-Bold;\\n    font-weight: normal;\\n    font-style: normal;\\n    color: rgba(50, 145, 209, 1);}\",\"filter_align\":\"left\",\"filter_all\":true,\"filter_grid_breakpoint\":\"m\",\"filter_grid_width\":\"auto\",\"filter_position\":\"top\",\"filter_style\":\"tab\",\"grid_default\":\"1\",\"grid_medium\":\"4\",\"grid_small\":\"2\",\"icon_width\":80,\"image_align\":\"top\",\"image_grid_breakpoint\":\"m\",\"image_grid_width\":\"1-2\",\"image_svg_color\":\"emphasis\",\"image_width\":\"500\",\"item_animation\":true,\"lightbox_bg_close\":true,\"link_fullwidth\":false,\"link_style\":\"\",\"link_target\":true,\"link_text\":\"E-Mail\",\"margin\":\"large\",\"meta_align\":\"below-content\",\"meta_element\":\"div\",\"meta_style\":\"\",\"panel_content_padding\":\"small\",\"panel_image_no_padding\":true,\"panel_link\":false,\"panel_padding\":\"default\",\"panel_style\":\"card-primary\",\"parallax_easing\":\"1\",\"show_content\":true,\"show_hover_image\":true,\"show_hover_video\":true,\"show_image\":true,\"show_link\":true,\"show_meta\":true,\"show_title\":true,\"show_video\":true,\"text_align\":\"center\",\"title_align\":\"top\",\"title_element\":\"h3\",\"title_grid_breakpoint\":\"m\",\"title_grid_width\":\"1-2\",\"title_hover_style\":\"reset\",\"title_margin\":\"remove\"},\"children\":[{\"type\":\"grid_item\",\"props\":{\"content\":\"\n\n<p>Finances<\\\/p>\",\"image\":\"wp-content\\\/uploads\\\/2022\\\/02\\\/vorstand_0001_roland-schuerch.jpg\",\"link\":\"mailto:roland.schuerch@kutag.ch\",\"meta\":\"M +41 79 439 94 60\",\"title\":\"Roland Sch\\u00fcrch\"}},{\"type\":\"grid_item\",\"props\":{\"content\":\"\n\n<p>Administration<\\\/p>\",\"image\":\"wp-content\\\/uploads\\\/2022\\\/02\\\/vorstand_0000_magdalena-obrecht.jpg\",\"link\":\"mailto:infoschweiz@betriebsunterhalt.ch\",\"meta\":\"M +41 77 485 43 42\",\"title\":\"Magdalena Obrecht\"}}]}]}]}],\"name\":\"Sekretariat\"},{\"type\":\"section\",\"props\":{\"image_position\":\"center-center\",\"style\":\"default\",\"title_breakpoint\":\"xl\",\"title_position\":\"top-left\",\"title_rotation\":\"left\",\"vertical_align\":\"\",\"width\":\"default\"},\"children\":[{\"type\":\"row\",\"children\":[{\"type\":\"column\",\"props\":{\"image_position\":\"center-center\",\"position_sticky_breakpoint\":\"m\"},\"children\":[{\"type\":\"headline\",\"props\":{\"content\":\"Histoire\",\"text_align\":\"center\",\"title_decoration\":\"bullet\",\"title_element\":\"h2\"}},{\"type\":\"hd-timeline\",\"props\":{\"align_default\":\"right\",\"align_medium\":\"left-alternate\",\"content_column_breakpoint\":\"m\",\"icon_width\":80,\"image_align\":\"top\",\"image_grid_breakpoint\":\"m\",\"image_grid_width\":\"1-2\",\"image_svg_color\":\"emphasis\",\"item_animation\":true,\"line_color\":\"rgba(50, 145, 209, 1)\",\"link_style\":\"default\",\"link_text\":\"Read more\",\"margin\":\"default\",\"meta_align\":\"below-title\",\"meta_element\":\"div\",\"meta_style\":\"text-meta\",\"panel_padding\":\"default\",\"panel_style\":\"card-default\",\"parallax_easing\":\"1\",\"show_content\":true,\"show_image\":true,\"show_link\":true,\"show_meta\":true,\"show_title\":true,\"timeline_icon_background\":\"rgba(255, 255, 255, 1)\",\"timeline_icon_border\":\"rgba(50, 145, 209, 1)\",\"timeline_icon_width\":40,\"title_align\":\"top\",\"title_element\":\"h3\",\"title_grid_breakpoint\":\"m\",\"title_grid_width\":\"1-2\",\"title_hover_style\":\"reset\",\"title_style\":\"h3\"},\"children\":[{\"type\":\"hd-timeline_item\",\"props\":{\"content\":\"\n\n<p>nouveau nom \\\"association suisse des agents d\\u2019exploitation\\\" (ASAE) dans le cadre de l'ordonnance sur la formation<\\\/p>\\n\n\n<p>Entr\\u00e9e en vigueur de l'ordonnance suisse, y compris du plan de formation pour la formation d'\\\"agent d'exploitation CFC\\\".<\\\/p>\\n\n\n<p>Premiers apprentis selon le nouveau plan de formation<\\\/p>\",\"title\":\"2007\"}},{\"type\":\"hd-timeline_item\",\"props\":{\"content\":\"\n\n<p>Admission de la Suisse romande et du TI dans l'ASAE<\\\/p>\",\"title\":\"2006\"}},{\"type\":\"hd-timeline_item\",\"props\":{\"content\":\"\n\n<p>Coop\\u00e9ration entre l'ASAE et l'Office f\\u00e9d\\u00e9ral de la formation professionnelle et de la technologie (OFFT) : \\u00e9laboration de l'ordonnance suisse, y compris du plan de formation pour l'apprentissage de 3 ans avec certificat f\\u00e9d\\u00e9ral de capacit\\u00e9, en remplacement des r\\u00e8glements cantonaux.<\\\/p>\",\"title\":\"2004 \\u2013 2006\"}},{\"type\":\"hd-timeline_item\",\"props\":{\"content\":\"\n\n<p>Fondation de \\u00abSchweizer Fachverband Betriebspraktiker\\u00bb (SFB)<\\\/p>\",\"title\":\"2004\"}},{\"type\":\"hd-timeline_item\",\"props\":{\"content\":\"\n\n<p>ZH : premier examen de fin d'apprentissage<\\\/p>\\n\n\n<p>Reprise du r\\u00e8glement par d'autres cantons<\\\/p>\",\"title\":\"2002\"}},{\"type\":\"hd-timeline_item\",\"props\":{\"content\":\"\n\n<p>ZH: Fondation de \\u00abZ\\u00fcrcher Lehrmeistervereinigung der Betriebspraktiker\\\/in\\u00bb (ZLB)<\\\/p>\\n\n\n<p>Elaboration du r\\u00e8glement pour la formation de 3 ans pour les praticiens en entreprise \\u00e0 ZH et AG<\\\/p>\\n\n\n<p>Premiers apprentis dans la nouvelle profession<\\\/p>\",\"title\":\"1999\"}},{\"type\":\"hd-timeline_item\",\"props\":{\"content\":\"\n\n<p>ZH: mandat du Conseil d'Etat pour la cr\\u00e9ation de places d'apprentissage<\\\/p>\",\"title\":\"1998\"}}]}]}]}],\"name\":\"Geschichte\"},{\"type\":\"section\",\"props\":{\"image_position\":\"center-center\",\"style\":\"default\",\"title_breakpoint\":\"xl\",\"title_position\":\"top-left\",\"title_rotation\":\"left\",\"vertical_align\":\"\",\"width\":\"default\"},\"children\":[{\"type\":\"row\",\"children\":[{\"type\":\"column\",\"props\":{\"image_position\":\"center-center\",\"position_sticky_breakpoint\":\"m\"},\"children\":[{\"type\":\"headline\",\"props\":{\"content\":\"Download\",\"text_align\":\"left\",\"title_element\":\"h2\",\"title_style\":\"h3\"}},{\"type\":\"list\",\"props\":{\"column_breakpoint\":\"m\",\"image_align\":\"left\",\"image_svg_color\":\"emphasis\",\"image_vertical_align\":true,\"list_element\":\"ul\",\"list_horizontal_separator\":\", \",\"list_marker\":\"disc\",\"list_type\":\"vertical\",\"show_image\":true,\"show_link\":true},\"children\":[{\"type\":\"list_item\",\"props\":{\"content\":\"\n\n<p>Organigramme<\\\/p>\",\"icon\":\"file-pdf\",\"link\":\"wp-content\\\/uploads\\\/2022\\\/02\\\/Organigramm_Schweiz_2018.pdf\",\"link_target\":true}},{\"type\":\"list_item\",\"props\":{\"content\":\"\n\n<p>Statuts en fran\\u00e7ais<\\\/p>\",\"icon\":\"file-pdf\",\"image\":\"\",\"link\":\"wp-content\\\/uploads\\\/2022\\\/02\\\/Statuten_SFB_fr.pdf\",\"link_target\":true}},{\"type\":\"list_item\",\"props\":{\"content\":\"\n\n<p>Affiche \\\"Ici on fait des photos et des vid\\u00e9os\\\"<\\\/p>\",\"link\":\"fotohinweise\\\/\"}}]}]}]}]}],\"version\":\"4.5.32\",\"yooessentialsVersion\":\"2.4.12\"} --><\/p>\n","protected":false},"excerpt":{"rendered":"<p>Association ASAE L&rsquo;association suisse des agents d&rsquo;exploitation (ASAE) est organis\u00e9e de mani\u00e8re ouverte et transparente, et sa structure est simple : Personnes de contact avec photo et adresse, historique, organigramme et statuts &#8211; vous trouverez tout ici en un coup d&rsquo;\u0153il. Notre association est jeune &#8211; \u00e0 tous points de vue. Depuis 1999, nous nous [&hellip;]<\/p>\n","protected":false},"author":2,"featured_media":0,"parent":0,"menu_order":54,"comment_status":"closed","ping_status":"closed","template":"","meta":{"_acf_changed":false,"footnotes":""},"class_list":["post-7759","page","type-page","status-publish","hentry"],"acf":[],"yoast_head":"<!-- This site is optimized with the Yoast SEO plugin v27.5 - https:\/\/yoast.com\/product\/yoast-seo-wordpress\/ -->\n<title>Organisation - SFB Schweiz<\/title>\n<meta name=\"robots\" content=\"index, follow, max-snippet:-1, max-image-preview:large, max-video-preview:-1\" \/>\n<link rel=\"canonical\" href=\"https:\/\/betriebsunterhalt.ch\/fr\/organisation\/\" \/>\n<meta property=\"og:locale\" content=\"fr_FR\" \/>\n<meta property=\"og:type\" content=\"article\" \/>\n<meta property=\"og:title\" content=\"Organisation - SFB Schweiz\" \/>\n<meta property=\"og:description\" content=\"Association ASAE L&rsquo;association suisse des agents d&rsquo;exploitation (ASAE) est organis\u00e9e de mani\u00e8re ouverte et transparente, et sa structure est simple : Personnes de contact avec photo et adresse, historique, organigramme et statuts &#8211; vous trouverez tout ici en un coup d&rsquo;\u0153il. Notre association est jeune &#8211; \u00e0 tous points de vue. Depuis 1999, nous nous [&hellip;]\" \/>\n<meta property=\"og:url\" content=\"https:\/\/betriebsunterhalt.ch\/fr\/organisation\/\" \/>\n<meta property=\"og:site_name\" content=\"SFB Schweiz\" \/>\n<meta property=\"article:modified_time\" content=\"2026-03-23T15:10:30+00:00\" \/>\n<meta name=\"twitter:card\" content=\"summary_large_image\" \/>\n<meta name=\"twitter:label1\" content=\"Dur\u00e9e de lecture estim\u00e9e\" \/>\n\t<meta name=\"twitter:data1\" content=\"4 minutes\" \/>\n<script type=\"application\/ld+json\" class=\"yoast-schema-graph\">{\"@context\":\"https:\\\/\\\/schema.org\",\"@graph\":[{\"@type\":\"WebPage\",\"@id\":\"https:\\\/\\\/betriebsunterhalt.ch\\\/fr\\\/organisation\\\/\",\"url\":\"https:\\\/\\\/betriebsunterhalt.ch\\\/fr\\\/organisation\\\/\",\"name\":\"Organisation - SFB Schweiz\",\"isPartOf\":{\"@id\":\"https:\\\/\\\/betriebsunterhalt.ch\\\/fr\\\/#website\"},\"datePublished\":\"2022-02-03T07:36:57+00:00\",\"dateModified\":\"2026-03-23T15:10:30+00:00\",\"breadcrumb\":{\"@id\":\"https:\\\/\\\/betriebsunterhalt.ch\\\/fr\\\/organisation\\\/#breadcrumb\"},\"inLanguage\":\"fr-FR\",\"potentialAction\":[{\"@type\":\"ReadAction\",\"target\":[\"https:\\\/\\\/betriebsunterhalt.ch\\\/fr\\\/organisation\\\/\"]}]},{\"@type\":\"BreadcrumbList\",\"@id\":\"https:\\\/\\\/betriebsunterhalt.ch\\\/fr\\\/organisation\\\/#breadcrumb\",\"itemListElement\":[{\"@type\":\"ListItem\",\"position\":1,\"name\":\"Startseite\",\"item\":\"https:\\\/\\\/betriebsunterhalt.ch\\\/fr\\\/\"},{\"@type\":\"ListItem\",\"position\":2,\"name\":\"Organisation\"}]},{\"@type\":\"WebSite\",\"@id\":\"https:\\\/\\\/betriebsunterhalt.ch\\\/fr\\\/#website\",\"url\":\"https:\\\/\\\/betriebsunterhalt.ch\\\/fr\\\/\",\"name\":\"SFB Schweiz\",\"description\":\"Wir halten die Zukunft in Betrieb!\",\"potentialAction\":[{\"@type\":\"SearchAction\",\"target\":{\"@type\":\"EntryPoint\",\"urlTemplate\":\"https:\\\/\\\/betriebsunterhalt.ch\\\/fr\\\/?s={search_term_string}\"},\"query-input\":{\"@type\":\"PropertyValueSpecification\",\"valueRequired\":true,\"valueName\":\"search_term_string\"}}],\"inLanguage\":\"fr-FR\"}]}<\/script>\n<!-- \/ Yoast SEO plugin. -->","yoast_head_json":{"title":"Organisation - SFB Schweiz","robots":{"index":"index","follow":"follow","max-snippet":"max-snippet:-1","max-image-preview":"max-image-preview:large","max-video-preview":"max-video-preview:-1"},"canonical":"https:\/\/betriebsunterhalt.ch\/fr\/organisation\/","og_locale":"fr_FR","og_type":"article","og_title":"Organisation - SFB Schweiz","og_description":"Association ASAE L&rsquo;association suisse des agents d&rsquo;exploitation (ASAE) est organis\u00e9e de mani\u00e8re ouverte et transparente, et sa structure est simple : Personnes de contact avec photo et adresse, historique, organigramme et statuts &#8211; vous trouverez tout ici en un coup d&rsquo;\u0153il. Notre association est jeune &#8211; \u00e0 tous points de vue. Depuis 1999, nous nous [&hellip;]","og_url":"https:\/\/betriebsunterhalt.ch\/fr\/organisation\/","og_site_name":"SFB Schweiz","article_modified_time":"2026-03-23T15:10:30+00:00","twitter_card":"summary_large_image","twitter_misc":{"Dur\u00e9e de lecture estim\u00e9e":"4 minutes"},"schema":{"@context":"https:\/\/schema.org","@graph":[{"@type":"WebPage","@id":"https:\/\/betriebsunterhalt.ch\/fr\/organisation\/","url":"https:\/\/betriebsunterhalt.ch\/fr\/organisation\/","name":"Organisation - SFB Schweiz","isPartOf":{"@id":"https:\/\/betriebsunterhalt.ch\/fr\/#website"},"datePublished":"2022-02-03T07:36:57+00:00","dateModified":"2026-03-23T15:10:30+00:00","breadcrumb":{"@id":"https:\/\/betriebsunterhalt.ch\/fr\/organisation\/#breadcrumb"},"inLanguage":"fr-FR","potentialAction":[{"@type":"ReadAction","target":["https:\/\/betriebsunterhalt.ch\/fr\/organisation\/"]}]},{"@type":"BreadcrumbList","@id":"https:\/\/betriebsunterhalt.ch\/fr\/organisation\/#breadcrumb","itemListElement":[{"@type":"ListItem","position":1,"name":"Startseite","item":"https:\/\/betriebsunterhalt.ch\/fr\/"},{"@type":"ListItem","position":2,"name":"Organisation"}]},{"@type":"WebSite","@id":"https:\/\/betriebsunterhalt.ch\/fr\/#website","url":"https:\/\/betriebsunterhalt.ch\/fr\/","name":"SFB Schweiz","description":"Wir halten die Zukunft in Betrieb!","potentialAction":[{"@type":"SearchAction","target":{"@type":"EntryPoint","urlTemplate":"https:\/\/betriebsunterhalt.ch\/fr\/?s={search_term_string}"},"query-input":{"@type":"PropertyValueSpecification","valueRequired":true,"valueName":"search_term_string"}}],"inLanguage":"fr-FR"}]}},"_links":{"self":[{"href":"https:\/\/betriebsunterhalt.ch\/fr\/wp-json\/wp\/v2\/pages\/7759","targetHints":{"allow":["GET"]}}],"collection":[{"href":"https:\/\/betriebsunterhalt.ch\/fr\/wp-json\/wp\/v2\/pages"}],"about":[{"href":"https:\/\/betriebsunterhalt.ch\/fr\/wp-json\/wp\/v2\/types\/page"}],"author":[{"embeddable":true,"href":"https:\/\/betriebsunterhalt.ch\/fr\/wp-json\/wp\/v2\/users\/2"}],"replies":[{"embeddable":true,"href":"https:\/\/betriebsunterhalt.ch\/fr\/wp-json\/wp\/v2\/comments?post=7759"}],"version-history":[{"count":4,"href":"https:\/\/betriebsunterhalt.ch\/fr\/wp-json\/wp\/v2\/pages\/7759\/revisions"}],"predecessor-version":[{"id":10987,"href":"https:\/\/betriebsunterhalt.ch\/fr\/wp-json\/wp\/v2\/pages\/7759\/revisions\/10987"}],"wp:attachment":[{"href":"https:\/\/betriebsunterhalt.ch\/fr\/wp-json\/wp\/v2\/media?parent=7759"}],"curies":[{"name":"wp","href":"https:\/\/api.w.org\/{rel}","templated":true}]}}