{"id":10,"date":"2022-01-26T15:40:31","date_gmt":"2022-01-26T15:40:31","guid":{"rendered":"https:\/\/betriebsunterhalt.ch\/romandie\/?page_id=10"},"modified":"2026-04-24T11:57:52","modified_gmt":"2026-04-24T09:57:52","slug":"accueil","status":"publish","type":"page","link":"https:\/\/betriebsunterhalt.ch\/romandie\/","title":{"rendered":"Accueil"},"content":{"rendered":"<div>\n<\/div>\n<h1>Section Suisse romande<\/h1>\n<div>\n<p>Le SFB Section Suisse romande s&rsquo;occupe pour tous les\u00a0cantons romands (Vaud, Valais, Neuch\u00e2tel, Jura, Gen\u00e8ve, Fribourg et Berne francophone) du\u00a0d\u00e9roulement de l\u2019apprentissage et des Cours InterEntreprises pour les\u00a0EMEX &#8211; Employ\u00e9(e)s d&rsquo;exploitation avec AFP &amp;\u00a0AGEX &#8211; Agent(e)s d&rsquo;exploitation avec CFC.<\/p>\n<\/div>\n<div>\n<h3>Informations sur la proc\u00e9dure de qualification 2026<\/h3>\n<div>\n<h4>POUR TOUTE QUESTION CONCERNANT LA PROC<span>\u00c9<\/span>DURE DE QUALIFICATION, VEUILLEZ CONTACTER :<\/h4>\n<p>Aslan DERVISI \u2013 Chef-expert &#8211; 079 389 80 06 ou<\/p>\n<p>Pieranna COSENTINO &#8211; Administration &#8211; 021 512 12 00<\/p>\n<\/p>\n<\/div>\n<p><a href=\"\/romandie\/wp-content\/uploads\/sites\/8\/2026\/03\/Dates-procedure-de-qualification-2026-2.pdf\">T\u00e9l\u00e9charger les dates des examens 2026<\/a><\/p>\n<\/div>\n<ul>\n<li>\n<p>        <img decoding=\"async\" src=\"\/romandie\/wp-content\/uploads\/sites\/8\/2022\/02\/lehrstellen.jpg\" alt=\"\"><\/p>\n<h2>Places d&rsquo;apprentissage\u00a0\/ offres d&#8217;emploi<\/h2>\n<p><a href=\"https:\/\/betriebsunterhalt.ch\/romandie\/places-dapprentissage\/\">Voir plus<\/a><\/p>\n<\/li>\n<li>\n<p>        <img decoding=\"async\" src=\"\/romandie\/wp-content\/uploads\/sites\/8\/2022\/02\/zukunft.jpg\" alt=\"\"><\/p>\n<h2>Apprentissage<\/h2>\n<div>\n<p>Employ\u00e9(e) d&rsquo;exploitation avec AFP<br \/>Agent d&rsquo;exploitation avec CFC<\/p>\n<\/div>\n<p><a href=\"\/romandie\/apprentissage\/\">Voir plus<\/a><\/p>\n<\/li>\n<li>\n<p>        <img decoding=\"async\" src=\"\/romandie\/wp-content\/uploads\/sites\/8\/2022\/02\/weiterbildung.jpg\" alt=\"\"><\/p>\n<h2>Formation continue<\/h2>\n<p><a href=\"\/romandie\/formation-continue\/\">Voir plus<\/a><\/p>\n<\/li>\n<\/ul>\n<h4>\n<p>NEWS<\/p>\n<\/h4>\n<div>\n<p>    <img decoding=\"async\" src=\"\/romandie\/wp-content\/uploads\/sites\/8\/2026\/03\/EVENT-SFB-Site-1.png\" alt=\"\"><\/p>\n<h3>Assembl\u00e9e G\u00e9n\u00e9rale<\/h3>\n<\/div>\n<p><img decoding=\"async\" src=\"\/romandie\/wp-content\/uploads\/sites\/8\/2026\/04\/flash.png\" alt=\"\"><\/p>\n<div>\n<div style=\"max-width:520px; background:#f7f7f7; border:1px solid #dedede; padding:24px; text-align:left;\">\n<h3 style=\"margin:0 0 16px 0; font-size:20px; line-height:1.3; font-weight:700;\">\n    Flash apprentissage \u2013 18 juin 2026 \u00e0 Lausanne<br \/>\n  <\/h3>\n<p style=\"margin:0 0 18px 0; font-size:16px; line-height:1.6;\">\n    Entreprises formatrices et jeunes candidats se rencontrent \u00e0 l\u2019occasion de<br \/>\n    <strong>Flash apprentissage<\/strong>, un \u00e9v\u00e9nement organis\u00e9 par l\u2019OCOSP.\n  <\/p>\n<p style=\"margin:0 0 18px 0; font-size:16px; line-height:1.6; font-weight:700;\">\n    Jeudi 18 juin 2026<br \/>\n    17h \u00e0 19h \u2013 MAD Club, Lausanne\n  <\/p>\n<ul style=\"margin:0 0 20px 20px; padding:0; font-size:16px; line-height:1.7;\">\n<li>Rencontres libres<\/li>\n<li>Sans inscription pr\u00e9alable pour les \u00e9l\u00e8ves<\/li>\n<li>\u00c9changes courts avec les entreprises<\/li>\n<li>D\u00e9p\u00f4t de candidature en main propre<\/li>\n<\/ul>\n<p>  <a href=\"https:\/\/www.vd.ch\/formation\/orientation\/sinformer-sur-les-metiers-et-les-formations\/manifestations-dinformation\/flash-apprentissage\"\n     style=\"display:inline-block; padding:12px 20px; background:#ececec; color:#333; text-decoration:none; font-size:16px; letter-spacing:0.06em;\"><br \/>\n    Informations et inscriptions \u2192<br \/>\n  <\/a>\n<\/div>\n<\/div>\n<div>\n<p>        <img decoding=\"async\" src=\"https:\/\/www.uspi-formation.ch\/formation\/immoconcierge\/\" alt=\"\"><\/p>\n<div>\n<h1 style=\"text-align: center;\">Nouveaux modules de formation en collaboration avec<\/h1>\n<h1 style=\"text-align: center;\"><img loading=\"lazy\" decoding=\"async\" src=\"https:\/\/betriebsunterhalt.ch\/romandie\/wp-content\/uploads\/sites\/8\/2025\/11\/LogoUSPI_formation-CMYK-002-300x122.jpg\" alt=\"\" width=\"300\" height=\"122\" class=\"alignnone size-medium wp-image-2188\" srcset=\"https:\/\/betriebsunterhalt.ch\/romandie\/wp-content\/uploads\/sites\/8\/2025\/11\/LogoUSPI_formation-CMYK-002-300x122.jpg 300w, https:\/\/betriebsunterhalt.ch\/romandie\/wp-content\/uploads\/sites\/8\/2025\/11\/LogoUSPI_formation-CMYK-002-1024x415.jpg 1024w, https:\/\/betriebsunterhalt.ch\/romandie\/wp-content\/uploads\/sites\/8\/2025\/11\/LogoUSPI_formation-CMYK-002-768x311.jpg 768w, https:\/\/betriebsunterhalt.ch\/romandie\/wp-content\/uploads\/sites\/8\/2025\/11\/LogoUSPI_formation-CMYK-002-1536x623.jpg 1536w, https:\/\/betriebsunterhalt.ch\/romandie\/wp-content\/uploads\/sites\/8\/2025\/11\/LogoUSPI_formation-CMYK-002-2048x830.jpg 2048w\" sizes=\"(max-width: 300px) 100vw, 300px\" \/><\/h1>\n<p style=\"text-align: center;\"><a href=\"https:\/\/www.uspi-formation.ch\/formation\/immoconcierge\/\">Tout savoir sur USPI formation<\/a><\/p>\n<\/p>\n<h1><\/h1>\n<\/p>\n<\/div>\n<p><a href=\"https:\/\/betriebsunterhalt.ch\/romandie\/formation-continue\/\">D\u00e9couvrez la formation<\/a><\/p>\n<\/div>\n<div>\n<p>    <img decoding=\"async\" src=\"\/romandie\/wp-content\/uploads\/2023\/11\/Produkte-Icon.svg\" alt=\"\"><\/p>\n<h3>Konvink: <br \/>Nouveaux tutoriels pour les apprenants et les formateurs professionnels<\/h3>\n<div>\n<p>Des tutoriels courts et concis introduisent \u00e9tape par \u00e9tape les principales t\u00e2ches dans les diff\u00e9rents lieux de formation. Ils r\u00e9pondent \u00e0 des questions importantes et vous aident ainsi \u00e0 mettre en \u0153uvre les t\u00e2ches avec succ\u00e8s et enthousiasme.<\/p>\n<\/div>\n<p><a href=\"https:\/\/www.konvink.ch\/tutoriels\/\">Vers les tutoriels<\/a><\/p>\n<\/div>\n<div>\n<p>    <img decoding=\"async\" src=\"\/romandie\/wp-content\/uploads\/2023\/03\/Logo-Konvink-mit-Claim-03-RGB.png\" alt=\"\"><\/p>\n<h3>Acc\u00e8s gratuit \u00e0 la d\u00e9mo pour les formateurs et formatrices<\/h3>\n<div>\n<p>L&rsquo;acc\u00e8s gratuit \u00e0 la d\u00e9mo pour les formateurs et formatrices est ouvert pendant une p\u00e9riode de 3 mois.<\/p>\n<\/div>\n<p><a href=\"https:\/\/betriebsunterhalt.ch\/fr\/demozugang-konvink-fuer-berufsbildende\/\">Infos suppl\u00e9mentaires et inscription<\/a><\/p>\n<\/div>\n<h1>Nos partenaires<\/h1>\n<ul>\n<li>\n<p>        <img decoding=\"async\" src=\"\/romandie\/wp-content\/uploads\/sites\/8\/2026\/03\/karcher.png\" alt=\"\"><\/p>\n<h3>k\u00e4rcher<\/h3>\n<p><a href=\"https:\/\/www.kaercher.com\/ch-fr\/\">D\u00e9couvrir<\/a><\/p>\n<\/li>\n<li>\n<p>        <img decoding=\"async\" src=\"\/romandie\/wp-content\/uploads\/sites\/8\/2026\/03\/aco.png\" alt=\"\"><\/p>\n<h3>aco<\/h3>\n<p><a href=\"https:\/\/aco.ch\/shop\/fr\/\">D\u00e9couvrir<\/a><\/p>\n<\/li>\n<li>\n<p>        <img decoding=\"async\" src=\"\/romandie\/wp-content\/uploads\/sites\/8\/2026\/03\/cermix.png\" alt=\"\"><\/p>\n<h3>cermix<\/h3>\n<p><a href=\"https:\/\/www.cermix.ch\/fr\/\">D\u00e9couvrir<\/a><\/p>\n<\/li>\n<li>\n<p>        <img decoding=\"async\" src=\"\/romandie\/wp-content\/uploads\/sites\/8\/2026\/03\/Numatic.png\" alt=\"\"><\/p>\n<h3>Numatic<\/h3>\n<p><a href=\"https:\/\/www.numatic.ch\/fr\/start\/\">D\u00e9couvrir<\/a><\/p>\n<\/li>\n<li>\n<p>        <img decoding=\"async\" src=\"\/romandie\/wp-content\/uploads\/sites\/8\/2026\/03\/diversey.png\" alt=\"\"><\/p>\n<h3>diversey<\/h3>\n<p><a href=\"https:\/\/eshop.diversey.swiss\/fr-CH\/\">D\u00e9couvrir<\/a><\/p>\n<\/li>\n<li>\n<p>        <img decoding=\"async\" src=\"\/romandie\/wp-content\/uploads\/sites\/8\/2026\/03\/creabeton.png\" alt=\"\"><\/p>\n<h3>creabeton<\/h3>\n<p><a href=\"https:\/\/creabeton.ch\/fr\/start\/\">D\u00e9couvrir<\/a><\/p>\n<\/li>\n<li>\n<p>        <img decoding=\"async\" src=\"\/romandie\/wp-content\/uploads\/sites\/8\/2026\/03\/dubat.png\" alt=\"\"><\/p>\n<h3>dubat<\/h3>\n<p><a href=\"https:\/\/dubat.ch\/\">D\u00e9couvrir<\/a><\/p>\n<\/li>\n<li>\n<p>        <img decoding=\"async\" src=\"\/romandie\/wp-content\/uploads\/sites\/8\/2026\/03\/wurth.png\" alt=\"\"><\/p>\n<h3>w\u00fcrth<\/h3>\n<p><a href=\"https:\/\/www.wuerth-ag.ch\/fr\/ch\/home\">D\u00e9couvrir<\/a><\/p>\n<\/li>\n<li>\n<p>        <img decoding=\"async\" src=\"\/romandie\/wp-content\/uploads\/sites\/8\/2026\/03\/bsc-transports.png\" alt=\"\"><\/p>\n<h3>bsc transports<\/h3>\n<p><a href=\"https:\/\/www.bsctransports.ch\/\">D\u00e9couvrir<\/a><\/p>\n<\/li>\n<li>\n<p>        <img decoding=\"async\" src=\"\/romandie\/wp-content\/uploads\/sites\/8\/2026\/03\/wetrok.png\" alt=\"\"><\/p>\n<h3>wetrok<\/h3>\n<p><a href=\"https:\/\/wetrok.ch\/ch_fr\">D\u00e9couvrir<\/a><\/p>\n<\/li>\n<li>\n<p>        <img decoding=\"async\" src=\"\/romandie\/wp-content\/uploads\/sites\/8\/2026\/03\/roseraies-tschanz.png\" alt=\"\"><\/p>\n<h3>roseraies tschanz<\/h3>\n<p><a href=\"https:\/\/rosespassion.ch\/\">D\u00e9couvrir<\/a><\/p>\n<\/li>\n<li>\n<p>        <img decoding=\"async\" src=\"\/romandie\/wp-content\/uploads\/sites\/8\/2026\/03\/meylan.png\" alt=\"\"><\/p>\n<h3>meylan<\/h3>\n<p><a href=\"https:\/\/www.meylan.ch\/\">D\u00e9couvrir<\/a><\/p>\n<\/li>\n<li>\n<p>        <img decoding=\"async\" src=\"\/romandie\/wp-content\/uploads\/sites\/8\/2026\/03\/sipaec.png\" alt=\"\"><\/p>\n<h3>sipaec<\/h3>\n<p><a href=\"https:\/\/www.sipaec.ch\/fr-fr\/\">D\u00e9couvrir<\/a><\/p>\n<\/li>\n<li>\n<p>        <img decoding=\"async\" src=\"\/romandie\/wp-content\/uploads\/sites\/8\/2026\/03\/gallay.png\" alt=\"\"><\/p>\n<h3>gallay<\/h3>\n<p><a href=\"http:\/\/www.gallayhorticulteurs.ch\/\">D\u00e9couvrir<\/a><\/p>\n<\/li>\n<li>\n<p>        <img decoding=\"async\" src=\"\/romandie\/wp-content\/uploads\/sites\/8\/2026\/03\/hinni.png\" alt=\"\"><\/p>\n<h3>hinni<\/h3>\n<p><a href=\"https:\/\/www.hinni.ch\/fr\/\">D\u00e9couvrir<\/a><\/p>\n<\/li>\n<li>\n<p>        <img decoding=\"async\" src=\"\/romandie\/wp-content\/uploads\/sites\/8\/2026\/03\/zuko.png\" alt=\"\"><\/p>\n<p><a href=\"https:\/\/zueko.ch\/fr\/\">D\u00e9couvrir<\/a><\/p>\n<\/li>\n<li>\n<p>        <img decoding=\"async\" src=\"\/romandie\/wp-content\/uploads\/sites\/8\/2026\/03\/espace-gruyere.png\" alt=\"\"><\/p>\n<p><a href=\"https:\/\/www.espace-gruyere.ch\/\">D\u00e9couvrir<\/a><\/p>\n<\/li>\n<\/ul>\n<p><!--more--><br \/>\n<!-- {\"name\":\"Home\",\"type\":\"layout\",\"children\":[{\"name\":\"Slider\",\"type\":\"section\",\"props\":{\"image\":\"wp-content\/uploads\/sites\/8\/2022\/10\/170262_1690-002.jpg\",\"image_position\":\"center-center\",\"image_size\":\"cover\",\"image_width\":\"2560\",\"padding_bottom\":\"none\",\"padding_top\":\"none\",\"style\":\"default\",\"text_color\":\"light\",\"title_breakpoint\":\"xl\",\"title_position\":\"top-left\",\"title_rotation\":\"left\",\"vertical_align\":\"\",\"width\":\"\"},\"children\":[{\"type\":\"row\",\"children\":[{\"type\":\"column\",\"props\":{\"image_position\":\"center-center\",\"position_sticky_breakpoint\":\"m\",\"width_medium\":\"1-1\"},\"children\":[{\"type\":\"html\",\"props\":{\"content\":\"[smartslider3 slider=\\\"2\\\"]\",\"yooessentials_form\":{}}}]}],\"props\":{\"yooessentials_form\":{}}}]},{\"type\":\"section\",\"props\":{\"image_position\":\"center-center\",\"style\":\"default\",\"title_breakpoint\":\"xl\",\"title_position\":\"top-left\",\"title_rotation\":\"left\",\"vertical_align\":\"\",\"width\":\"default\"},\"children\":[{\"type\":\"row\",\"children\":[{\"type\":\"column\",\"props\":{\"image_position\":\"center-center\",\"position_sticky_breakpoint\":\"m\"},\"children\":[{\"type\":\"headline\",\"props\":{\"content\":\"Section Suisse romande\",\"image_align\":\"left\",\"image_margin\":\"xsmall\",\"text_align\":\"center\",\"title_color\":\"secondary\",\"title_decoration\":\"bullet\",\"title_element\":\"h1\",\"yooessentials_form\":{}}},{\"type\":\"text\",\"props\":{\"column_breakpoint\":\"m\",\"content\":\"\n\n<p>Le SFB Section Suisse romande s'occupe pour tous les\u00a0cantons romands (Vaud, Valais, Neuch\u00e2tel, Jura, Gen\u00e8ve, Fribourg et Berne francophone) du\u00a0d\u00e9roulement de l\u2019apprentissage et des Cours InterEntreprises pour les\u00a0EMEX - Employ\u00e9(e)s d'exploitation avec AFP &amp;\u00a0AGEX - Agent(e)s d'exploitation avec CFC.<\/p>\n\n\",\"margin_bottom\":\"medium\",\"margin_top\":\"medium\",\"text_align\":\"center\",\"text_style\":\"lead\",\"yooessentials_form\":{}}},{\"type\":\"panel\",\"props\":{\"content\":\"\n\n<h4>POUR TOUTE QUESTION CONCERNANT LA PROC<span>\u00c9<\/span>DURE DE QUALIFICATION, VEUILLEZ CONTACTER :<\/h4>\n\n\\n\n\n<p>Aslan DERVISI \u2013 Chef-expert - 079 389 80 06 ou<\/p>\n\n\\n\n\n<p>Pieranna COSENTINO - Administration - 021 512 12 00<\/p>\n\n\\n\n\n\n\n\",\"content_column_breakpoint\":\"m\",\"image\":\"\",\"image_align\":\"top\",\"image_grid_breakpoint\":\"m\",\"image_grid_width\":\"1-2\",\"image_svg_color\":\"emphasis\",\"link\":\"wp-content\/uploads\/sites\/8\/2026\/03\/Dates-procedure-de-qualification-2026-2.pdf\",\"link_style\":\"danger\",\"link_target\":true,\"link_text\":\"T\u00e9l\u00e9charger les dates des examens 2026\",\"margin_bottom\":\"default\",\"margin_top\":\"default\",\"meta_align\":\"below-title\",\"meta_element\":\"div\",\"meta_style\":\"text-meta\",\"panel_padding\":\"default\",\"panel_style\":\"tile-secondary\",\"position_left\":\"360\",\"title\":\"Informations sur la proc\u00e9dure de qualification 2026\",\"title_align\":\"top\",\"title_color\":\"warning\",\"title_element\":\"h3\",\"title_grid_breakpoint\":\"m\",\"title_grid_width\":\"1-2\",\"title_hover_style\":\"reset\"}},{\"type\":\"grid\",\"props\":{\"content_column_breakpoint\":\"m\",\"filter_align\":\"left\",\"filter_all\":true,\"filter_grid_breakpoint\":\"m\",\"filter_grid_width\":\"auto\",\"filter_position\":\"top\",\"filter_style\":\"tab\",\"grid_default\":\"1\",\"grid_medium\":\"3\",\"image_align\":\"top\",\"image_grid_breakpoint\":\"m\",\"image_grid_width\":\"1-2\",\"image_height\":\"400\",\"image_svg_color\":\"emphasis\",\"image_width\":\"600\",\"item_animation\":true,\"item_maxwidth\":\"large\",\"lightbox_bg_close\":true,\"link_style\":\"primary\",\"link_text\":\"mehr\",\"margin_bottom\":\"default\",\"margin_top\":\"default\",\"meta_align\":\"below-title\",\"meta_element\":\"div\",\"meta_style\":\"text-meta\",\"panel_image_no_padding\":true,\"panel_link\":true,\"panel_link_hover\":\"true\",\"panel_padding\":\"small\",\"panel_style\":\"card-default\",\"parallax_easing\":\"1\",\"show_content\":true,\"show_hover_image\":true,\"show_hover_video\":true,\"show_image\":true,\"show_link\":true,\"show_meta\":true,\"show_title\":true,\"show_video\":true,\"text_align\":\"center\",\"title_align\":\"top\",\"title_element\":\"h2\",\"title_grid_breakpoint\":\"m\",\"title_grid_width\":\"1-2\",\"title_hover_style\":\"reset\",\"yooessentials_form\":{}},\"children\":[{\"type\":\"grid_item\",\"props\":{\"content\":\"\",\"image\":\"wp-content\/uploads\/sites\/8\/2022\/02\/lehrstellen.jpg\",\"link\":\"https:\/\/betriebsunterhalt.ch\/romandie\/places-dapprentissage\/\",\"link_text\":\"Voir plus\",\"title\":\"Places d'apprentissage\u00a0\/ offres d'emploi\",\"yooessentials_form\":{}}},{\"type\":\"grid_item\",\"props\":{\"content\":\"\n\n<p>Employ\u00e9(e) d'exploitation avec AFP<br \/>Agent d'exploitation avec CFC<\/p>\n\n\",\"image\":\"wp-content\/uploads\/sites\/8\/2022\/02\/zukunft.jpg\",\"link\":\"apprentissage\/\",\"link_text\":\"Voir plus\",\"title\":\"Apprentissage\",\"yooessentials_form\":{}}},{\"type\":\"grid_item\",\"props\":{\"content\":\"\",\"image\":\"wp-content\/uploads\/sites\/8\/2022\/02\/weiterbildung.jpg\",\"link\":\"formation-continue\/\",\"link_text\":\"Voir plus\",\"title\":\"Formation continue\",\"yooessentials_form\":{}}}]}]}],\"props\":{\"yooessentials_form\":{}}}],\"name\":\"Section Suisse romande\"},{\"type\":\"section\",\"props\":{\"image_position\":\"center-center\",\"padding_bottom\":\"none\",\"style\":\"default\",\"title_breakpoint\":\"xl\",\"title_position\":\"top-left\",\"title_rotation\":\"left\",\"vertical_align\":\"middle\",\"width\":\"default\"},\"children\":[{\"type\":\"row\",\"children\":[{\"type\":\"column\",\"props\":{\"image_position\":\"center-center\",\"position_sticky_breakpoint\":\"m\"},\"children\":[{\"type\":\"headline\",\"props\":{\"content\":\"\n\n<p>NEWS<\/p>\n\n\",\"image_align\":\"left\",\"image_margin\":\"xsmall\",\"title_color\":\"emphasis\",\"title_decoration\":\"divider\",\"title_element\":\"h4\",\"title_style\":\"heading-large\"}},{\"type\":\"gallery\",\"props\":{\"filter_align\":\"left\",\"filter_all\":true,\"filter_grid_breakpoint\":\"m\",\"filter_grid_width\":\"auto\",\"filter_position\":\"top\",\"filter_style\":\"tab\",\"grid_default\":\"1\",\"grid_medium\":\"1\",\"item_animation\":true,\"lightbox_bg_close\":true,\"link_style\":\"default\",\"link_text\":\"Read more\",\"margin_bottom\":\"default\",\"margin_top\":\"default\",\"meta_align\":\"below-title\",\"meta_element\":\"div\",\"meta_style\":\"text-meta\",\"overlay_hover\":true,\"overlay_mode\":\"cover\",\"overlay_position\":\"center\",\"overlay_style\":\"overlay-primary\",\"overlay_transition\":\"fade\",\"show_content\":true,\"show_hover_image\":true,\"show_hover_video\":true,\"show_link\":true,\"show_meta\":true,\"show_title\":false,\"text_align\":\"center\",\"text_color\":\"light\",\"title_element\":\"h3\",\"title_hover_style\":\"reset\"},\"children\":[{\"type\":\"gallery_item\",\"props\":{\"image\":\"wp-content\/uploads\/sites\/8\/2026\/03\/EVENT-SFB-Site-1.png\",\"title\":\"Assembl\u00e9e G\u00e9n\u00e9rale\"}}]}]}]}]},{\"type\":\"section\",\"props\":{\"image_position\":\"center-center\",\"style\":\"default\",\"title_breakpoint\":\"xl\",\"title_position\":\"top-left\",\"title_rotation\":\"left\",\"vertical_align\":\"middle\",\"width\":\"default\"},\"children\":[{\"type\":\"row\",\"props\":{\"layout\":\"1-2,1-2\",\"margin_top\":\"remove\"},\"children\":[{\"type\":\"column\",\"props\":{\"image_position\":\"center-center\",\"position_sticky_breakpoint\":\"m\",\"width_medium\":\"1-2\"},\"children\":[{\"type\":\"image\",\"props\":{\"image\":\"wp-content\/uploads\/sites\/8\/2026\/04\/flash.png\",\"image_svg_color\":\"emphasis\",\"margin_bottom\":\"default\",\"margin_top\":\"default\"}}]},{\"type\":\"column\",\"props\":{\"image_position\":\"center-center\",\"position_sticky_breakpoint\":\"m\",\"width_medium\":\"1-2\"},\"children\":[{\"type\":\"text\",\"props\":{\"column_breakpoint\":\"m\",\"content\":\"\n\n<div style=\\\"max-width:520px; background:#f7f7f7; border:1px solid #dedede; padding:24px; text-align:left;\\\">\\n  \\n\\n  \n\n<h3 style=\\\"margin:0 0 16px 0; font-size:20px; line-height:1.3; font-weight:700;\\\">\\n    Flash apprentissage \u2013 18 juin 2026 \u00e0 Lausanne\\n  <\/h3>\n\n\\n\\n  \n\n<p style=\\\"margin:0 0 18px 0; font-size:16px; line-height:1.6;\\\">\\n    Entreprises formatrices et jeunes candidats se rencontrent \u00e0 l\u2019occasion de\\n    <strong>Flash apprentissage<\/strong>, un \u00e9v\u00e9nement organis\u00e9 par l\u2019OCOSP.\\n  <\/p>\n\n\\n\\n  \n\n<p style=\\\"margin:0 0 18px 0; font-size:16px; line-height:1.6; font-weight:700;\\\">\\n    Jeudi 18 juin 2026<br \/>\\n    17h \u00e0 19h \u2013 MAD Club, Lausanne\\n  <\/p>\n\n\\n\\n  \n\n<ul style=\\\"margin:0 0 20px 20px; padding:0; font-size:16px; line-height:1.7;\\\">\\n    \n\n<li>Rencontres libres<\/li>\n\n\\n    \n\n<li>Sans inscription pr\u00e9alable pour les \u00e9l\u00e8ves<\/li>\n\n\\n    \n\n<li>\u00c9changes courts avec les entreprises<\/li>\n\n\\n    \n\n<li>D\u00e9p\u00f4t de candidature en main propre<\/li>\n\n\\n  <\/ul>\n\n\\n\\n  <a href=\\\"https:\/\/www.vd.ch\/formation\/orientation\/sinformer-sur-les-metiers-et-les-formations\/manifestations-dinformation\/flash-apprentissage\\\"\\n     style=\\\"display:inline-block; padding:12px 20px; background:#ececec; color:#333; text-decoration:none; font-size:16px; letter-spacing:0.06em;\\\">\\n    Informations et inscriptions \u2192\\n  <\/a>\\n<\/div>\n\n\",\"margin_bottom\":\"default\",\"margin_top\":\"default\"}}]}]}]},{\"type\":\"section\",\"props\":{\"image_position\":\"center-center\",\"style\":\"default\",\"title_breakpoint\":\"xl\",\"title_position\":\"top-left\",\"title_rotation\":\"left\",\"vertical_align\":\"middle\",\"width\":\"default\"},\"children\":[{\"type\":\"row\",\"children\":[{\"type\":\"column\",\"props\":{\"image_position\":\"center-center\",\"position_sticky_breakpoint\":\"m\"},\"children\":[{\"type\":\"grid\",\"props\":{\"content_column_breakpoint\":\"m\",\"filter_align\":\"left\",\"filter_all\":true,\"filter_grid_breakpoint\":\"m\",\"filter_grid_width\":\"auto\",\"filter_position\":\"top\",\"filter_style\":\"tab\",\"grid_default\":\"1\",\"grid_medium\":\"1\",\"image_align\":\"left\",\"image_grid_breakpoint\":\"m\",\"image_grid_width\":\"1-2\",\"image_height\":\"500\",\"image_link\":true,\"image_svg_color\":\"emphasis\",\"image_vertical_align\":true,\"image_width\":\"1000\",\"item_animation\":true,\"lightbox_bg_close\":true,\"link_style\":\"secondary\",\"link_text\":\"\",\"margin_bottom\":\"default\",\"margin_top\":\"default\",\"meta_align\":\"below-title\",\"meta_element\":\"div\",\"meta_margin\":\"small\",\"meta_style\":\"text-meta\",\"panel_image_no_padding\":false,\"panel_link\":true,\"panel_padding\":\"default\",\"parallax_easing\":\"1\",\"position\":\"relative\",\"position_top\":\"20\",\"show_content\":true,\"show_hover_image\":true,\"show_hover_video\":true,\"show_image\":true,\"show_link\":true,\"show_meta\":true,\"show_title\":true,\"show_video\":true,\"status\":\"disabled\",\"text_align\":\"center\",\"title_align\":\"top\",\"title_element\":\"h3\",\"title_grid_breakpoint\":\"m\",\"title_grid_width\":\"1-2\",\"title_hover_style\":\"reset\"},\"children\":[{\"type\":\"grid_item\",\"props\":{\"content\":\"\n\n<p>Les nouveaux supports d\u2019apprentissage num\u00e9riques peuvent \u00eatre command\u00e9s \u00e0 partir du 1\u1d49\u02b3 avril.<\/p>\n\n\",\"image\":\"\",\"link\":\"commande-medias-dapprentissage-numeriques-2024\/\",\"link_text\":\"Commander maintenant\",\"meta\":\"\",\"panel_style\":\"card-primary\",\"title\":\"Commander des m\u00e9dias d'apprentissage num\u00e9riques\",\"yooessentials_access_conditions\":[{\"type\":\"yooessentials_access_date\",\"id\":\"ci_C0EDE7\",\"props\":{\"publish_down\":\"2025-03-31\"}}],\"yooessentials_access_mode\":\"AND\"}},{\"type\":\"grid_item\",\"props\":{\"content\":\"\n\n<p>Les nouveaux supports d\u2019apprentissage num\u00e9riques peuvent \u00eatre command\u00e9s d\u00e8s maintenant.<\/p>\n\n\",\"image\":\"\",\"link\":\"commande-medias-dapprentissage-numeriques-2024\/\",\"link_text\":\"Commander maintenant\",\"meta\":\"\",\"panel_style\":\"card-primary\",\"title\":\"Commander des m\u00e9dias d'apprentissage num\u00e9riques\",\"yooessentials_access_conditions\":[{\"type\":\"yooessentials_access_date\",\"id\":\"ci_203CA4\",\"props\":{\"publish_up\":\"2025-04-01\"}}],\"yooessentials_access_mode\":\"AND\"}}],\"name\":\"Aktuell: Digitale Lernmedien bestellen Sektionen\"}]}]}]},{\"type\":\"section\",\"props\":{\"image_position\":\"center-center\",\"padding_top\":\"none\",\"style\":\"default\",\"title_breakpoint\":\"xl\",\"title_position\":\"top-left\",\"title_rotation\":\"left\",\"vertical_align\":\"\",\"width\":\"default\"},\"children\":[{\"type\":\"row\",\"children\":[{\"type\":\"column\",\"props\":{\"image_position\":\"center-center\",\"position_sticky_breakpoint\":\"m\"},\"children\":[{\"type\":\"grid\",\"props\":{\"content_column_breakpoint\":\"m\",\"filter_align\":\"left\",\"filter_all\":true,\"filter_grid_breakpoint\":\"m\",\"filter_grid_width\":\"auto\",\"filter_position\":\"top\",\"filter_style\":\"tab\",\"grid_default\":\"1\",\"grid_medium\":\"1\",\"image_align\":\"left\",\"image_grid_breakpoint\":\"m\",\"image_grid_width\":\"1-2\",\"image_height\":\"500\",\"image_link\":true,\"image_svg_color\":\"emphasis\",\"image_vertical_align\":true,\"image_width\":\"1000\",\"item_animation\":true,\"lightbox_bg_close\":true,\"link_style\":\"secondary\",\"link_text\":\"\",\"margin_bottom\":\"default\",\"margin_top\":\"default\",\"meta_align\":\"below-title\",\"meta_element\":\"div\",\"meta_margin\":\"small\",\"meta_style\":\"text-meta\",\"panel_image_no_padding\":false,\"panel_link\":true,\"panel_padding\":\"default\",\"parallax_easing\":\"1\",\"show_content\":true,\"show_hover_image\":true,\"show_hover_video\":true,\"show_image\":true,\"show_link\":true,\"show_meta\":true,\"show_title\":true,\"show_video\":true,\"status\":\"disabled\",\"title_align\":\"top\",\"title_element\":\"h3\",\"title_grid_breakpoint\":\"m\",\"title_grid_width\":\"1-2\",\"title_hover_style\":\"reset\"},\"children\":[{\"type\":\"grid_item\",\"props\":{\"content\":\"\n\n<p>Les nouveaux m\u00e9dias d'apprentissage num\u00e9riques de l'ASAE peuvent \u00eatre command\u00e9s \u00e0 partir de fin juin. Apprenez-en plus sur le concept de commande et de distribution.<\/p>\n\n\",\"image\":\"wp-content\/uploads\/sites\/8\/2023\/04\/ASAE_commande_et_distribution_V1.0_Page_03.jpg\",\"link\":\"https:\/\/betriebsunterhalt.ch\/bestell-und-vertriebsprozess-digitale-lernmedien\/\",\"link_text\":\"Infos suppl\u00e9mentaires\",\"meta\":\"\",\"panel_style\":\"card-default\",\"title\":\"Commander des m\u00e9dias d'apprentissage num\u00e9riques\"}}],\"name\":\"Aktuell: Digitale Lernmedien bestellen Sektionen\"}]}],\"props\":{\"yooessentials_form\":{}}},{\"type\":\"row\",\"children\":[{\"type\":\"column\",\"props\":{\"image_position\":\"center-center\",\"position_sticky_breakpoint\":\"m\"},\"children\":[{\"type\":\"panel\",\"props\":{\"content\":\"\n\n<h1 style=\\\"text-align: center;\\\">Nouveaux modules de formation en collaboration avec<\/h1>\n\n\\n\n\n<h1 style=\\\"text-align: center;\\\"><img src=\\\"https:\/\/betriebsunterhalt.ch\/romandie\/wp-content\/uploads\/sites\/8\/2025\/11\/LogoUSPI_formation-CMYK-002-300x122.jpg\\\" alt=\\\"\\\" width=\\\"300\\\" height=\\\"122\\\" class=\\\"alignnone size-medium wp-image-2188\\\" \/><\/h1>\n\n\\n\n\n<p style=\\\"text-align: center;\\\"><a href=\\\"https:\/\/www.uspi-formation.ch\/formation\/immoconcierge\/\\\">Tout savoir sur USPI formation<\/a><\/p>\n\n\\n\n\n\n\n\\n\n\n<h1><\/h1>\n\n\\n\n\n\n\n\\n\n\n\n\n\",\"content_column_breakpoint\":\"m\",\"image\":\"https:\/\/www.uspi-formation.ch\/formation\/immoconcierge\/\",\"image_align\":\"top\",\"image_grid_breakpoint\":\"m\",\"image_grid_width\":\"1-2\",\"image_svg_color\":\"emphasis\",\"link\":\"https:\/\/betriebsunterhalt.ch\/romandie\/formation-continue\/\",\"link_style\":\"danger\",\"link_target\":true,\"link_text\":\"D\u00e9couvrez la formation\",\"margin_bottom\":\"default\",\"margin_top\":\"default\",\"meta_align\":\"below-title\",\"meta_element\":\"div\",\"meta_style\":\"text-meta\",\"panel_style\":\"tile-secondary\",\"title\":\"\",\"title_align\":\"top\",\"title_element\":\"h3\",\"title_grid_breakpoint\":\"m\",\"title_grid_width\":\"1-2\",\"title_hover_style\":\"reset\"}},{\"type\":\"grid\",\"props\":{\"content_column_breakpoint\":\"m\",\"filter_align\":\"left\",\"filter_all\":true,\"filter_grid_breakpoint\":\"m\",\"filter_grid_width\":\"auto\",\"filter_position\":\"top\",\"filter_style\":\"tab\",\"grid_default\":\"1\",\"grid_medium\":\"1\",\"image_align\":\"left\",\"image_grid_breakpoint\":\"m\",\"image_grid_column_gap\":\"large\",\"image_grid_width\":\"1-3\",\"image_link\":true,\"image_svg_color\":\"emphasis\",\"image_vertical_align\":true,\"image_width\":\"500\",\"item_animation\":true,\"lightbox_bg_close\":true,\"link_style\":\"secondary\",\"link_target\":true,\"link_text\":\"\",\"margin_bottom\":\"default\",\"margin_top\":\"default\",\"meta_align\":\"below-title\",\"meta_element\":\"div\",\"meta_margin\":\"small\",\"meta_style\":\"text-meta\",\"panel_image_no_padding\":false,\"panel_link\":true,\"panel_padding\":\"default\",\"parallax_easing\":\"1\",\"show_content\":true,\"show_hover_image\":true,\"show_hover_video\":true,\"show_image\":true,\"show_link\":true,\"show_meta\":true,\"show_title\":true,\"show_video\":true,\"title_align\":\"top\",\"title_element\":\"h3\",\"title_grid_breakpoint\":\"m\",\"title_grid_width\":\"1-2\",\"title_hover_style\":\"reset\"},\"children\":[{\"type\":\"grid_item\",\"props\":{\"content\":\"\n\n<p>Des tutoriels courts et concis introduisent \u00e9tape par \u00e9tape les principales t\u00e2ches dans les diff\u00e9rents lieux de formation. Ils r\u00e9pondent \u00e0 des questions importantes et vous aident ainsi \u00e0 mettre en \u0153uvre les t\u00e2ches avec succ\u00e8s et enthousiasme.<\/p>\n\n\",\"image\":\"wp-content\/uploads\/2023\/11\/Produkte-Icon.svg\",\"link\":\"https:\/\/www.konvink.ch\/tutoriels\/\",\"link_text\":\"Vers les tutoriels\",\"meta\":\"\",\"panel_style\":\"card-default\",\"title\":\"Konvink: <br \/>Nouveaux tutoriels pour les apprenants et les formateurs professionnels\"}}],\"name\":\"Konvink-Tutorials\"}]}]},{\"type\":\"row\",\"children\":[{\"type\":\"column\",\"props\":{\"image_position\":\"center-center\",\"position_sticky_breakpoint\":\"m\"},\"children\":[{\"type\":\"grid\",\"props\":{\"content_column_breakpoint\":\"m\",\"filter_align\":\"left\",\"filter_all\":true,\"filter_grid_breakpoint\":\"m\",\"filter_grid_width\":\"auto\",\"filter_position\":\"top\",\"filter_style\":\"tab\",\"grid_default\":\"1\",\"grid_medium\":\"1\",\"image_align\":\"left\",\"image_grid_breakpoint\":\"m\",\"image_grid_width\":\"1-2\",\"image_link\":true,\"image_svg_color\":\"emphasis\",\"image_vertical_align\":true,\"image_width\":\"1000\",\"item_animation\":true,\"lightbox_bg_close\":true,\"link_style\":\"secondary\",\"link_text\":\"\",\"margin_bottom\":\"default\",\"margin_top\":\"default\",\"meta_align\":\"below-title\",\"meta_element\":\"div\",\"meta_margin\":\"small\",\"meta_style\":\"text-meta\",\"panel_image_no_padding\":false,\"panel_link\":true,\"panel_padding\":\"default\",\"parallax_easing\":\"1\",\"show_content\":true,\"show_hover_image\":true,\"show_hover_video\":true,\"show_image\":true,\"show_link\":true,\"show_meta\":true,\"show_title\":true,\"show_video\":true,\"title_align\":\"top\",\"title_element\":\"h3\",\"title_grid_breakpoint\":\"m\",\"title_grid_width\":\"1-2\",\"title_hover_style\":\"reset\"},\"children\":[{\"type\":\"grid_item\",\"props\":{\"content\":\"\n\n<p>L'acc\u00e8s gratuit \u00e0 la d\u00e9mo pour les formateurs et formatrices est ouvert pendant une p\u00e9riode de 3 mois.<\/p>\n\n\",\"image\":\"wp-content\/uploads\/2023\/03\/Logo-Konvink-mit-Claim-03-RGB.png\",\"link\":\"https:\/\/betriebsunterhalt.ch\/fr\/demozugang-konvink-fuer-berufsbildende\/\",\"link_text\":\"Infos suppl\u00e9mentaires et inscription\",\"meta\":\"\",\"panel_style\":\"card-default\",\"title\":\"Acc\u00e8s gratuit \u00e0 la d\u00e9mo pour les formateurs et formatrices\",\"yooessentials_access_conditions\":[],\"yooessentials_access_mode\":\"AND\"}}],\"name\":\"Aktuell: Konvink Demo-Zugang Sektionen\"},{\"type\":\"grid\",\"props\":{\"content_align\":false,\"content_column_breakpoint\":\"m\",\"content_dropcap\":false,\"filter\":true,\"filter_align\":\"left\",\"filter_all\":true,\"filter_grid_breakpoint\":\"m\",\"filter_grid_width\":\"auto\",\"filter_position\":\"top\",\"filter_style\":\"tab\",\"grid_column_gap\":\"large\",\"grid_default\":\"1\",\"grid_divider\":false,\"grid_large\":\"auto\",\"grid_medium\":\"3\",\"grid_parallax\":\"600\",\"grid_parallax_justify\":false,\"grid_small\":\"auto\",\"grid_xlarge\":\"auto\",\"image_align\":\"right\",\"image_grid_breakpoint\":\"m\",\"image_grid_width\":\"1-2\",\"image_link\":false,\"image_loading\":false,\"image_svg_animate\":false,\"image_svg_color\":\"muted\",\"image_svg_inline\":true,\"image_text_color\":\"dark\",\"image_transition\":\"scale-up\",\"image_transition_border\":true,\"image_vertical_align\":true,\"image_width\":\"1000\",\"item_animation\":false,\"lightbox\":false,\"lightbox_bg_close\":true,\"link_style\":\"default\",\"link_text\":\"Read more\",\"margin_bottom\":\"default\",\"margin_top\":\"default\",\"meta_align\":\"below-title\",\"meta_color\":\"emphasis\",\"meta_element\":\"h2\",\"meta_margin\":\"small\",\"meta_style\":\"text-meta\",\"panel_image_no_padding\":false,\"panel_link\":false,\"panel_style\":\"card-default\",\"position\":\"relative\",\"position_left\":\"0\",\"show_content\":true,\"show_hover_image\":true,\"show_hover_video\":true,\"show_image\":true,\"show_link\":true,\"show_meta\":true,\"show_title\":true,\"show_video\":true,\"title_align\":\"top\",\"title_color\":\"emphasis\",\"title_element\":\"h3\",\"title_font_family\":\"secondary\",\"title_grid_breakpoint\":\"m\",\"title_grid_width\":\"1-2\",\"title_hover_style\":\"reset\",\"title_style\":\"h3\"},\"children\":[{\"type\":\"grid_item\",\"props\":{\"content\":\"\n\n<p>Nous sommes ferm\u00e9s \u00e0 partir du lundi, 22 juillet jusqu'au vendredi, 9 ao\u00fbt 2024.\u00a0Nous vous souhaitons un bel \u00e9t\u00e9!<\/p>\n\n\",\"image\":\"wp-content\/uploads\/sites\/8\/2024\/07\/Sans-titre.jpg\",\"image_text_color\":\"light\",\"panel_style\":\"card-default\",\"status\":\"disabled\",\"title\":\"Vacances d'\u00e9t\u00e9 2024\",\"yooessentials_access_conditions\":[],\"yooessentials_access_mode\":\"AND\"}}]}]}]},{\"type\":\"row\",\"props\":{\"layout\":\"1-2,1-2\",\"yooessentials_form\":{}},\"children\":[{\"type\":\"column\",\"props\":{\"image_position\":\"center-center\",\"position_sticky_breakpoint\":\"m\",\"width_medium\":\"1-2\"}},{\"type\":\"column\",\"props\":{\"image_position\":\"center-center\",\"position_sticky_breakpoint\":\"m\",\"width_medium\":\"1-2\"}}]}],\"name\":\"Actuel\"},{\"type\":\"section\",\"props\":{\"image_position\":\"center-center\",\"style\":\"default\",\"title_breakpoint\":\"xl\",\"title_position\":\"top-left\",\"title_rotation\":\"left\",\"vertical_align\":\"\",\"width\":\"default\"},\"children\":[{\"type\":\"row\",\"children\":[{\"type\":\"column\",\"props\":{\"image_position\":\"center-center\",\"position_sticky_breakpoint\":\"m\"},\"children\":[{\"type\":\"headline\",\"props\":{\"content\":\"Nos partenaires\",\"image_align\":\"left\",\"image_margin\":\"xsmall\",\"position\":\"relative\",\"position_right\":\"-430\",\"position_top\":\"-40\",\"title_color\":\"secondary\",\"title_decoration\":\"bullet\",\"title_element\":\"h1\"}},{\"type\":\"gallery\",\"props\":{\"filter_align\":\"left\",\"filter_all\":true,\"filter_grid_breakpoint\":\"m\",\"filter_grid_width\":\"auto\",\"filter_position\":\"top\",\"filter_style\":\"tab\",\"grid_default\":\"3\",\"grid_large\":\"5\",\"grid_medium\":\"5\",\"grid_parallax\":\"0\",\"grid_small\":\"4\",\"grid_xlarge\":\"5\",\"item_animation\":true,\"item_maxwidth\":\"2xlarge\",\"lightbox_bg_close\":true,\"link_fullwidth\":false,\"link_margin\":\"small\",\"link_style\":\"default\",\"link_text\":\"D\u00e9couvrir\",\"margin_bottom\":\"default\",\"margin_top\":\"default\",\"meta_align\":\"below-title\",\"meta_element\":\"div\",\"meta_style\":\"text-meta\",\"overlay_hover\":true,\"overlay_mode\":\"cover\",\"overlay_position\":\"center\",\"overlay_style\":\"overlay-primary\",\"overlay_transition\":\"fade\",\"position_right\":\"-300\",\"show_content\":true,\"show_hover_image\":true,\"show_hover_video\":true,\"show_link\":true,\"show_meta\":true,\"show_title\":false,\"text_align\":\"center\",\"text_color\":\"light\",\"title_element\":\"h3\",\"title_hover_style\":\"reset\"},\"children\":[{\"type\":\"gallery_item\",\"props\":{\"image\":\"wp-content\/uploads\/sites\/8\/2026\/03\/karcher.png\",\"link\":\"https:\/\/www.kaercher.com\/ch-fr\/\",\"title\":\"k\u00e4rcher\"}},{\"type\":\"gallery_item\",\"props\":{\"image\":\"wp-content\/uploads\/sites\/8\/2026\/03\/aco.png\",\"link\":\"https:\/\/aco.ch\/shop\/fr\/\",\"title\":\"aco\"}},{\"type\":\"gallery_item\",\"props\":{\"image\":\"wp-content\/uploads\/sites\/8\/2026\/03\/cermix.png\",\"link\":\"https:\/\/www.cermix.ch\/fr\/\",\"title\":\"cermix\"}},{\"type\":\"gallery_item\",\"props\":{\"image\":\"wp-content\/uploads\/sites\/8\/2026\/03\/Numatic.png\",\"link\":\"https:\/\/www.numatic.ch\/fr\/start\/\",\"title\":\"Numatic\"}},{\"type\":\"gallery_item\",\"props\":{\"image\":\"wp-content\/uploads\/sites\/8\/2026\/03\/diversey.png\",\"link\":\"https:\/\/eshop.diversey.swiss\/fr-CH\/\",\"title\":\"diversey\"}},{\"type\":\"gallery_item\",\"props\":{\"image\":\"wp-content\/uploads\/sites\/8\/2026\/03\/creabeton.png\",\"link\":\"https:\/\/creabeton.ch\/fr\/start\/\",\"title\":\"creabeton\"}},{\"type\":\"gallery_item\",\"props\":{\"image\":\"wp-content\/uploads\/sites\/8\/2026\/03\/dubat.png\",\"link\":\"https:\/\/dubat.ch\/\",\"title\":\"dubat\"}},{\"type\":\"gallery_item\",\"props\":{\"image\":\"wp-content\/uploads\/sites\/8\/2026\/03\/wurth.png\",\"link\":\"https:\/\/www.wuerth-ag.ch\/fr\/ch\/home\",\"title\":\"w\u00fcrth\"}},{\"type\":\"gallery_item\",\"props\":{\"image\":\"wp-content\/uploads\/sites\/8\/2026\/03\/bsc-transports.png\",\"link\":\"https:\/\/www.bsctransports.ch\/\",\"title\":\"bsc transports\"}},{\"type\":\"gallery_item\",\"props\":{\"image\":\"wp-content\/uploads\/sites\/8\/2026\/03\/wetrok.png\",\"link\":\"https:\/\/wetrok.ch\/ch_fr\",\"title\":\"wetrok\"}},{\"type\":\"gallery_item\",\"props\":{\"image\":\"wp-content\/uploads\/sites\/8\/2026\/03\/roseraies-tschanz.png\",\"link\":\"https:\/\/rosespassion.ch\/\",\"title\":\"roseraies tschanz\"}},{\"type\":\"gallery_item\",\"props\":{\"image\":\"wp-content\/uploads\/sites\/8\/2026\/03\/meylan.png\",\"link\":\"https:\/\/www.meylan.ch\/\",\"title\":\"meylan\"}},{\"type\":\"gallery_item\",\"props\":{\"image\":\"wp-content\/uploads\/sites\/8\/2026\/03\/sipaec.png\",\"link\":\"https:\/\/www.sipaec.ch\/fr-fr\/\",\"title\":\"sipaec\"}},{\"type\":\"gallery_item\",\"props\":{\"image\":\"wp-content\/uploads\/sites\/8\/2026\/03\/gallay.png\",\"link\":\"http:\/\/www.gallayhorticulteurs.ch\/\",\"title\":\"gallay\"}},{\"type\":\"gallery_item\",\"props\":{\"image\":\"wp-content\/uploads\/sites\/8\/2026\/03\/hinni.png\",\"link\":\"https:\/\/www.hinni.ch\/fr\/\",\"title\":\"hinni\"}},{\"type\":\"gallery_item\",\"props\":{\"image\":\"wp-content\/uploads\/sites\/8\/2026\/03\/zuko.png\",\"link\":\"https:\/\/zueko.ch\/fr\/\",\"link_text\":\"D\u00e9couvrir\"}},{\"type\":\"gallery_item\",\"props\":{\"image\":\"wp-content\/uploads\/sites\/8\/2026\/03\/espace-gruyere.png\",\"link\":\"https:\/\/www.espace-gruyere.ch\/\",\"link_text\":\"D\u00e9couvrir\"}}]}]}],\"props\":{\"yooessentials_form\":{}}},{\"type\":\"row\",\"children\":[{\"type\":\"column\",\"props\":{\"image_position\":\"center-center\",\"position_sticky_breakpoint\":\"m\",\"width_medium\":\"1-2\"}},{\"type\":\"column\",\"props\":{\"image_position\":\"center-center\",\"position_sticky_breakpoint\":\"m\",\"width_medium\":\"1-2\"}}],\"props\":{\"layout\":\"1-2,1-2\",\"yooessentials_form\":{}}}],\"name\":\"Pr\u00e9sentation du m\u00e9tier\"}],\"version\":\"5.0.28\",\"yooessentialsVersion\":\"3.0.4\"} --><\/p>\n","protected":false},"excerpt":{"rendered":"<p>Section Suisse romande Le SFB Section Suisse romande s&rsquo;occupe pour tous les\u00a0cantons romands (Vaud, Valais, Neuch\u00e2tel, Jura, Gen\u00e8ve, Fribourg et Berne francophone) du\u00a0d\u00e9roulement de l\u2019apprentissage et des Cours InterEntreprises pour les\u00a0EMEX &#8211; Employ\u00e9(e)s d&rsquo;exploitation avec AFP &amp;\u00a0AGEX &#8211; Agent(e)s d&rsquo;exploitation avec CFC. Informations sur la proc\u00e9dure de qualification 2026 POUR TOUTE QUESTION CONCERNANT LA PROC\u00c9DURE [&hellip;]<\/p>\n","protected":false},"author":2,"featured_media":0,"parent":0,"menu_order":0,"comment_status":"closed","ping_status":"closed","template":"","meta":{"_acf_changed":false,"footnotes":""},"class_list":["post-10","page","type-page","status-publish","hentry"],"acf":[],"_links":{"self":[{"href":"https:\/\/betriebsunterhalt.ch\/romandie\/wp-json\/wp\/v2\/pages\/10","targetHints":{"allow":["GET"]}}],"collection":[{"href":"https:\/\/betriebsunterhalt.ch\/romandie\/wp-json\/wp\/v2\/pages"}],"about":[{"href":"https:\/\/betriebsunterhalt.ch\/romandie\/wp-json\/wp\/v2\/types\/page"}],"author":[{"embeddable":true,"href":"https:\/\/betriebsunterhalt.ch\/romandie\/wp-json\/wp\/v2\/users\/2"}],"replies":[{"embeddable":true,"href":"https:\/\/betriebsunterhalt.ch\/romandie\/wp-json\/wp\/v2\/comments?post=10"}],"version-history":[{"count":122,"href":"https:\/\/betriebsunterhalt.ch\/romandie\/wp-json\/wp\/v2\/pages\/10\/revisions"}],"predecessor-version":[{"id":2771,"href":"https:\/\/betriebsunterhalt.ch\/romandie\/wp-json\/wp\/v2\/pages\/10\/revisions\/2771"}],"wp:attachment":[{"href":"https:\/\/betriebsunterhalt.ch\/romandie\/wp-json\/wp\/v2\/media?parent=10"}],"curies":[{"name":"wp","href":"https:\/\/api.w.org\/{rel}","templated":true}]}}