{"id":2,"date":"2021-10-29T11:18:22","date_gmt":"2021-10-29T11:18:22","guid":{"rendered":"https:\/\/betriebsunterhalt.ch\/zentralschweiz\/?page_id=2"},"modified":"2026-04-07T15:21:02","modified_gmt":"2026-04-07T13:21:02","slug":"sample-page","status":"publish","type":"page","link":"https:\/\/betriebsunterhalt.ch\/zentralschweiz\/","title":{"rendered":"Home"},"content":{"rendered":"<div>\n<\/div>\n<h1>Sektion Zentralschweiz<\/h1>\n<div>\n<p>Seit 1999 setzt sich die Sektion Zentralschweiz f\u00fcr Aus- und Weiterbildung unserer Fachleute ein. Die Gesch\u00e4ftsstelle in Dagmersellen teilen wir uns mit der Sektion beider Basel. Das ist Ihr Vorteil: Eine zentrale Stelle steht Ihnen f\u00fcr Ausk\u00fcnfte zu zwei Sektionen und sieben Kantonen zur Verf\u00fcgung.<\/p>\n<\/div>\n<h2>Wir suchen Verst\u00e4rkung<\/h2>\n<div>\n<h3>Wir suchen Verst\u00e4rkung als Kursleiter*in<\/h3>\n<div>\n<p>Wir suchen im \u00fcK Zentrum in Dagmersellen ab sofort oder nach Vereinbarung Verst\u00e4rkung als<\/p>\n<p><strong>Kursleiter*in f\u00fcr \u00fcberbetriebliche Kurse Betriebsunterhalt 80-100%<\/strong><\/p>\n<\/div>\n<p><a href=\"\/zentralschweiz\/wp-content\/uploads\/sites\/4\/2026\/03\/Inserat-Kursleiter_2026_Version-Extern.pdf\">Ich bin interessiert!<\/a><\/p>\n<\/div>\n<h2>Aktuell<\/h2>\n<div>\n<p>    <img decoding=\"async\" src=\"\/zentralschweiz\/wp-content\/uploads\/sites\/4\/photo-1609421141185-8a4f37a5d063-scaled.jpg\" alt=\"\"><\/p>\n<h3>SAVE THE DATE!<\/h3>\n<div>\n<h3><strong>07. Juli 2025 <\/strong><\/h3>\n<h4><strong>QV-Feier\u00a0<\/strong><\/h4>\n<p>QV-Feier f\u00fcr die Abschlussklassen der Fachleute Betriebsunterhalt EFZ und Unterhaltspraktiker\/in EBA findet am<\/p>\n<p>Dienstag, 07. Juli 2026, in Luzern statt.<\/p>\n<p>Weitere Infos folgen mit der Einladung.<\/p>\n<\/p>\n<\/div>\n<\/div>\n<h2>Sektionspartner<\/h2>\n<ul>\n<li>\n<p>        <img decoding=\"async\" src=\"\/zentralschweiz\/wp-content\/uploads\/sites\/4\/2024\/06\/2017-09-10-SIGNAL-Logo-Claim-RGB_web.png\" alt=\"\"><\/p>\n<p><a href=\"https:\/\/www.signal.ch\/standorte\/etagnieres\/\"><\/a><\/p>\n<\/li>\n<li>\n<p>        <img decoding=\"async\" src=\"\/zentralschweiz\/wp-content\/uploads\/sites\/4\/2024\/06\/Kochdesign-deutsch-scaled.jpg\" alt=\"\"><\/p>\n<p><a href=\"https:\/\/www.kochdesign.ch\/\"><\/a><\/p>\n<\/li>\n<li>\n<p>        <img decoding=\"async\" src=\"\/zentralschweiz\/wp-content\/uploads\/sites\/4\/2024\/06\/hollu-Logo_Clre.jpg\" alt=\"\"><\/p>\n<p><a href=\"https:\/\/www.hollu.com\/\"><\/a><\/p>\n<\/li>\n<li>\n<p>        <img decoding=\"async\" src=\"\/zentralschweiz\/wp-content\/uploads\/sites\/4\/2024\/06\/Arthur-Weber.png\" alt=\"\"><\/p>\n<p><a href=\"https:\/\/www.arthurweber.ch\/\"><\/a><\/p>\n<\/li>\n<li>\n<p>        <img decoding=\"async\" src=\"\/zentralschweiz\/wp-content\/uploads\/sites\/4\/2024\/06\/Gree_Logo_DGruen_15022023.png\" alt=\"\"><\/p>\n<p><a href=\"https:\/\/www.greenrobotics.ch\/\"><\/a><\/p>\n<\/li>\n<li>\n<p>        <img decoding=\"async\" src=\"\/zentralschweiz\/wp-content\/uploads\/sites\/4\/2025\/06\/WAB_Logo_RGB-scaled.png\" alt=\"\"><\/p>\n<p><a href=\"https:\/\/wabool.ch\/?srsltid=AfmBOooJEQXqh9WtWVdKRk-2w9DOZ1qlRESg8bs8lGkuPlKfy--pe9d9\"><\/a><\/p>\n<\/li>\n<li>\n<p>        <img decoding=\"async\" src=\"\/zentralschweiz\/wp-content\/uploads\/sites\/4\/2024\/06\/Gastro_Plus-Logo.jpg\" alt=\"\"><\/p>\n<p><a href=\"https:\/\/www.gastroplus.ch\/\"><\/a><\/p>\n<\/li>\n<li>\n<p>        <img decoding=\"async\" src=\"\/zentralschweiz\/wp-content\/uploads\/sites\/4\/2024\/06\/Logo-Weita-RGB-mit-neuem-Claim_DE.png\" alt=\"\"><\/p>\n<p><a href=\"https:\/\/www.weita.ch\/de\/start.htm\"><\/a><\/p>\n<\/li>\n<li>\n<p>        <img decoding=\"async\" src=\"\/zentralschweiz\/wp-content\/uploads\/sites\/4\/2025\/01\/Diversey-RGB.png\" alt=\"\"><\/p>\n<p><a href=\"https:\/\/eshop.diversey.swiss\/\"><\/a><\/p>\n<\/li>\n<li>\n<p>        <img decoding=\"async\" src=\"\/zentralschweiz\/wp-content\/uploads\/sites\/4\/2024\/06\/EBERLET3.jpg\" alt=\"\"><\/p>\n<p><a href=\"https:\/\/et-eberle.ch\/\"><\/a><\/p>\n<\/li>\n<li>\n<p>        <img decoding=\"async\" src=\"\/zentralschweiz\/wp-content\/uploads\/sites\/4\/2024\/06\/Cleanfix.png\" alt=\"\"><\/p>\n<p><a href=\"https:\/\/www.cleanfix.ch\/de?gad_source=1&#038;gclid=EAIaIQobChMIu4D12NGkiQMVfp6DBx2BwSUNEAAYASAAEgJ6_PD_BwE\"><\/a><\/p>\n<\/li>\n<li>\n<p>        <img decoding=\"async\" src=\"\/zentralschweiz\/wp-content\/uploads\/sites\/4\/2024\/06\/Numatic-Logo_15022023.jpg\" alt=\"\"><\/p>\n<p><a href=\"https:\/\/www.numatic.ch\/de\/\"><\/a><\/p>\n<\/li>\n<li>\n<p>        <img decoding=\"async\" src=\"\/zentralschweiz\/wp-content\/uploads\/sites\/4\/2024\/06\/leiser_Logo_cmyk.png\" alt=\"\"><\/p>\n<p><a href=\"https:\/\/leiserag.ch\/\"><\/a><\/p>\n<\/li>\n<li>\n<p>        <img decoding=\"async\" src=\"\/zentralschweiz\/wp-content\/uploads\/sites\/4\/2024\/06\/Lu-Sicherheitsdienst.png\" alt=\"\"><\/p>\n<p><a href=\"https:\/\/www.lu-sicherheitsdienst.ch\/\"><\/a><\/p>\n<\/li>\n<li>\n<p>        <img decoding=\"async\" src=\"\/zentralschweiz\/wp-content\/uploads\/sites\/4\/2024\/06\/Bahnhof-Parking.png\" alt=\"\"><\/p>\n<\/li>\n<li>\n<p>        <img decoding=\"async\" src=\"\/zentralschweiz\/wp-content\/uploads\/sites\/4\/2024\/06\/Wetrok.png\" alt=\"\"><\/p>\n<p><a href=\"https:\/\/www.wetrok.ch\/de\/?gad_source=1&#038;gclid=EAIaIQobChMIseLMy9KkiQMVu5CDBx3RaSZOEAAYASAAEgL9NPD_BwE\"><\/a><\/p>\n<\/li>\n<li>\n<p>        <img decoding=\"async\" src=\"\/zentralschweiz\/wp-content\/uploads\/sites\/4\/2025\/01\/Bucher-Weiler-AG-neu-png-1.png\" alt=\"\"><\/p>\n<p><a href=\"https:\/\/www.bucher-weiler.ch\/\"><\/a><\/p>\n<\/li>\n<li>\n<p>        <img decoding=\"async\" src=\"\/zentralschweiz\/wp-content\/uploads\/sites\/4\/2025\/10\/Hako-Logo-PNG.png\" alt=\"\"><\/p>\n<p><a href=\"https:\/\/www.bucher-weiler.ch\/\"><\/a><\/p>\n<\/li>\n<li>\n<p>        <img decoding=\"async\" src=\"\/zentralschweiz\/wp-content\/uploads\/sites\/4\/2025\/12\/HCN-Clean-AG.jpg\" alt=\"\"><\/p>\n<p><a href=\"https:\/\/www.hcnclean.ch\/\"><\/a><\/p>\n<\/li>\n<li>\n<p>        <img decoding=\"async\" src=\"\/zentralschweiz\/wp-content\/uploads\/sites\/4\/2024\/06\/Educlean.png\" alt=\"\"><\/p>\n<p><a href=\"https:\/\/www.educlean.ch\/\"><\/a><\/p>\n<\/li>\n<\/ul>\n<p><!--more--><br \/>\n<!-- {\"name\":\"Home\",\"type\":\"layout\",\"children\":[{\"name\":\"Slider\",\"type\":\"section\",\"props\":{\"image_position\":\"center-center\",\"image_size\":\"cover\",\"image_width\":\"2560\",\"padding_bottom\":\"none\",\"padding_top\":\"none\",\"style\":\"default\",\"text_color\":\"light\",\"title_breakpoint\":\"xl\",\"title_position\":\"top-left\",\"title_rotation\":\"left\",\"vertical_align\":\"\",\"width\":\"\"},\"children\":[{\"type\":\"row\",\"children\":[{\"type\":\"column\",\"props\":{\"image_position\":\"center-center\",\"position_sticky_breakpoint\":\"m\",\"width_medium\":\"1-1\"},\"children\":[{\"type\":\"html\",\"props\":{\"content\":\"[smartslider3 slider=\\\"2\\\"]\"}}]}]}]},{\"type\":\"section\",\"props\":{\"image_position\":\"center-center\",\"style\":\"default\",\"title_breakpoint\":\"xl\",\"title_position\":\"top-left\",\"title_rotation\":\"left\",\"vertical_align\":\"\",\"width\":\"default\"},\"children\":[{\"type\":\"row\",\"children\":[{\"type\":\"column\",\"props\":{\"image_position\":\"center-center\",\"position_sticky_breakpoint\":\"m\"},\"children\":[{\"type\":\"headline\",\"props\":{\"content\":\"Sektion Zentralschweiz\",\"image_align\":\"left\",\"image_margin\":\"xsmall\",\"text_align\":\"center\",\"title_decoration\":\"bullet\",\"title_element\":\"h1\"}},{\"type\":\"text\",\"props\":{\"column_breakpoint\":\"m\",\"content\":\"\n\n<p>Seit 1999 setzt sich die Sektion Zentralschweiz f\u00fcr Aus- und Weiterbildung unserer Fachleute ein. Die Gesch\u00e4ftsstelle in Dagmersellen teilen wir uns mit der Sektion beider Basel. Das ist Ihr Vorteil: Eine zentrale Stelle steht Ihnen f\u00fcr Ausk\u00fcnfte zu zwei Sektionen und sieben Kantonen zur Verf\u00fcgung.<\/p>\n\n\",\"margin_bottom\":\"medium\",\"margin_top\":\"medium\",\"text_align\":\"center\",\"text_style\":\"lead\"}}]}]}],\"name\":\" Ausbildungszentrum Mittelland\"},{\"type\":\"section\",\"props\":{\"image_position\":\"center-center\",\"style\":\"default\",\"title_breakpoint\":\"xl\",\"title_position\":\"top-left\",\"title_rotation\":\"left\",\"vertical_align\":\"\",\"width\":\"default\"},\"children\":[{\"type\":\"row\",\"children\":[{\"type\":\"column\",\"props\":{\"image_position\":\"center-center\",\"position_sticky_breakpoint\":\"m\"},\"children\":[{\"type\":\"headline\",\"props\":{\"content\":\"Wir suchen Verst\u00e4rkung\",\"image_align\":\"left\",\"image_margin\":\"xsmall\",\"text_align\":\"center\",\"title_decoration\":\"bullet\",\"title_element\":\"h2\"}},{\"type\":\"grid\",\"props\":{\"content_column_breakpoint\":\"m\",\"filter_align\":\"left\",\"filter_all\":true,\"filter_grid_breakpoint\":\"m\",\"filter_grid_width\":\"auto\",\"filter_position\":\"top\",\"filter_style\":\"tab\",\"grid_default\":\"1\",\"grid_medium\":\"1\",\"image_align\":\"top\",\"image_grid_breakpoint\":\"m\",\"image_grid_width\":\"1-2\",\"image_height\":\"500\",\"image_link\":true,\"image_svg_color\":\"emphasis\",\"image_transition_border\":false,\"image_vertical_align\":true,\"image_width\":\"80\",\"item_animation\":true,\"lightbox_bg_close\":true,\"link_fullwidth\":false,\"link_style\":\"primary\",\"link_text\":\"\",\"margin_bottom\":\"default\",\"margin_top\":\"default\",\"meta_align\":\"below-title\",\"meta_element\":\"div\",\"meta_margin\":\"small\",\"meta_style\":\"text-meta\",\"panel_image_no_padding\":false,\"panel_link\":true,\"panel_padding\":\"default\",\"parallax_easing\":\"1\",\"show_content\":true,\"show_hover_image\":true,\"show_hover_video\":true,\"show_image\":true,\"show_link\":true,\"show_meta\":true,\"show_title\":true,\"show_video\":true,\"text_align\":\"center\",\"title_align\":\"top\",\"title_element\":\"h3\",\"title_grid_breakpoint\":\"m\",\"title_grid_width\":\"1-2\",\"title_hover_style\":\"reset\"},\"children\":[{\"type\":\"grid_item\",\"props\":{\"content\":\"\n\n<p>Wir suchen im \u00fcK Zentrum in Dagmersellen ab sofort oder nach Vereinbarung Verst\u00e4rkung als<\/p>\n\n\\n\n\n<p><strong>Kursleiter*in f\u00fcr \u00fcberbetriebliche Kurse Betriebsunterhalt 80-100%<\/strong><\/p>\n\n\",\"hover_image\":\"\",\"icon\":\"user\",\"image\":\"\",\"image_focal_point\":\"center-right\",\"link\":\"wp-content\/uploads\/sites\/4\/2026\/03\/Inserat-Kursleiter_2026_Version-Extern.pdf\",\"link_text\":\"Ich bin interessiert!\",\"meta\":\"\",\"panel_style\":\"card-primary\",\"title\":\"Wir suchen Verst\u00e4rkung als Kursleiter*in\"}}],\"name\":\"Kursleiter\"}]}]},{\"type\":\"row\",\"children\":[{\"type\":\"column\",\"props\":{\"image_position\":\"center-center\",\"position_sticky_breakpoint\":\"m\"}}]}],\"name\":\"Aktuell\"},{\"type\":\"section\",\"props\":{\"image_position\":\"center-center\",\"style\":\"default\",\"title_breakpoint\":\"xl\",\"title_position\":\"top-left\",\"title_rotation\":\"left\",\"vertical_align\":\"\",\"width\":\"default\"},\"children\":[{\"type\":\"row\",\"children\":[{\"type\":\"column\",\"props\":{\"image_position\":\"center-center\",\"position_sticky_breakpoint\":\"m\"},\"children\":[{\"type\":\"headline\",\"props\":{\"content\":\"Aktuell\",\"image_align\":\"left\",\"image_margin\":\"xsmall\",\"text_align\":\"center\",\"title_decoration\":\"bullet\",\"title_element\":\"h2\"}}]}]},{\"type\":\"row\",\"children\":[{\"type\":\"column\",\"props\":{\"image_position\":\"center-center\",\"position_sticky_breakpoint\":\"m\"},\"children\":[{\"type\":\"grid\",\"props\":{\"content_column_breakpoint\":\"m\",\"filter_align\":\"left\",\"filter_all\":true,\"filter_grid_breakpoint\":\"m\",\"filter_grid_width\":\"auto\",\"filter_position\":\"top\",\"filter_style\":\"tab\",\"grid_default\":\"1\",\"grid_medium\":\"1\",\"image_align\":\"left\",\"image_grid_breakpoint\":\"m\",\"image_grid_width\":\"1-2\",\"image_height\":\"500\",\"image_link\":true,\"image_svg_color\":\"emphasis\",\"image_transition_border\":false,\"image_vertical_align\":true,\"image_width\":\"1000\",\"item_animation\":true,\"lightbox_bg_close\":true,\"link_fullwidth\":false,\"link_style\":\"primary\",\"link_text\":\"\",\"margin_bottom\":\"default\",\"margin_top\":\"default\",\"meta_align\":\"below-title\",\"meta_element\":\"div\",\"meta_margin\":\"small\",\"meta_style\":\"text-meta\",\"panel_image_no_padding\":false,\"panel_link\":true,\"panel_padding\":\"default\",\"parallax_easing\":\"1\",\"show_content\":true,\"show_hover_image\":true,\"show_hover_video\":true,\"show_image\":true,\"show_link\":true,\"show_meta\":true,\"show_title\":true,\"show_video\":true,\"text_align\":\"center\",\"title_align\":\"top\",\"title_element\":\"h3\",\"title_grid_breakpoint\":\"m\",\"title_grid_width\":\"1-2\",\"title_hover_style\":\"reset\"},\"children\":[{\"type\":\"grid_item\",\"props\":{\"content\":\"\n\n<h3><strong>07. Juli 2025 <\/strong><\/h3>\n\n\\n\n\n<h4><strong>QV-Feier\u00a0<\/strong><\/h4>\n\n\\n\n\n<p>QV-Feier f\u00fcr die Abschlussklassen der Fachleute Betriebsunterhalt EFZ und Unterhaltspraktiker\/in EBA findet am<\/p>\n\n\\n\n\n<p>Dienstag, 07. Juli 2026, in Luzern statt.<\/p>\n\n\\n\n\n<p>Weitere Infos folgen mit der Einladung.<\/p>\n\n\\n\n\n\n\n\",\"hover_image\":\"\",\"image\":\"wp-content\/uploads\/sites\/4\/photo-1609421141185-8a4f37a5d063-scaled.jpg\",\"image_focal_point\":\"center-right\",\"link_text\":\"Jetzt bestellen\",\"meta\":\"\",\"panel_style\":\"tile-primary\",\"title\":\"SAVE THE DATE!\"}}],\"name\":\"SAVE THE DATE! QV Feier\"},{\"type\":\"grid\",\"props\":{\"content_column_breakpoint\":\"m\",\"filter_align\":\"left\",\"filter_all\":true,\"filter_grid_breakpoint\":\"m\",\"filter_grid_width\":\"auto\",\"filter_position\":\"top\",\"filter_style\":\"tab\",\"grid_default\":\"1\",\"grid_medium\":\"1\",\"image_align\":\"left\",\"image_grid_breakpoint\":\"m\",\"image_grid_width\":\"1-2\",\"image_height\":\"500\",\"image_link\":true,\"image_svg_color\":\"emphasis\",\"image_transition_border\":false,\"image_vertical_align\":true,\"image_width\":\"1000\",\"item_animation\":true,\"lightbox_bg_close\":true,\"link_fullwidth\":false,\"link_style\":\"primary\",\"link_text\":\"\",\"margin_bottom\":\"default\",\"margin_top\":\"default\",\"meta_align\":\"below-title\",\"meta_element\":\"div\",\"meta_margin\":\"small\",\"meta_style\":\"text-meta\",\"panel_image_no_padding\":false,\"panel_link\":true,\"panel_padding\":\"default\",\"parallax_easing\":\"1\",\"show_content\":true,\"show_hover_image\":true,\"show_hover_video\":true,\"show_image\":true,\"show_link\":true,\"show_meta\":true,\"show_title\":true,\"show_video\":true,\"status\":\"disabled\",\"text_align\":\"center\",\"title_align\":\"top\",\"title_element\":\"h3\",\"title_grid_breakpoint\":\"m\",\"title_grid_width\":\"1-2\",\"title_hover_style\":\"reset\"},\"children\":[{\"type\":\"grid_item\",\"props\":{\"content\":\"\n\n<h3><strong>01. April 2026<\/strong><\/h3>\n\n\\n\n\n<h4><strong>Generalversammlung<\/strong><\/h4>\n\n\\n\n\n<p>Die GV 2026 findet im FB ABZM in Dagmersellen statt.\u00a0<\/p>\n\n\\n\n\n<p><strong>Mittwoch, 01.04.2026<\/strong><\/p>\n\n\\n\n\n<p>Weitere Infos folgen mit der Einladung.<\/p>\n\n\\n\n\n\n\n\",\"hover_image\":\"\",\"image\":\"wp-content\/uploads\/sites\/4\/2025\/02\/DV-FB-ABZM_029-scaled.jpg\",\"image_focal_point\":\"center-right\",\"link_text\":\"Jetzt bestellen\",\"meta\":\"\",\"panel_style\":\"tile-primary\",\"title\":\"SAVE THE DATE! GV\"}}],\"name\":\"SAVE THE DATE! \"},{\"type\":\"grid\",\"props\":{\"content_column_breakpoint\":\"m\",\"content_style\":\"text-large\",\"filter_align\":\"left\",\"filter_all\":true,\"filter_grid_breakpoint\":\"m\",\"filter_grid_width\":\"auto\",\"filter_position\":\"top\",\"filter_style\":\"tab\",\"grid_default\":\"1\",\"grid_medium\":\"1\",\"image_align\":\"left\",\"image_border\":\"rounded\",\"image_grid_breakpoint\":\"m\",\"image_grid_width\":\"2-5\",\"image_height\":700,\"image_link\":false,\"image_loading\":true,\"image_svg_color\":\"emphasis\",\"image_vertical_align\":true,\"image_width\":\"1000\",\"item_animation\":true,\"lightbox\":true,\"lightbox_bg_close\":true,\"link_style\":\"secondary\",\"link_text\":\"\",\"margin_bottom\":\"default\",\"margin_top\":\"default\",\"meta_align\":\"below-title\",\"meta_color\":\"secondary\",\"meta_element\":\"h3\",\"meta_margin\":\"small\",\"meta_style\":\"text-meta\",\"panel_image_no_padding\":false,\"panel_link\":true,\"panel_padding\":\"default\",\"parallax_easing\":\"1\",\"show_content\":true,\"show_hover_image\":true,\"show_hover_video\":true,\"show_image\":true,\"show_link\":false,\"show_meta\":true,\"show_title\":true,\"show_video\":true,\"status\":\"disabled\",\"title_align\":\"top\",\"title_element\":\"h3\",\"title_grid_breakpoint\":\"m\",\"title_grid_width\":\"1-2\",\"title_hover_style\":\"reset\"},\"children\":[{\"type\":\"grid_item\",\"props\":{\"content\":\"\n\n<p style=\\\"text-align: left;\\\"><span>Ab dem 22. Dezember 2025 - 04. Januar 2026 bleibt<\/span><span> die Gesch\u00e4ftsstelle geschlossen. <\/span>Gerne sind wir ab dem 05. Januar 2026 wieder f\u00fcr Sie da.<\/p>\n\n\",\"image\":\"wp-content\/uploads\/sites\/4\/pexels-photo-3303619-scaled.jpeg\",\"meta\":\"\",\"panel_style\":\"card-primary\",\"title\":\"Weihnachtsferien\",\"yooessentials_access_conditions\":[],\"yooessentials_access_mode\":\"AND\"}}],\"name\":\"Ferien\"},{\"type\":\"grid\",\"props\":{\"content_column_breakpoint\":\"m\",\"filter_align\":\"left\",\"filter_all\":true,\"filter_grid_breakpoint\":\"m\",\"filter_grid_width\":\"auto\",\"filter_position\":\"top\",\"filter_style\":\"tab\",\"grid_default\":\"1\",\"grid_medium\":\"1\",\"image_align\":\"left\",\"image_grid_breakpoint\":\"m\",\"image_grid_width\":\"1-2\",\"image_height\":\"500\",\"image_link\":true,\"image_svg_color\":\"emphasis\",\"image_vertical_align\":true,\"image_width\":\"1000\",\"item_animation\":true,\"lightbox_bg_close\":true,\"link_fullwidth\":false,\"link_style\":\"primary\",\"link_text\":\"\",\"margin_bottom\":\"default\",\"margin_top\":\"default\",\"meta_align\":\"below-title\",\"meta_element\":\"div\",\"meta_margin\":\"small\",\"meta_style\":\"text-meta\",\"panel_image_no_padding\":false,\"panel_link\":true,\"panel_padding\":\"default\",\"parallax_easing\":\"1\",\"show_content\":true,\"show_hover_image\":true,\"show_hover_video\":true,\"show_image\":true,\"show_link\":true,\"show_meta\":true,\"show_title\":true,\"show_video\":true,\"status\":\"disabled\",\"text_align\":\"center\",\"title_align\":\"top\",\"title_element\":\"h3\",\"title_grid_breakpoint\":\"m\",\"title_grid_width\":\"1-2\",\"title_hover_style\":\"reset\"},\"children\":[{\"type\":\"grid_item\",\"props\":{\"content\":\"\n\n<p><strong>Ab sofort<\/strong> k\u00f6nnen die digitalen Lernmedien des SFB f\u00fcr den Lehrstart 2025\u00a0bestellt werden.<\/p>\n\n\",\"image\":\"\",\"link\":\"https:\/\/betriebsunterhalt.ch\/fbabzm\/bestellung-digitale-lernmedien-2024\/\",\"link_text\":\"Jetzt bestellen\",\"meta\":\"\",\"panel_style\":\"tile-primary\",\"title\":\"Digitale Lernmedien bestellen\"}}],\"name\":\"Aktuell: Digitale Lernmedien bestellen Sektionen\"}]}]}],\"name\":\"Aktuell\"},{\"type\":\"section\",\"props\":{\"image_position\":\"center-center\",\"style\":\"default\",\"title_breakpoint\":\"xl\",\"title_position\":\"top-left\",\"title_rotation\":\"left\",\"vertical_align\":\"middle\",\"width\":\"default\"},\"children\":[{\"type\":\"row\",\"children\":[{\"type\":\"column\",\"props\":{\"image_position\":\"center-center\",\"position_sticky_breakpoint\":\"m\"},\"children\":[{\"type\":\"headline\",\"props\":{\"content\":\"Sektionspartner\",\"image_align\":\"left\",\"image_margin\":\"xsmall\",\"text_align\":\"center\",\"title_decoration\":\"bullet\",\"title_element\":\"h2\"}},{\"type\":\"gallery\",\"props\":{\"filter_align\":\"left\",\"filter_all\":true,\"filter_grid_breakpoint\":\"m\",\"filter_grid_width\":\"auto\",\"filter_position\":\"top\",\"filter_style\":\"tab\",\"grid_column_align\":true,\"grid_default\":\"1\",\"grid_divider\":true,\"grid_medium\":\"4\",\"grid_row_align\":true,\"item_animation\":true,\"lightbox_bg_close\":true,\"link_style\":\"default\",\"link_target\":true,\"link_text\":\"\",\"margin_bottom\":\"default\",\"margin_top\":\"default\",\"meta_align\":\"below-title\",\"meta_element\":\"div\",\"meta_style\":\"text-meta\",\"overlay_hover\":false,\"overlay_link\":true,\"overlay_mode\":\"cover\",\"overlay_position\":\"center\",\"overlay_style\":\"\",\"overlay_transition\":\"fade\",\"overlay_transition_background\":false,\"show_content\":true,\"show_hover_image\":true,\"show_hover_video\":true,\"show_link\":true,\"show_meta\":true,\"show_title\":false,\"text_align\":\"center\",\"text_color\":\"light\",\"title_element\":\"h3\",\"title_hover_style\":\"reset\",\"yooessentials_access_conditions\":[],\"yooessentials_access_mode\":\"AND\"},\"children\":[{\"type\":\"gallery_item\",\"props\":{\"image\":\"wp-content\/uploads\/sites\/4\/2024\/06\/2017-09-10-SIGNAL-Logo-Claim-RGB_web.png\",\"link\":\"https:\/\/www.signal.ch\/standorte\/etagnieres\/\",\"text_color_hover\":false,\"title\":\"\"}},{\"type\":\"gallery_item\",\"props\":{\"image\":\"wp-content\/uploads\/sites\/4\/2024\/06\/Kochdesign-deutsch-scaled.jpg\",\"link\":\"https:\/\/www.kochdesign.ch\/\",\"title\":\"\"}},{\"type\":\"gallery_item\",\"props\":{\"image\":\"wp-content\/uploads\/sites\/4\/2024\/06\/hollu-Logo_Clre.jpg\",\"link\":\"https:\/\/www.hollu.com\/\",\"title\":\"\"}},{\"type\":\"gallery_item\",\"props\":{\"image\":\"wp-content\/uploads\/sites\/4\/2024\/06\/Arthur-Weber.png\",\"link\":\"https:\/\/www.arthurweber.ch\/\",\"title\":\"\"}},{\"type\":\"gallery_item\",\"props\":{\"image\":\"wp-content\/uploads\/sites\/4\/2024\/06\/Gree_Logo_DGruen_15022023.png\",\"link\":\"https:\/\/www.greenrobotics.ch\/\",\"title\":\"\"}},{\"type\":\"gallery_item\",\"props\":{\"image\":\"wp-content\/uploads\/sites\/4\/2025\/06\/WAB_Logo_RGB-scaled.png\",\"link\":\"https:\/\/wabool.ch\/?srsltid=AfmBOooJEQXqh9WtWVdKRk-2w9DOZ1qlRESg8bs8lGkuPlKfy--pe9d9\",\"title\":\"\"}},{\"type\":\"gallery_item\",\"props\":{\"image\":\"wp-content\/uploads\/sites\/4\/2024\/06\/Gastro_Plus-Logo.jpg\",\"link\":\"https:\/\/www.gastroplus.ch\/\",\"title\":\"\"}},{\"type\":\"gallery_item\",\"props\":{\"image\":\"wp-content\/uploads\/sites\/4\/2024\/06\/Logo-Weita-RGB-mit-neuem-Claim_DE.png\",\"link\":\"https:\/\/www.weita.ch\/de\/start.htm\",\"title\":\"\"}},{\"type\":\"gallery_item\",\"props\":{\"image\":\"wp-content\/uploads\/sites\/4\/2025\/01\/Diversey-RGB.png\",\"link\":\"https:\/\/eshop.diversey.swiss\/\",\"title\":\"\"}},{\"type\":\"gallery_item\",\"props\":{\"image\":\"wp-content\/uploads\/sites\/4\/2024\/06\/EBERLET3.jpg\",\"link\":\"https:\/\/et-eberle.ch\/\",\"title\":\"\"}},{\"type\":\"gallery_item\",\"props\":{\"image\":\"wp-content\/uploads\/sites\/4\/2024\/06\/Cleanfix.png\",\"link\":\"https:\/\/www.cleanfix.ch\/de?gad_source=1&gclid=EAIaIQobChMIu4D12NGkiQMVfp6DBx2BwSUNEAAYASAAEgJ6_PD_BwE\",\"title\":\"\"}},{\"type\":\"gallery_item\",\"props\":{\"image\":\"wp-content\/uploads\/sites\/4\/2024\/06\/Numatic-Logo_15022023.jpg\",\"link\":\"https:\/\/www.numatic.ch\/de\/\",\"title\":\"\"}},{\"type\":\"gallery_item\",\"props\":{\"image\":\"wp-content\/uploads\/sites\/4\/2024\/06\/leiser_Logo_cmyk.png\",\"link\":\"https:\/\/leiserag.ch\/\",\"title\":\"\"}},{\"type\":\"gallery_item\",\"props\":{\"image\":\"wp-content\/uploads\/sites\/4\/2024\/06\/Lu-Sicherheitsdienst.png\",\"link\":\"https:\/\/www.lu-sicherheitsdienst.ch\/\",\"title\":\"\"}},{\"type\":\"gallery_item\",\"props\":{\"image\":\"wp-content\/uploads\/sites\/4\/2024\/06\/Bahnhof-Parking.png\",\"title\":\"\"}},{\"type\":\"gallery_item\",\"props\":{\"image\":\"wp-content\/uploads\/sites\/4\/2024\/06\/Wetrok.png\",\"link\":\"https:\/\/www.wetrok.ch\/de\/?gad_source=1&gclid=EAIaIQobChMIseLMy9KkiQMVu5CDBx3RaSZOEAAYASAAEgL9NPD_BwE\",\"title\":\"\"}},{\"type\":\"gallery_item\",\"props\":{\"image\":\"wp-content\/uploads\/sites\/4\/2025\/01\/Bucher-Weiler-AG-neu-png-1.png\",\"link\":\"https:\/\/www.bucher-weiler.ch\/\",\"title\":\"\"}},{\"type\":\"gallery_item\",\"props\":{\"image\":\"wp-content\/uploads\/sites\/4\/2025\/10\/Hako-Logo-PNG.png\",\"link\":\"https:\/\/www.bucher-weiler.ch\/\",\"title\":\"\"}},{\"type\":\"gallery_item\",\"props\":{\"image\":\"wp-content\/uploads\/sites\/4\/2025\/12\/HCN-Clean-AG.jpg\",\"link\":\"https:\/\/www.hcnclean.ch\/\",\"title\":\"\"}},{\"type\":\"gallery_item\",\"props\":{\"image\":\"wp-content\/uploads\/sites\/4\/2024\/06\/Educlean.png\",\"link\":\"https:\/\/www.educlean.ch\/\",\"title\":\"\"}}]}]}]}],\"name\":\"Sektionspartner\"}],\"version\":\"5.0.28\",\"yooessentialsVersion\":\"3.0.3\"} --><\/p>\n","protected":false},"excerpt":{"rendered":"<p>Sektion Zentralschweiz Seit 1999 setzt sich die Sektion Zentralschweiz f\u00fcr Aus- und Weiterbildung unserer Fachleute ein. Die Gesch\u00e4ftsstelle in Dagmersellen teilen wir uns mit der Sektion beider Basel. Das ist Ihr Vorteil: Eine zentrale Stelle steht Ihnen f\u00fcr Ausk\u00fcnfte zu zwei Sektionen und sieben Kantonen zur Verf\u00fcgung. Wir suchen Verst\u00e4rkung Wir suchen Verst\u00e4rkung als Kursleiter*in [&hellip;]<\/p>\n","protected":false},"author":2,"featured_media":0,"parent":0,"menu_order":0,"comment_status":"closed","ping_status":"open","template":"","meta":{"_acf_changed":false,"footnotes":""},"class_list":["post-2","page","type-page","status-publish","hentry"],"acf":[],"_links":{"self":[{"href":"https:\/\/betriebsunterhalt.ch\/zentralschweiz\/wp-json\/wp\/v2\/pages\/2","targetHints":{"allow":["GET"]}}],"collection":[{"href":"https:\/\/betriebsunterhalt.ch\/zentralschweiz\/wp-json\/wp\/v2\/pages"}],"about":[{"href":"https:\/\/betriebsunterhalt.ch\/zentralschweiz\/wp-json\/wp\/v2\/types\/page"}],"author":[{"embeddable":true,"href":"https:\/\/betriebsunterhalt.ch\/zentralschweiz\/wp-json\/wp\/v2\/users\/2"}],"replies":[{"embeddable":true,"href":"https:\/\/betriebsunterhalt.ch\/zentralschweiz\/wp-json\/wp\/v2\/comments?post=2"}],"version-history":[{"count":26,"href":"https:\/\/betriebsunterhalt.ch\/zentralschweiz\/wp-json\/wp\/v2\/pages\/2\/revisions"}],"predecessor-version":[{"id":2148,"href":"https:\/\/betriebsunterhalt.ch\/zentralschweiz\/wp-json\/wp\/v2\/pages\/2\/revisions\/2148"}],"wp:attachment":[{"href":"https:\/\/betriebsunterhalt.ch\/zentralschweiz\/wp-json\/wp\/v2\/media?parent=2"}],"curies":[{"name":"wp","href":"https:\/\/api.w.org\/{rel}","templated":true}]}}