{"id":8,"date":"2022-01-26T14:50:47","date_gmt":"2022-01-26T14:50:47","guid":{"rendered":"https:\/\/betriebsunterhalt.ch\/zentralschweiz\/?page_id=8"},"modified":"2026-01-30T08:53:25","modified_gmt":"2026-01-30T07:53:25","slug":"weiterbildung","status":"publish","type":"page","link":"https:\/\/betriebsunterhalt.ch\/zentralschweiz\/weiterbildung\/","title":{"rendered":"Weiterbildung"},"content":{"rendered":"<h1>Kurse<\/h1>\n<div>\n<p>F\u00fcnf Kantone, eine Gesch\u00e4ftsstelle: Wir von der SFB-Sektion Zentralschweiz b\u00fcndeln Kr\u00e4fte. Unsere Mitglieder kommen aus den Kantonen Luzern, Nidwalden, Obwalden, Uri und Zug. Gut zu wissen: Gemeinsam mit den Sektionen Aargau\/Solothurn sowie Basel betreiben wir das Ausbildungszentrum Mittelland.<\/p>\n<\/div>\n<div>\n<h3>Aktuell keine Kurse.<\/h3>\n<div>\n<p>Aktuell keine Kurse.<\/p>\n<\/div>\n<\/div>\n<p><p>\n        <a href=\"https:\/\/betriebsunterhalt.ch\/fbabzm\/weiterbildung\/\">Kurse im FB ABZM<\/a>\n    <\/p>\n<\/p>\n<p><p>\n        <a href=\"https:\/\/www.betriebsunterhalt.ch\/kurse\">Kurse aller SFB-Sektionen<\/a>\n    <\/p>\n<\/p>\n<div>\n<p><span>Informationen zu den Weiterbildungsm\u00f6glichkeiten in den Bereichen Haus- und Werkdienst erhalten Sie <\/span><a href=\"https:\/\/www.betriebsunterhalt.ch\/weiterbildung\" title=\"SFB Schweiz \u2013 Weiterbildung\">hier.<\/a><\/p>\n<\/div>\n<p><!--more--><br \/>\n<!-- {\"name\":\"Weiterbildung\",\"type\":\"layout\",\"children\":[{\"name\":\"Header\",\"type\":\"section\",\"props\":{\"height\":\"page\",\"image\":\"wp-content\\\/uploads\\\/sites\\\/4\\\/2022\\\/02\\\/header_unterseiten_zentral_0001__RWE1413.jpg\",\"image_position\":\"center-center\",\"image_size\":\"cover\",\"image_width\":\"2560\",\"padding\":\"large\",\"style\":\"default\",\"text_color\":\"light\",\"title_breakpoint\":\"xl\",\"title_position\":\"top-left\",\"title_rotation\":\"left\",\"vertical_align\":\"\",\"width\":\"\"},\"children\":[{\"type\":\"row\",\"children\":[{\"type\":\"column\",\"props\":{\"image_position\":\"center-center\",\"position_sticky_breakpoint\":\"m\",\"width_medium\":\"1-1\"}}]}]},{\"type\":\"section\",\"props\":{\"image_position\":\"center-center\",\"style\":\"default\",\"title_breakpoint\":\"xl\",\"title_position\":\"top-left\",\"title_rotation\":\"left\",\"vertical_align\":\"\",\"width\":\"default\"},\"children\":[{\"type\":\"row\",\"children\":[{\"type\":\"column\",\"props\":{\"image_position\":\"center-center\",\"position_sticky_breakpoint\":\"m\"},\"children\":[{\"type\":\"headline\",\"props\":{\"content\":\"Kurse\",\"text_align\":\"center\",\"title_decoration\":\"bullet\",\"title_element\":\"h1\"}},{\"type\":\"text\",\"props\":{\"column_breakpoint\":\"m\",\"content\":\"\n\n<p>F\\u00fcnf Kantone, eine Gesch\\u00e4ftsstelle: Wir von der SFB-Sektion Zentralschweiz b\\u00fcndeln Kr\\u00e4fte. Unsere Mitglieder kommen aus den Kantonen Luzern, Nidwalden, Obwalden, Uri und Zug. Gut zu wissen: Gemeinsam mit den Sektionen Aargau\\\/Solothurn sowie Basel betreiben wir das Ausbildungszentrum Mittelland.<\\\/p>\",\"margin\":\"medium\",\"text_align\":\"center\",\"text_style\":\"lead\"}},{\"type\":\"accordion\",\"props\":{\"collapsible\":true,\"content_column_breakpoint\":\"m\",\"image_align\":\"top\",\"image_grid_breakpoint\":\"m\",\"image_grid_width\":\"1-2\",\"image_svg_color\":\"emphasis\",\"link_style\":\"default\",\"link_text\":\"Read more\",\"show_image\":true,\"show_link\":true},\"children\":[{\"type\":\"accordion_item\",\"props\":{\"content\":\"\n\n<p>Aktuell keine Kurse.<\\\/p>\",\"link_text\":\"Ausschreibung\",\"title\":\"Aktuell keine Kurse.\"}}]},{\"type\":\"button\",\"props\":{\"grid_column_gap\":\"small\",\"grid_row_gap\":\"small\",\"margin\":\"default\",\"text_align\":\"center\"},\"children\":[{\"type\":\"button_item\",\"props\":{\"button_style\":\"primary\",\"content\":\"Kurse im FB ABZM\",\"dialog_layout\":\"modal\",\"dialog_offcanvas_flip\":true,\"icon_align\":\"left\",\"link\":\"https:\\\/\\\/betriebsunterhalt.ch\\\/fbabzm\\\/weiterbildung\\\/\",\"link_title\":\"Kurse im FB ABZM\"}}]},{\"type\":\"button\",\"props\":{\"grid_column_gap\":\"small\",\"grid_row_gap\":\"small\",\"margin\":\"default\",\"text_align\":\"center\"},\"children\":[{\"type\":\"button_item\",\"props\":{\"button_style\":\"primary\",\"content\":\"Kurse aller SFB-Sektionen\",\"dialog_layout\":\"modal\",\"dialog_offcanvas_flip\":true,\"icon_align\":\"left\",\"link\":\"https:\\\/\\\/www.betriebsunterhalt.ch\\\/kurse\",\"link_title\":\"Kurse aller SFB-Sektionen\"}}]},{\"type\":\"text\",\"props\":{\"column_breakpoint\":\"m\",\"content\":\"\n\n<p><span>Informationen zu den Weiterbildungsm\\u00f6glichkeiten in den Bereichen Haus- und Werkdienst erhalten Sie <\\\/span><a href=\\\"https:\\\/\\\/www.betriebsunterhalt.ch\\\/weiterbildung\\\" title=\\\"SFB Schweiz \\u2013 Weiterbildung\\\">hier.<\\\/a><\\\/p>\",\"margin\":\"medium\",\"text_align\":\"center\",\"text_style\":\"lead\"}}]}]}],\"name\":\"Kurse\"}],\"version\":\"4.5.32\",\"yooessentialsVersion\":\"2.4.12\"} --><\/p>\n","protected":false},"excerpt":{"rendered":"<p>Kurse F\u00fcnf Kantone, eine Gesch\u00e4ftsstelle: Wir von der SFB-Sektion Zentralschweiz b\u00fcndeln Kr\u00e4fte. Unsere Mitglieder kommen aus den Kantonen Luzern, Nidwalden, Obwalden, Uri und Zug. Gut zu wissen: Gemeinsam mit den Sektionen Aargau\/Solothurn sowie Basel betreiben wir das Ausbildungszentrum Mittelland. Aktuell keine Kurse. Aktuell keine Kurse. Kurse im FB ABZM Kurse aller SFB-Sektionen Informationen zu den [&hellip;]<\/p>\n","protected":false},"author":2,"featured_media":0,"parent":0,"menu_order":0,"comment_status":"closed","ping_status":"closed","template":"","meta":{"_acf_changed":false,"footnotes":""},"class_list":["post-8","page","type-page","status-publish","hentry"],"acf":[],"_links":{"self":[{"href":"https:\/\/betriebsunterhalt.ch\/zentralschweiz\/wp-json\/wp\/v2\/pages\/8","targetHints":{"allow":["GET"]}}],"collection":[{"href":"https:\/\/betriebsunterhalt.ch\/zentralschweiz\/wp-json\/wp\/v2\/pages"}],"about":[{"href":"https:\/\/betriebsunterhalt.ch\/zentralschweiz\/wp-json\/wp\/v2\/types\/page"}],"author":[{"embeddable":true,"href":"https:\/\/betriebsunterhalt.ch\/zentralschweiz\/wp-json\/wp\/v2\/users\/2"}],"replies":[{"embeddable":true,"href":"https:\/\/betriebsunterhalt.ch\/zentralschweiz\/wp-json\/wp\/v2\/comments?post=8"}],"version-history":[{"count":2,"href":"https:\/\/betriebsunterhalt.ch\/zentralschweiz\/wp-json\/wp\/v2\/pages\/8\/revisions"}],"predecessor-version":[{"id":2119,"href":"https:\/\/betriebsunterhalt.ch\/zentralschweiz\/wp-json\/wp\/v2\/pages\/8\/revisions\/2119"}],"wp:attachment":[{"href":"https:\/\/betriebsunterhalt.ch\/zentralschweiz\/wp-json\/wp\/v2\/media?parent=8"}],"curies":[{"name":"wp","href":"https:\/\/api.w.org\/{rel}","templated":true}]}}